{"id":3320,"date":"2016-06-13T22:51:15","date_gmt":"2016-06-13T20:51:15","guid":{"rendered":"http:\/\/80.75.152.85\/fr\/?page_id=3320"},"modified":"2026-03-05T13:19:43","modified_gmt":"2026-03-05T12:19:43","slug":"tunnels-alpins","status":"publish","type":"page","link":"https:\/\/www.Eurotoll.eu\/fr\/nos-reseaux\/tunnels-alpins\/","title":{"rendered":"Tunnels Alpins"},"content":{"rendered":"<p>[vc_row content_width=\u00a0\u00bbgrid\u00a0\u00bb el_class=\u00a0\u00bbpadtop50 padbot50&Prime;][vc_column][vc_column_text]<\/p>\n<h1><span style=\"color: #afca0b;\">Optimisez vos passages alpins avec notre carte d\u2019abonnement interop\u00e9rable gratuite<\/span><\/h1>\n<p>&nbsp;<\/p>\n<p>B\u00e9n\u00e9ficiez de <strong>tarifs pr\u00e9f\u00e9rentiels d\u00e8s l\u2019aller simple<\/strong> pour traverser les tunnels du Mont-Blanc et du Fr\u00e9jus.<\/p>\n<p>&nbsp;<\/p>\n<h3><span style=\"color: #035e7e;\" data-sheets-value=\"{&quot;1&quot;:2,&quot;2&quot;:&quot;Les tarifs sont calcul\\u00e9s en fonction&quot;}\" data-sheets-userformat=\"{&quot;2&quot;:31297,&quot;3&quot;:{&quot;1&quot;:0},&quot;9&quot;:0,&quot;12&quot;:0,&quot;14&quot;:{&quot;1&quot;:2,&quot;2&quot;:1136076},&quot;15&quot;:&quot;Calibri&quot;,&quot;16&quot;:12,&quot;17&quot;:1}\">Les tarifs usuels des tunnels alpins sont calcul\u00e9s en fonction :<\/span><\/h3>\n<p>&nbsp;<\/p>\n<ul>\n<li><span data-sheets-value=\"{&quot;1&quot;:2,&quot;2&quot;:&quot;-Du Tunnel dans lequel vous circulez (Mont-Blanc ou Fr\\u00e9jus)\\n-Du type de v\\u00e9hicule (PL \\u2013Transport exceptionnel)\\n-Du sens du trajet (France vers Italie ou Italie vers France)\\n-S\\u2019il s\\u2019agit d\\u2019un aller simple ou d\\u2019un aller retour&quot;}\" data-sheets-userformat=\"{&quot;2&quot;:14913,&quot;3&quot;:{&quot;1&quot;:0},&quot;9&quot;:0,&quot;12&quot;:0,&quot;14&quot;:{&quot;1&quot;:2,&quot;2&quot;:1136076},&quot;15&quot;:&quot;Calibri&quot;,&quot;16&quot;:12}\">Du tunnel dans lequel vous circulez (Mont-Blanc ou Fr\u00e9jus)<\/span><\/li>\n<li><span data-sheets-value=\"{&quot;1&quot;:2,&quot;2&quot;:&quot;-Du Tunnel dans lequel vous circulez (Mont-Blanc ou Fr\\u00e9jus)\\n-Du type de v\\u00e9hicule (PL \\u2013Transport exceptionnel)\\n-Du sens du trajet (France vers Italie ou Italie vers France)\\n-S\\u2019il s\\u2019agit d\\u2019un aller simple ou d\\u2019un aller retour&quot;}\" data-sheets-userformat=\"{&quot;2&quot;:14913,&quot;3&quot;:{&quot;1&quot;:0},&quot;9&quot;:0,&quot;12&quot;:0,&quot;14&quot;:{&quot;1&quot;:2,&quot;2&quot;:1136076},&quot;15&quot;:&quot;Calibri&quot;,&quot;16&quot;:12}\">Du type de v\u00e9hicule (poids lourds \u2013 transport exceptionnel)<\/span><\/li>\n<li><span data-sheets-value=\"{&quot;1&quot;:2,&quot;2&quot;:&quot;-Du Tunnel dans lequel vous circulez (Mont-Blanc ou Fr\\u00e9jus)\\n-Du type de v\\u00e9hicule (PL \\u2013Transport exceptionnel)\\n-Du sens du trajet (France vers Italie ou Italie vers France)\\n-S\\u2019il s\\u2019agit d\\u2019un aller simple ou d\\u2019un aller retour&quot;}\" data-sheets-userformat=\"{&quot;2&quot;:14913,&quot;3&quot;:{&quot;1&quot;:0},&quot;9&quot;:0,&quot;12&quot;:0,&quot;14&quot;:{&quot;1&quot;:2,&quot;2&quot;:1136076},&quot;15&quot;:&quot;Calibri&quot;,&quot;16&quot;:12}\">Du sens du trajet (France vers Italie ou Italie vers France)<\/span><\/li>\n<li><span data-sheets-value=\"{&quot;1&quot;:2,&quot;2&quot;:&quot;-Du Tunnel dans lequel vous circulez (Mont-Blanc ou Fr\\u00e9jus)\\n-Du type de v\\u00e9hicule (PL \\u2013Transport exceptionnel)\\n-Du sens du trajet (France vers Italie ou Italie vers France)\\n-S\\u2019il s\\u2019agit d\\u2019un aller simple ou d\\u2019un aller retour&quot;}\" data-sheets-userformat=\"{&quot;2&quot;:14913,&quot;3&quot;:{&quot;1&quot;:0},&quot;9&quot;:0,&quot;12&quot;:0,&quot;14&quot;:{&quot;1&quot;:2,&quot;2&quot;:1136076},&quot;15&quot;:&quot;Calibri&quot;,&quot;16&quot;:12}\">S\u2019il s\u2019agit d\u2019un aller simple ou d\u2019un aller-retour<\/span><\/li>\n<\/ul>\n<p>[\/vc_column_text][vc_row_inner][vc_column_inner width=\u00a0\u00bb1\/2&Prime;][vc_empty_space height=\u00a0\u00bb15px\u00a0\u00bb]<a href=\"https:\/\/www.tunnelmb.net\/fr-FR\/classification-vehicules-et-tarifs\" target=\"_blank\" style=\"color: #035e7e;background-color: #ffffff;border-color: #035e7e\" class=\"qodef-btn qodef-btn-small qodef-btn-outline qodef-btn-custom-hover-bg qodef-btn-custom-border-hover qodef-btn-custom-hover-color qodef-btn-icon\" data-hover-bg-color=\"#ffffff\" data-hover-color=\"#035e7e\" data-hover-border-color=\"#035e7e\" >\n        <span class=\"qodef-btn-text\">Tarifs Mont-Blanc<\/span>\n    <span class=\"qodef-btn-text-icon\"><i class=\"qodef-icon-simple-line-icon icon-arrow-right-circle \" ><\/i><\/span>\n<\/a>[vc_empty_space height=\u00a0\u00bb50px\u00a0\u00bb][\/vc_column_inner][vc_column_inner width=\u00a0\u00bb1\/2&Prime;][vc_empty_space height=\u00a0\u00bb15px\u00a0\u00bb]<a href=\"https:\/\/www.sftrf.fr\/tarifs-tunnel\/\" target=\"_blank\" style=\"color: #035e7e;background-color: #ffffff;border-color: #035e7e\" class=\"qodef-btn qodef-btn-small qodef-btn-outline qodef-btn-custom-hover-bg qodef-btn-custom-border-hover qodef-btn-custom-hover-color qodef-btn-icon\" data-hover-bg-color=\"#ffffff\" data-hover-color=\"#035e7e\" data-hover-border-color=\"#035e7e\" >\n        <span class=\"qodef-btn-text\">Tarifs Fr\u00e9jus<\/span>\n    <span class=\"qodef-btn-text-icon\"><i class=\"qodef-icon-simple-line-icon icon-arrow-right-circle \" ><\/i><\/span>\n<\/a>[vc_empty_space height=\u00a0\u00bb50px\u00a0\u00bb][\/vc_column_inner][\/vc_row_inner][vc_column_text]<\/p>\n<h2><span style=\"color: #afca0b;\"><strong>Une carte gratuite, des remises \u00e0 chaque passage<\/strong><\/span><\/h2>\n<p>&nbsp;<\/p>\n<p>Gr\u00e2ce \u00e0 cette <span style=\"color: #035e7e;\"><strong>carte d\u2019abonnement gratuite<\/strong><\/span><strong>,<\/strong> r\u00e9serv\u00e9e aux v\u00e9hicules de plus de 3,5 tonnes, facilitez vos passages dans les tunnels du Mont-Blanc et du Fr\u00e9jus et b\u00e9n\u00e9ficiez d&rsquo;avantages exclusifs :<\/p>\n<ul>\n<li><strong style=\"font-style: inherit;\"><span style=\"color: #035e7e;\">La remise aller-retour \u00e0 chaque passage<\/span>, <\/strong><span style=\"font-style: inherit; font-weight: inherit;\">m\u00eame en aller simple<\/span><\/li>\n<li><span style=\"color: #035e7e;\"><strong style=\"font-style: inherit;\">Une remise annuelle <\/strong><\/span><span style=\"font-style: inherit; font-weight: inherit;\">calcul\u00e9e sur le total des travers\u00e9es factur\u00e9es<\/span><\/li>\n<\/ul>\n<p>[\/vc_column_text][vc_empty_space height=\u00a0\u00bb15px\u00a0\u00bb]<a href=\"https:\/\/www.Eurotoll.eu\/wp-content\/uploads\/2026\/03\/Lumesia-Tolling-Tarifs-carte-tunnels-du-Mont-Blanc-et-du-Frejus-2026.pdf\" target=\"_blank\" style=\"color: #afca0b;background-color: #ffffff;border-color: #afca0b\" class=\"qodef-btn qodef-btn-small qodef-btn-outline qodef-btn-custom-hover-bg qodef-btn-custom-border-hover qodef-btn-custom-hover-color qodef-btn-icon\" data-hover-bg-color=\"#ffffff\" data-hover-color=\"#afca0b\" data-hover-border-color=\"#afca0b\" >\n        <span class=\"qodef-btn-text\">Tarifs remis\u00e9s pour les d\u00e9tenteurs de carte<\/span>\n    <span class=\"qodef-btn-text-icon\"><i class=\"qodef-icon-simple-line-icon icon-arrow-right-circle \" ><\/i><\/span>\n<\/a>[vc_empty_space height=\u00a0\u00bb50px\u00a0\u00bb][vc_column_text]<\/p>\n<h3><span style=\"color: #035e7e;\">Pourquoi choisir Eurotoll et Lumesia pour vos travers\u00e9es alpines ?<\/span><\/h3>\n<p>&nbsp;<\/p>\n<p>En plus des remises maximum, la carte tunnels alpins vous permet de b\u00e9n\u00e9ficier des avantages Lumesia pour une gestion optimis\u00e9e :<\/p>\n<ul>\n<li>Le <strong>contr\u00f4le des co\u00fbts<\/strong> de vos travers\u00e9es depuis votre espace\u00a0<span style=\"font-style: inherit; font-weight: inherit;\">abonn\u00e9 s\u00e9curis\u00e9<\/span><\/li>\n<li>Des <strong>alertes personnalis\u00e9es<\/strong> et des rapports d\u00e9taill\u00e9s pour suivre vos passages<\/li>\n<li>Une <strong>facture unique<\/strong>, mensuelle et d\u00e9taill\u00e9e pour toutes vos transactions PL<\/li>\n<\/ul>\n<p>[\/vc_column_text][vc_empty_space height=\u00a0\u00bb50px\u00a0\u00bb][vc_column_text]<\/p>\n<h3><span style=\"color: #035e7e;\" data-sheets-value=\"{&quot;1&quot;:2,&quot;2&quot;:&quot;Le Tunnel du Mont Blanc (si possible mettre photo de l'entr\\u00e9e du tunnel j'en avais mis une sur le site actuelle mais elle est vieillotte)&quot;}\" data-sheets-userformat=\"{&quot;2&quot;:31681,&quot;3&quot;:{&quot;1&quot;:0},&quot;9&quot;:0,&quot;10&quot;:0,&quot;11&quot;:4,&quot;12&quot;:0,&quot;14&quot;:{&quot;1&quot;:2,&quot;2&quot;:3963096},&quot;15&quot;:&quot;Calibri&quot;,&quot;16&quot;:12,&quot;17&quot;:1}\">Les tunnels du Mont-Blanc et du Fr\u00e9jus pour franchir les Alpes<\/span><\/h3>\n<p>&nbsp;<\/p>\n<p><span data-sheets-value=\"{&quot;1&quot;:2,&quot;2&quot;:&quot;ll relie la vall\\u00e9e de Chamonix (Haute-Savoie en France) et la vall\\u00e9e d\\u2019Aoste (en Italie)\\nSa longueur : 11,6 kilom\\u00e8tres \\nLes acc\\u00e8s:\\n\\u2022C\\u00f4t\\u00e9 fran\\u00e7ais par Chamonix (ATMB)\\n\\u2022Cot\\u00e9 italien par Courmayeur (SITMB)&quot;}\" data-sheets-userformat=\"{&quot;2&quot;:15297,&quot;3&quot;:{&quot;1&quot;:0},&quot;9&quot;:0,&quot;10&quot;:0,&quot;11&quot;:4,&quot;12&quot;:0,&quot;14&quot;:{&quot;1&quot;:2,&quot;2&quot;:3963096},&quot;15&quot;:&quot;Calibri&quot;,&quot;16&quot;:12}\">Le <span style=\"color: #035e7e;\"><strong>Tunnel du Mont-Blanc<\/strong><\/span> relie la vall\u00e9e de Chamonix (France) et la vall\u00e9e d\u2019Aoste (Italie).<\/span><\/p>\n<p><span data-sheets-value=\"{&quot;1&quot;:2,&quot;2&quot;:&quot;ll relie la vall\\u00e9e de Chamonix (Haute-Savoie en France) et la vall\\u00e9e d\\u2019Aoste (en Italie)\\nSa longueur : 11,6 kilom\\u00e8tres \\nLes acc\\u00e8s:\\n\\u2022C\\u00f4t\\u00e9 fran\\u00e7ais par Chamonix (ATMB)\\n\\u2022Cot\\u00e9 italien par Courmayeur (SITMB)&quot;}\" data-sheets-userformat=\"{&quot;2&quot;:15297,&quot;3&quot;:{&quot;1&quot;:0},&quot;9&quot;:0,&quot;10&quot;:0,&quot;11&quot;:4,&quot;12&quot;:0,&quot;14&quot;:{&quot;1&quot;:2,&quot;2&quot;:3963096},&quot;15&quot;:&quot;Calibri&quot;,&quot;16&quot;:12}\">Sa longueur : 11,6 kilom\u00e8tres <\/span><\/p>\n<p><span data-sheets-value=\"{&quot;1&quot;:2,&quot;2&quot;:&quot;ll relie la vall\\u00e9e de Chamonix (Haute-Savoie en France) et la vall\\u00e9e d\\u2019Aoste (en Italie)\\nSa longueur : 11,6 kilom\\u00e8tres \\nLes acc\\u00e8s:\\n\\u2022C\\u00f4t\\u00e9 fran\\u00e7ais par Chamonix (ATMB)\\n\\u2022Cot\\u00e9 italien par Courmayeur (SITMB)&quot;}\" data-sheets-userformat=\"{&quot;2&quot;:15297,&quot;3&quot;:{&quot;1&quot;:0},&quot;9&quot;:0,&quot;10&quot;:0,&quot;11&quot;:4,&quot;12&quot;:0,&quot;14&quot;:{&quot;1&quot;:2,&quot;2&quot;:3963096},&quot;15&quot;:&quot;Calibri&quot;,&quot;16&quot;:12}\">Les acc\u00e8s :<br \/>\n<\/span><\/p>\n<ul>\n<li><span data-sheets-value=\"{&quot;1&quot;:2,&quot;2&quot;:&quot;ll relie la vall\\u00e9e de Chamonix (Haute-Savoie en France) et la vall\\u00e9e d\\u2019Aoste (en Italie)\\nSa longueur : 11,6 kilom\\u00e8tres \\nLes acc\\u00e8s:\\n\\u2022C\\u00f4t\\u00e9 fran\\u00e7ais par Chamonix (ATMB)\\n\\u2022Cot\\u00e9 italien par Courmayeur (SITMB)&quot;}\" data-sheets-userformat=\"{&quot;2&quot;:15297,&quot;3&quot;:{&quot;1&quot;:0},&quot;9&quot;:0,&quot;10&quot;:0,&quot;11&quot;:4,&quot;12&quot;:0,&quot;14&quot;:{&quot;1&quot;:2,&quot;2&quot;:3963096},&quot;15&quot;:&quot;Calibri&quot;,&quot;16&quot;:12}\">C\u00f4t\u00e9 fran\u00e7ais par Chamonix (ATMB)<\/span><\/li>\n<li><span data-sheets-value=\"{&quot;1&quot;:2,&quot;2&quot;:&quot;ll relie la vall\\u00e9e de Chamonix (Haute-Savoie en France) et la vall\\u00e9e d\\u2019Aoste (en Italie)\\nSa longueur : 11,6 kilom\\u00e8tres \\nLes acc\\u00e8s:\\n\\u2022C\\u00f4t\\u00e9 fran\\u00e7ais par Chamonix (ATMB)\\n\\u2022Cot\\u00e9 italien par Courmayeur (SITMB)&quot;}\" data-sheets-userformat=\"{&quot;2&quot;:15297,&quot;3&quot;:{&quot;1&quot;:0},&quot;9&quot;:0,&quot;10&quot;:0,&quot;11&quot;:4,&quot;12&quot;:0,&quot;14&quot;:{&quot;1&quot;:2,&quot;2&quot;:3963096},&quot;15&quot;:&quot;Calibri&quot;,&quot;16&quot;:12}\">Cot\u00e9 italien par Courmayeur (SITMB)<\/span><\/li>\n<\/ul>\n<p>&nbsp;<\/p>\n<p><span data-sheets-value=\"{&quot;1&quot;:2,&quot;2&quot;:&quot;Il relie Modane (France) \\u00e0 Bardon\\u00e8che (Italie)\\nSa longueur : 12,9 kilom\\u00e8tres \\nLes acc\\u00e8s :\\n\\u2022C\\u00f4t\\u00e9 fran\\u00e7ais par l\\u2019autoroute A 43 qui part de Lyon (SFTRF).\\n\\u2022C\\u00f4t\\u00e9 italien par l\\u2019autoroute A 32 qui part de Turin.&quot;}\" data-sheets-userformat=\"{&quot;2&quot;:14915,&quot;3&quot;:{&quot;1&quot;:0},&quot;4&quot;:{&quot;1&quot;:2,&quot;2&quot;:16777215},&quot;9&quot;:0,&quot;12&quot;:0,&quot;14&quot;:{&quot;1&quot;:2,&quot;2&quot;:3963096},&quot;15&quot;:&quot;Calibri&quot;,&quot;16&quot;:12}\">Le <strong><span style=\"color: #035e7e;\">Tunnel du Fr\u00e9jus<\/span> <\/strong>relie Modane (France) \u00e0 Bardon\u00e8che (Italie).<\/span><\/p>\n<p><span data-sheets-value=\"{&quot;1&quot;:2,&quot;2&quot;:&quot;Il relie Modane (France) \\u00e0 Bardon\\u00e8che (Italie)\\nSa longueur : 12,9 kilom\\u00e8tres \\nLes acc\\u00e8s :\\n\\u2022C\\u00f4t\\u00e9 fran\\u00e7ais par l\\u2019autoroute A 43 qui part de Lyon (SFTRF).\\n\\u2022C\\u00f4t\\u00e9 italien par l\\u2019autoroute A 32 qui part de Turin.&quot;}\" data-sheets-userformat=\"{&quot;2&quot;:14915,&quot;3&quot;:{&quot;1&quot;:0},&quot;4&quot;:{&quot;1&quot;:2,&quot;2&quot;:16777215},&quot;9&quot;:0,&quot;12&quot;:0,&quot;14&quot;:{&quot;1&quot;:2,&quot;2&quot;:3963096},&quot;15&quot;:&quot;Calibri&quot;,&quot;16&quot;:12}\">Sa longueur : 12,9 kilom\u00e8tres <\/span><\/p>\n<p><span data-sheets-value=\"{&quot;1&quot;:2,&quot;2&quot;:&quot;Il relie Modane (France) \\u00e0 Bardon\\u00e8che (Italie)\\nSa longueur : 12,9 kilom\\u00e8tres \\nLes acc\\u00e8s :\\n\\u2022C\\u00f4t\\u00e9 fran\\u00e7ais par l\\u2019autoroute A 43 qui part de Lyon (SFTRF).\\n\\u2022C\\u00f4t\\u00e9 italien par l\\u2019autoroute A 32 qui part de Turin.&quot;}\" data-sheets-userformat=\"{&quot;2&quot;:14915,&quot;3&quot;:{&quot;1&quot;:0},&quot;4&quot;:{&quot;1&quot;:2,&quot;2&quot;:16777215},&quot;9&quot;:0,&quot;12&quot;:0,&quot;14&quot;:{&quot;1&quot;:2,&quot;2&quot;:3963096},&quot;15&quot;:&quot;Calibri&quot;,&quot;16&quot;:12}\">Les acc\u00e8s :<\/span><\/p>\n<ul>\n<li><span data-sheets-value=\"{&quot;1&quot;:2,&quot;2&quot;:&quot;Il relie Modane (France) \\u00e0 Bardon\\u00e8che (Italie)\\nSa longueur : 12,9 kilom\\u00e8tres \\nLes acc\\u00e8s :\\n\\u2022C\\u00f4t\\u00e9 fran\\u00e7ais par l\\u2019autoroute A 43 qui part de Lyon (SFTRF).\\n\\u2022C\\u00f4t\\u00e9 italien par l\\u2019autoroute A 32 qui part de Turin.&quot;}\" data-sheets-userformat=\"{&quot;2&quot;:14915,&quot;3&quot;:{&quot;1&quot;:0},&quot;4&quot;:{&quot;1&quot;:2,&quot;2&quot;:16777215},&quot;9&quot;:0,&quot;12&quot;:0,&quot;14&quot;:{&quot;1&quot;:2,&quot;2&quot;:3963096},&quot;15&quot;:&quot;Calibri&quot;,&quot;16&quot;:12}\">C\u00f4t\u00e9 fran\u00e7ais par l\u2019autoroute A 43 qui part de Lyon (SFTRF).<\/span><\/li>\n<li><span data-sheets-value=\"{&quot;1&quot;:2,&quot;2&quot;:&quot;Il relie Modane (France) \\u00e0 Bardon\\u00e8che (Italie)\\nSa longueur : 12,9 kilom\\u00e8tres \\nLes acc\\u00e8s :\\n\\u2022C\\u00f4t\\u00e9 fran\\u00e7ais par l\\u2019autoroute A 43 qui part de Lyon (SFTRF).\\n\\u2022C\\u00f4t\\u00e9 italien par l\\u2019autoroute A 32 qui part de Turin.&quot;}\" data-sheets-userformat=\"{&quot;2&quot;:14915,&quot;3&quot;:{&quot;1&quot;:0},&quot;4&quot;:{&quot;1&quot;:2,&quot;2&quot;:16777215},&quot;9&quot;:0,&quot;12&quot;:0,&quot;14&quot;:{&quot;1&quot;:2,&quot;2&quot;:3963096},&quot;15&quot;:&quot;Calibri&quot;,&quot;16&quot;:12}\">C\u00f4t\u00e9 italien par l\u2019autoroute A 32 qui part de Turin.<\/span><\/li>\n<\/ul>\n<p>&nbsp;<\/p>\n<p>Les tunnels du Mont-Blanc et du Fr\u00e9jus font l&rsquo;objet de travaux de r\u00e9novation r\u00e9guliers, entra\u00eenant parfois des fermetures temporaires. Pour rester inform\u00e9 en temps r\u00e9el sur les conditions de passage et les \u00e9ventuelles fermetures, suivez-nous sur <strong><a href=\"https:\/\/www.linkedin.com\/company\/eurotol\">LinkedIn<\/a><\/strong> ![\/vc_column_text][\/vc_column][\/vc_row][vc_row content_width=\u00a0\u00bbgrid\u00a0\u00bb anchor=\u00a0\u00bbtarifs-mb\u00a0\u00bb el_class=\u00a0\u00bbpadtop50 padbot50&Prime;][vc_column][vc_column_text]<\/p>\n<h3><strong><span style=\"color: #afca0b;\">Simplifiez vos trajets et r\u00e9alisez des \u00e9conomies d\u00e8s maintenant !<\/span><\/strong><\/h3>\n<p>&nbsp;<\/p>\n<p>Contactez nos \u00e9quipes pour obtenir votre carte d\u2019abonnement gratuite.[\/vc_column_text][vc_empty_space height=\u00a0\u00bb15px\u00a0\u00bb]<a href=\"mailto:service.client@lumesia.com;service.commercial@lumesia.com?subject=Plus%20d&#039;informations%20sur%20l&#039;offre%20Tunnels%20Alpins\" target=\"_self\" style=\"color: #ffffff;background-color: rgba(175,202,11,0.8);border-color: #afca0b\" class=\"qodef-btn qodef-btn-small qodef-btn-outline qodef-btn-custom-hover-bg qodef-btn-custom-border-hover qodef-btn-custom-hover-color qodef-btn-icon\" data-hover-bg-color=\"#afca0b\" data-hover-color=\"#ffffff\" data-hover-border-color=\"#afca0b\" >\n        <span class=\"qodef-btn-text\">Nous contacter <\/span>\n    <span class=\"qodef-btn-text-icon\"><i class=\"qodef-icon-simple-line-icon icon-arrow-right-circle \" ><\/i><\/span>\n<\/a>[vc_empty_space][\/vc_column][\/vc_row][vc_row el_class=\u00a0\u00bbspepadleft white\u00a0\u00bb css=\u00a0\u00bb.vc_custom_1683107742049{background-color: #035e7e !important;}\u00a0\u00bb el_id=\u00a0\u00bbplus-service-eurotoll\u00a0\u00bb][vc_column width=\u00a0\u00bb2\/3&Prime; el_class=\u00a0\u00bbpadtop50 padbot50&Prime;][vc_column_text]<\/p>\n<h4><strong>Les services plus Lumesia<\/strong><\/h4>\n<p>&nbsp;<\/p>\n<ul>\n<li>Optimisez vos co\u00fbts p\u00e9age. Suivez votre activit\u00e9 via vos tableaux de bord personnalis\u00e9s<\/li>\n<li>Contr\u00f4lez vos passages dans les tunnels Alpins sur vos factures Lumesia<\/li>\n<li>Cr\u00e9ez des rapports personnalis\u00e9s, par sous-flotte, client, exploitant\u2026<\/li>\n<li>Int\u00e9grez automatiquement vos donn\u00e9es p\u00e9age dans vos outils m\u00e9tier (TMS, ERP ou Excel)<\/li>\n<\/ul>\n<p>[\/vc_column_text][\/vc_column][vc_column width=\u00a0\u00bb1\/3&Prime;][\/vc_column][\/vc_row][vc_row content_aligment=\u00a0\u00bbcenter\u00a0\u00bb el_class=\u00a0\u00bbpadtop50 padbot50&Prime; css=\u00a0\u00bb.vc_custom_1763380932229{background-color: #afca0b !important;}\u00a0\u00bb][vc_column][vc_empty_space height=\u00a0\u00bb15px\u00a0\u00bb][vc_column_text]<\/p>\n<h3 style=\"text-align: center;\"><span style=\"color: #035e7e;\">Besoin de plus d&rsquo;informations ? Notre \u00e9quipe est \u00e0 votre \u00e9coute !<\/span><\/h3>\n<p>[\/vc_column_text][vc_empty_space]<a href=\"https:\/\/Eurotoll.eu\/fr\/formulaire-eurotoll\/\" target=\"_self\" style=\"color: #035e7e;border-color: #035e7e\" class=\"qodef-btn qodef-btn-small qodef-btn-outline qodef-btn-custom-border-hover qodef-btn-custom-hover-color qodef-btn-icon\" data-hover-color=\"#035e7e\" data-hover-border-color=\"#035e7e\" >\n        <span class=\"qodef-btn-text\">Contactez-nous<\/span>\n    <span class=\"qodef-btn-text-icon\"><i class=\"qodef-icon-simple-line-icon icon-arrow-right-circle \" ><\/i><\/span>\n<\/a>[\/vc_column][\/vc_row]<\/p>\n","protected":false},"excerpt":{"rendered":"<p>[vc_row content_width=\u00a0\u00bbgrid\u00a0\u00bb el_class=\u00a0\u00bbpadtop50 padbot50&Prime;][vc_column][vc_column_text] Optimisez vos passages alpins avec notre carte d\u2019abonnement interop\u00e9rable gratuite &nbsp; B\u00e9n\u00e9ficiez de tarifs pr\u00e9f\u00e9rentiels d\u00e8s l\u2019aller&#8230;<\/p>\n","protected":false},"author":23,"featured_media":0,"parent":10,"menu_order":0,"comment_status":"closed","ping_status":"closed","template":"full-width.php","meta":{"footnotes":""},"class_list":["post-3320","page","type-page","status-publish","hentry"],"yoast_head":"<!-- This site is optimized with the Yoast SEO Premium plugin v26.7 (Yoast SEO v26.7) - https:\/\/yoast.com\/wordpress\/plugins\/seo\/ -->\n<title>Tunnels Alpins - eurotoll<\/title>\n<meta name=\"description\" content=\"Lumesia Tolling vous fait b\u00e9n\u00e9ficier des meilleurs tarifs et des remises maximales sur vos passages dans les tunnels Alpins en vous fournissant une carte d&#039;abonnement int\u00e9rop\u00e9rable.\" \/>\n<meta name=\"robots\" content=\"index, follow, max-snippet:-1, max-image-preview:large, max-video-preview:-1\" \/>\n<link rel=\"canonical\" href=\"https:\/\/www.Eurotoll.eu\/fr\/nos-reseaux\/tunnels-alpins\/\" \/>\n<meta property=\"og:locale\" content=\"fr_FR\" \/>\n<meta property=\"og:type\" content=\"article\" \/>\n<meta property=\"og:title\" content=\"Tunnels Alpins\" \/>\n<meta property=\"og:description\" content=\"Lumesia Tolling vous fait b\u00e9n\u00e9ficier des meilleurs tarifs et des remises maximales sur vos passages dans les tunnels Alpins en vous fournissant une carte d&#039;abonnement int\u00e9rop\u00e9rable.\" \/>\n<meta property=\"og:url\" content=\"https:\/\/www.Eurotoll.eu\/fr\/nos-reseaux\/tunnels-alpins\/\" \/>\n<meta property=\"og:site_name\" content=\"eurotoll\" \/>\n<meta property=\"article:modified_time\" content=\"2026-03-05T12:19:43+00:00\" \/>\n<meta name=\"twitter:card\" content=\"summary_large_image\" \/>\n<meta name=\"twitter:label1\" content=\"Dur\u00e9e de lecture estim\u00e9e\" \/>\n\t<meta name=\"twitter:data1\" content=\"3 minutes\" \/>\n<script type=\"application\/ld+json\" class=\"yoast-schema-graph\">{\"@context\":\"https:\/\/schema.org\",\"@graph\":[{\"@type\":\"WebPage\",\"@id\":\"https:\/\/www.Eurotoll.eu\/fr\/nos-reseaux\/tunnels-alpins\/\",\"url\":\"https:\/\/www.Eurotoll.eu\/fr\/nos-reseaux\/tunnels-alpins\/\",\"name\":\"Tunnels Alpins - eurotoll\",\"isPartOf\":{\"@id\":\"https:\/\/www.Eurotoll.eu\/fr\/#website\"},\"datePublished\":\"2016-06-13T20:51:15+00:00\",\"dateModified\":\"2026-03-05T12:19:43+00:00\",\"description\":\"Lumesia Tolling vous fait b\u00e9n\u00e9ficier des meilleurs tarifs et des remises maximales sur vos passages dans les tunnels Alpins en vous fournissant une carte d'abonnement int\u00e9rop\u00e9rable.\",\"breadcrumb\":{\"@id\":\"https:\/\/www.Eurotoll.eu\/fr\/nos-reseaux\/tunnels-alpins\/#breadcrumb\"},\"inLanguage\":\"fr-FR\",\"potentialAction\":[{\"@type\":\"ReadAction\",\"target\":[\"https:\/\/www.Eurotoll.eu\/fr\/nos-reseaux\/tunnels-alpins\/\"]}]},{\"@type\":\"BreadcrumbList\",\"@id\":\"https:\/\/www.Eurotoll.eu\/fr\/nos-reseaux\/tunnels-alpins\/#breadcrumb\",\"itemListElement\":[{\"@type\":\"ListItem\",\"position\":1,\"name\":\"Accueil\",\"item\":\"https:\/\/www.Eurotoll.eu\/fr\/\"},{\"@type\":\"ListItem\",\"position\":2,\"name\":\"Nos r\u00e9seaux\",\"item\":\"https:\/\/www.Eurotoll.eu\/fr\/nos-reseaux\/\"},{\"@type\":\"ListItem\",\"position\":3,\"name\":\"Tunnels Alpins\"}]},{\"@type\":\"WebSite\",\"@id\":\"https:\/\/www.Eurotoll.eu\/fr\/#website\",\"url\":\"https:\/\/www.Eurotoll.eu\/fr\/\",\"name\":\"eurotoll\",\"description\":\"Opening the road\",\"potentialAction\":[{\"@type\":\"SearchAction\",\"target\":{\"@type\":\"EntryPoint\",\"urlTemplate\":\"https:\/\/www.Eurotoll.eu\/fr\/?s={search_term_string}\"},\"query-input\":{\"@type\":\"PropertyValueSpecification\",\"valueRequired\":true,\"valueName\":\"search_term_string\"}}],\"inLanguage\":\"fr-FR\"}]}<\/script>\n<!-- \/ Yoast SEO Premium plugin. -->","yoast_head_json":{"title":"Tunnels Alpins - eurotoll","description":"Lumesia Tolling vous fait b\u00e9n\u00e9ficier des meilleurs tarifs et des remises maximales sur vos passages dans les tunnels Alpins en vous fournissant une carte d'abonnement int\u00e9rop\u00e9rable.","robots":{"index":"index","follow":"follow","max-snippet":"max-snippet:-1","max-image-preview":"max-image-preview:large","max-video-preview":"max-video-preview:-1"},"canonical":"https:\/\/www.Eurotoll.eu\/fr\/nos-reseaux\/tunnels-alpins\/","og_locale":"fr_FR","og_type":"article","og_title":"Tunnels Alpins","og_description":"Lumesia Tolling vous fait b\u00e9n\u00e9ficier des meilleurs tarifs et des remises maximales sur vos passages dans les tunnels Alpins en vous fournissant une carte d'abonnement int\u00e9rop\u00e9rable.","og_url":"https:\/\/www.Eurotoll.eu\/fr\/nos-reseaux\/tunnels-alpins\/","og_site_name":"eurotoll","article_modified_time":"2026-03-05T12:19:43+00:00","twitter_card":"summary_large_image","twitter_misc":{"Dur\u00e9e de lecture estim\u00e9e":"3 minutes"},"schema":{"@context":"https:\/\/schema.org","@graph":[{"@type":"WebPage","@id":"https:\/\/www.Eurotoll.eu\/fr\/nos-reseaux\/tunnels-alpins\/","url":"https:\/\/www.Eurotoll.eu\/fr\/nos-reseaux\/tunnels-alpins\/","name":"Tunnels Alpins - eurotoll","isPartOf":{"@id":"https:\/\/www.Eurotoll.eu\/fr\/#website"},"datePublished":"2016-06-13T20:51:15+00:00","dateModified":"2026-03-05T12:19:43+00:00","description":"Lumesia Tolling vous fait b\u00e9n\u00e9ficier des meilleurs tarifs et des remises maximales sur vos passages dans les tunnels Alpins en vous fournissant une carte d'abonnement int\u00e9rop\u00e9rable.","breadcrumb":{"@id":"https:\/\/www.Eurotoll.eu\/fr\/nos-reseaux\/tunnels-alpins\/#breadcrumb"},"inLanguage":"fr-FR","potentialAction":[{"@type":"ReadAction","target":["https:\/\/www.Eurotoll.eu\/fr\/nos-reseaux\/tunnels-alpins\/"]}]},{"@type":"BreadcrumbList","@id":"https:\/\/www.Eurotoll.eu\/fr\/nos-reseaux\/tunnels-alpins\/#breadcrumb","itemListElement":[{"@type":"ListItem","position":1,"name":"Accueil","item":"https:\/\/www.Eurotoll.eu\/fr\/"},{"@type":"ListItem","position":2,"name":"Nos r\u00e9seaux","item":"https:\/\/www.Eurotoll.eu\/fr\/nos-reseaux\/"},{"@type":"ListItem","position":3,"name":"Tunnels Alpins"}]},{"@type":"WebSite","@id":"https:\/\/www.Eurotoll.eu\/fr\/#website","url":"https:\/\/www.Eurotoll.eu\/fr\/","name":"eurotoll","description":"Opening the road","potentialAction":[{"@type":"SearchAction","target":{"@type":"EntryPoint","urlTemplate":"https:\/\/www.Eurotoll.eu\/fr\/?s={search_term_string}"},"query-input":{"@type":"PropertyValueSpecification","valueRequired":true,"valueName":"search_term_string"}}],"inLanguage":"fr-FR"}]}},"_links":{"self":[{"href":"https:\/\/www.Eurotoll.eu\/fr\/wp-json\/wp\/v2\/pages\/3320","targetHints":{"allow":["GET"]}}],"collection":[{"href":"https:\/\/www.Eurotoll.eu\/fr\/wp-json\/wp\/v2\/pages"}],"about":[{"href":"https:\/\/www.Eurotoll.eu\/fr\/wp-json\/wp\/v2\/types\/page"}],"author":[{"embeddable":true,"href":"https:\/\/www.Eurotoll.eu\/fr\/wp-json\/wp\/v2\/users\/23"}],"replies":[{"embeddable":true,"href":"https:\/\/www.Eurotoll.eu\/fr\/wp-json\/wp\/v2\/comments?post=3320"}],"version-history":[{"count":74,"href":"https:\/\/www.Eurotoll.eu\/fr\/wp-json\/wp\/v2\/pages\/3320\/revisions"}],"predecessor-version":[{"id":19862,"href":"https:\/\/www.Eurotoll.eu\/fr\/wp-json\/wp\/v2\/pages\/3320\/revisions\/19862"}],"up":[{"embeddable":true,"href":"https:\/\/www.Eurotoll.eu\/fr\/wp-json\/wp\/v2\/pages\/10"}],"wp:attachment":[{"href":"https:\/\/www.Eurotoll.eu\/fr\/wp-json\/wp\/v2\/media?parent=3320"}],"curies":[{"name":"wp","href":"https:\/\/api.w.org\/{rel}","templated":true}]}}