{"id":14599,"date":"2023-09-12T10:53:33","date_gmt":"2023-09-12T08:53:33","guid":{"rendered":"https:\/\/www.Eurotoll.eu\/nemet-ujdijak\/"},"modified":"2023-09-18T10:31:26","modified_gmt":"2023-09-18T08:31:26","slug":"nemet-ujdijak","status":"publish","type":"page","link":"https:\/\/www.Eurotoll.eu\/hu\/nemet-ujdijak\/","title":{"rendered":"N\u00c9MET \u00daJD\u00cdJAK"},"content":{"rendered":"<p>[vc_row content_width=&#8221;grid&#8221; el_class=&#8221;padtop50 padbot50&#8243;][vc_column][vc_column_text]<\/p>\n<h2><span style=\"color: #035e7e;\"> Fontos inform\u00e1ci\u00f3k a n\u00e9metorsz\u00e1gi \u00fathaszn\u00e1lati d\u00edjak kisz\u00e1m\u00edt\u00e1s\u00e1nak fel\u00fclvizsg\u00e1lat\u00e1val kapcsolatban<\/span><\/h2>\n<p>&nbsp;<\/p>\n<p>&nbsp;<\/p>\n<p style=\"font-style: inherit; font-weight: inherit;\"><span style=\"font-weight: inherit; font-style: inherit;\">N\u00e9metorsz\u00e1g bejelentette, hogy 2023. december 1-j\u00e9n (a Parlament j\u00f3v\u00e1hagy\u00e1s\u00e1t\u00f3l f\u00fcgg\u0151en) v\u00e1ltoztat az \u00fathaszn\u00e1lati d\u00edjak kisz\u00e1m\u00edt\u00e1s\u00e1n\u00a0<\/span><\/p>\n<p>&nbsp;<\/p>\n<p>A 2022\/362 eur\u00f3pai uni\u00f3s ir\u00e1nyelvvel \u00f6sszhangban N\u00e9metorsz\u00e1g CO2-kibocs\u00e1t\u00e1s-alap\u00fa ad\u00f3t fog be\u00e9p\u00edteni az \u00fathaszn\u00e1lati d\u00edjak kisz\u00e1m\u00edt\u00e1s\u00e1ba<\/p>\n<p>&nbsp;<\/p>\n<p><strong> Ezzel a v\u00e1ltoz\u00e1ssal a n\u00e9met \u00fatd\u00edj k\u00f6lts\u00e9gei v\u00e1rhat\u00f3an emelkedni fognak, \u00e9s ak\u00e1r 80%-kal is n\u0151hetnek.<\/strong><\/p>\n<p>[\/vc_column_text][\/vc_column][\/vc_row][vc_row content_width=&#8221;grid&#8221; el_class=&#8221;padtop50 padbot50&#8243; css=&#8221;.vc_custom_1693560120622{background-color: #035e7e !important;}&#8221;][vc_column][vc_column_text]<\/p>\n<h3 style=\"text-align: left;\"><span style=\"color: #ffffff;\"> 2022\/362\/EU ir\u00e1nyelv<\/span><\/h3>\n<p>[\/vc_column_text][\/vc_column][\/vc_row][vc_row content_width=&#8221;grid&#8221; el_class=&#8221;padtop25 padbot50&#8243;][vc_column el_class=&#8221;padtop25&#8243;][vc_row_inner el_class=&#8221;padtop50&#8243;][vc_column_inner el_class=&#8221;padtop25&#8243;][vc_column_text]<img loading=\"lazy\" decoding=\"async\" class=\"alignnone wp-image-12556 \" src=\"https:\/\/www.Eurotoll.eu\/wp-content\/uploads\/2023\/06\/Light_blue_rgb-1.png\" alt=\"\" width=\"24\" height=\"24\" \/> Az ir\u00e1nyelvet az Eur\u00f3pai Parlament \u00e9s az Eur\u00f3pai Uni\u00f3 Tan\u00e1csa 2022 febru\u00e1rj\u00e1ban fogadta el.<\/p>\n<p>&nbsp;<\/p>\n<p><img loading=\"lazy\" decoding=\"async\" class=\"alignnone wp-image-12556 \" src=\"https:\/\/www.Eurotoll.eu\/wp-content\/uploads\/2023\/06\/Light_blue_rgb-1.png\" alt=\"\" width=\"24\" height=\"24\" \/> C\u00e9lja t\u00f6bbek k\u00f6z\u00f6tt a k\u00f6z\u00fati k\u00f6zleked\u00e9sb\u0151l sz\u00e1rmaz\u00f3 \u00fcvegh\u00e1zhat\u00e1s\u00fa g\u00e1zok kibocs\u00e1t\u00e1s\u00e1nak cs\u00f6kkent\u00e9se.<\/p>\n<p>&nbsp;<\/p>\n<p><img loading=\"lazy\" decoding=\"async\" class=\"alignnone wp-image-12556 \" src=\"https:\/\/www.Eurotoll.eu\/wp-content\/uploads\/2023\/06\/Light_blue_rgb-1.png\" alt=\"\" width=\"24\" height=\"24\" \/> <strong> A teherg\u00e9pj\u00e1rm\u0171vek tiszt\u00e1bb flott\u00e1j\u00e1nak el\u0151mozd\u00edt\u00e1sa \u00e9rdek\u00e9ben az ir\u00e1nyelv tervezi, hogy az aut\u00f3p\u00e1lyad\u00edjakat a j\u00e1rm\u0171vek CO2-kibocs\u00e1t\u00e1sa alapj\u00e1n differenci\u00e1lj\u00e1k.<\/strong><\/p>\n<p>&nbsp;<\/p>\n<p><img loading=\"lazy\" decoding=\"async\" class=\"alignnone wp-image-12556 \" src=\"https:\/\/www.Eurotoll.eu\/wp-content\/uploads\/2023\/06\/Light_blue_rgb-1.png\" alt=\"\" width=\"24\" height=\"24\" \/> A tag\u00e1llamoknak 2024. m\u00e1rcius 25-ig kell megfelelni\u00fck ennek az ir\u00e1nyelvnek.[\/vc_column_text][vc_empty_space height=&#8221;50px&#8221;]<a href=\"https:\/\/eur-lex.europa.eu\/legal-content\/HU\/TXT\/?uri=CELEX:32022L0362&#038;qid=1694508953438\" target=\"_blank\" style=\"color: #035e7e;border-color: #035e7e\" class=\"qodef-btn qodef-btn-small qodef-btn-outline qodef-btn-custom-border-hover qodef-btn-custom-hover-color qodef-btn-icon\" data-hover-color=\"#035e7e\" data-hover-border-color=\"#035e7e\" >\n        <span class=\"qodef-btn-text\"> Hozz\u00e1f\u00e9r\u00e9s az ir\u00e1nyelv sz\u00f6veg\u00e9hez<\/span>\n    <span class=\"qodef-btn-text-icon\"><i class=\"qodef-icon-simple-line-icon icon-arrow-right-circle \" ><\/i><\/span>\n<\/a>[vc_empty_space height=&#8221;50px&#8221;][\/vc_column_inner][\/vc_row_inner][\/vc_column][\/vc_row][vc_row content_width=&#8221;grid&#8221; el_class=&#8221;padtop50 padbot50&#8243; css=&#8221;.vc_custom_1693560139781{background-color: #afca0b !important;}&#8221;][vc_column][vc_column_text]<\/p>\n<h3 style=\"text-align: left;\"><span style=\"color: #ffffff;\"> Mi v\u00e1ltozik<\/span><\/h3>\n<p>[\/vc_column_text][\/vc_column][\/vc_row][vc_row content_width=&#8221;grid&#8221; el_class=&#8221;padtop50&#8243;][vc_column width=&#8221;5\/6&#8243; el_class=&#8221;padtop25&#8243;][vc_column_text]<\/p>\n<h3><span style=\"color: #035e7e;\"> A n\u00e9met \u00fathaszn\u00e1lati d\u00edj kisz\u00e1m\u00edt\u00e1sa k\u00e9t jelent\u0151s v\u00e1ltoz\u00e1st fog tartalmazni:<\/span><\/h3>\n<p>&nbsp;<\/p>\n<p>&nbsp;<\/p>\n<p><img loading=\"lazy\" decoding=\"async\" class=\"wp-image-12272 alignnone\" src=\"https:\/\/www.Eurotoll.eu\/wp-content\/uploads\/2023\/06\/Light_green_rgb.png\" alt=\"\" width=\"23\" height=\"23\" \/>\u00a0<strong><span style=\"color: #afca0b;\"> M\u0171szakilag megengedett legnagyobb \u00f6sszt\u00f6meg (TPML) j\u00e1rm\u0171vek vagy F1 eset\u00e9ben<\/span><\/strong><\/p>\n<p>&nbsp;<\/p>\n<p>A sz\u00e1m\u00edt\u00e1s sor\u00e1n figyelembe vett j\u00e1rm\u0171 s\u00falya mostant\u00f3l a TPML vagy F1 s\u00falya lesz.<br \/>\nEz az inform\u00e1ci\u00f3 k\u00f6telez\u0151, \u00e9s a j\u00e1rm\u0171 forgalmi enged\u00e9ly\u00e9ben fel kell t\u00fcntetni. Ha november 30-ig nem adj\u00e1k meg, a n\u00e9met \u00e9s az osztr\u00e1k h\u00e1l\u00f3zat automatikusan deaktiv\u00e1l\u00f3dik az adott OBU-k sz\u00e1m\u00e1ra.<\/p>\n<p>&nbsp;<\/p>\n<p><img loading=\"lazy\" decoding=\"async\" class=\"wp-image-12272 alignnone\" src=\"https:\/\/www.Eurotoll.eu\/wp-content\/uploads\/2023\/06\/Light_green_rgb.png\" alt=\"\" width=\"23\" height=\"23\" \/>\u00a0<strong><span style=\"color: #afca0b;\"> CO2-kibocs\u00e1t\u00e1si oszt\u00e1ly<\/span><\/strong><\/p>\n<p>&nbsp;<\/p>\n<p>A megl\u00e9v\u0151 ad\u00f3kulcsok mellett a j\u00e1rm\u0171 CO2-kibocs\u00e1t\u00e1si oszt\u00e1ly\u00e1n alapul\u00f3 ad\u00f3 is bevezet\u00e9sre ker\u00fcl.<br \/>\nA j\u00e1rm\u0171 CO2-kibocs\u00e1t\u00e1si oszt\u00e1ly\u00e1nak meghat\u00e1roz\u00e1s\u00e1hoz olyan t\u00e9nyez\u0151ket vesznek figyelembe, mint a CO2-kibocs\u00e1t\u00e1s g\/t-km-ben kifejezve \u00e9s a j\u00e1rm\u0171 alcsoportja. Ezeket az inform\u00e1ci\u00f3kat a gy\u00e1rt\u00f3 \u00e1ltal kiadott megfelel\u0151s\u00e9gi tan\u00fas\u00edtv\u00e1nyban (COC) adj\u00e1k meg.<\/p>\n<p>Ha a CO2-kibocs\u00e1t\u00e1si oszt\u00e1ly nem hat\u00e1rozhat\u00f3 meg, a j\u00e1rm\u0171vet alap\u00e9rtelmez\u00e9s szerint az 1. CO2-kibocs\u00e1t\u00e1si oszt\u00e1lyba sorolj\u00e1k.<\/p>\n<p>Csak a 2019. j\u00falius 1-j\u00e9n vagy k\u00e9s\u0151bb els\u0151 alkalommal nyilv\u00e1ntart\u00e1sba vett (\u00e9s az Euro 6 vagy EEV szabv\u00e1nyoknak megfelel\u0151) j\u00e1rm\u0171vek sorolhat\u00f3k kedvez\u0151bb CO2-kibocs\u00e1t\u00e1si oszt\u00e1lyba.[\/vc_column_text][vc_empty_space height=&#8221;50px&#8221;]<a href=\"mailto:service.client@eurotoll.fr\" target=\"_self\" style=\"color: #ffffff;background-color: #24657c;border-color: #035e7e\" class=\"qodef-btn qodef-btn-small qodef-btn-outline qodef-btn-custom-hover-bg qodef-btn-custom-border-hover qodef-btn-custom-hover-color qodef-btn-icon\" data-hover-bg-color=\"#035e7e\" data-hover-color=\"#ffffff\" data-hover-border-color=\"#035e7e\" >\n        <span class=\"qodef-btn-text\"> Kapcsolatfelv\u00e9tel az Eurotoll tan\u00e1csad\u00f3j\u00e1val<\/span>\n    <span class=\"qodef-btn-text-icon\"><i class=\"qodef-icon-simple-line-icon icon-arrow-right-circle \" ><\/i><\/span>\n<\/a>[vc_empty_space height=&#8221;100px&#8221;][\/vc_column][\/vc_row][vc_row content_width=&#8221;grid&#8221; el_class=&#8221;padtop50 padbot50&#8243; css=&#8221;.vc_custom_1693470105809{background-color: #035e7e !important;}&#8221;][vc_column][vc_column_text]<\/p>\n<h3 style=\"text-align: left;\"><span style=\"color: #ffffff;\"> CO2-kibocs\u00e1t\u00e1si oszt\u00e1lyok<\/span><\/h3>\n<p>[\/vc_column_text][\/vc_column][\/vc_row][vc_row content_width=&#8221;grid&#8221; el_class=&#8221;padtop50&#8243;][vc_column width=&#8221;1\/2&#8243; el_class=&#8221;padtop25&#8243;][vc_column_text]<img loading=\"lazy\" decoding=\"async\" class=\"alignnone wp-image-12556 \" src=\"https:\/\/www.Eurotoll.eu\/wp-content\/uploads\/2023\/06\/Light_blue_rgb-1.png\" alt=\"\" width=\"24\" height=\"24\" \/>\u00a0 A sz\u00e9n-dioxid-kibocs\u00e1t\u00e1s oszt\u00e1lyoz\u00e1s\u00e1t k\u00fcl\u00f6nb\u00f6z\u0151 uni\u00f3s ir\u00e1nyelvek \u00e1llap\u00edtott\u00e1k meg..<\/p>\n<p>&nbsp;<\/p>\n<p>&#8211; Minden j\u00e1rm\u0171vet az alv\u00e1zkonfigur\u00e1ci\u00f3, a m\u0171szakilag megengedett legnagyobb \u00f6sszt\u00f6meg, a tengelykonfigur\u00e1ci\u00f3, a motorteljes\u00edtm\u00e9ny \u00e9s a vezet\u0151f\u00fclke t\u00edpusa alapj\u00e1n egy csoportba vagy alcsoportba sorolnak.<\/p>\n<p>&nbsp;<\/p>\n<p>&#8211; A CO2-kibocs\u00e1t\u00e1si hat\u00e1r\u00e9rt\u00e9keket a j\u00e1rm\u0171vek minden egyes alcsoportj\u00e1ra vonatkoz\u00f3an hat\u00e1rozz\u00e1k meg, \u00e9s azok minden \u00e9vben cs\u00f6kkennek.<\/p>\n<p>&nbsp;<\/p>\n<p>&#8211; A besorol\u00e1s a j\u00e1rm\u0171 t\u00e9nyleges CO2-kibocs\u00e1t\u00e1sa \u00e9s az alcsoportra vonatkoz\u00f3 hat\u00e1r\u00e9rt\u00e9k k\u00f6z\u00f6tti k\u00fcl\u00f6nbs\u00e9gen alapul.[\/vc_column_text][\/vc_column][vc_column width=&#8221;1\/2&#8243;][vc_single_image image=&#8221;14469&#8243; img_size=&#8221;full&#8221; alignment=&#8221;center&#8221; onclick=&#8221;img_link_large&#8221; img_link_target=&#8221;_blank&#8221;][vc_column_text]<\/p>\n<p style=\"text-align: center;\"><em>forr\u00e1s: Telepass<\/em><\/p>\n<p>[\/vc_column_text][vc_empty_space][vc_column_text]<\/p>\n<p style=\"text-align: center;\"><strong><span style=\"color: #afca0b;\">Ha ellen\u0151rizni szeretn\u00e9 j\u00e1rm\u0171ve k\u00e1rosanyag-kibocs\u00e1t\u00e1si oszt\u00e1ly\u00e1t, <a href=\"https:\/\/www.toll-collect.de\/hu\/toll_collect\/rund_um_die_maut\/co2_emissionen\/co2_emissionen.html\" target=\"_blank\" rel=\"noopener\">kattintson ide<\/a>.<\/span><\/strong><\/p>\n<p>[\/vc_column_text][\/vc_column][\/vc_row][vc_row content_width=&#8221;grid&#8221; el_class=&#8221;padtop25&#8243;][vc_column el_class=&#8221;padtop50&#8243;][vc_column_text]<img loading=\"lazy\" decoding=\"async\" class=\"alignnone wp-image-12556 \" src=\"https:\/\/www.Eurotoll.eu\/wp-content\/uploads\/2023\/06\/Light_blue_rgb-1.png\" alt=\"\" width=\"24\" height=\"24\" \/> <strong> Alap\u00e9rtelmez\u00e9s szerint minden j\u00e1rm\u0171vet az 1. CO2-kibocs\u00e1t\u00e1si oszt\u00e1lyba sorolnak.<\/strong><\/p>\n<p>&nbsp;<\/p>\n<p><img loading=\"lazy\" decoding=\"async\" class=\"alignnone wp-image-12556 \" src=\"https:\/\/www.Eurotoll.eu\/wp-content\/uploads\/2023\/06\/Light_blue_rgb-1.png\" alt=\"\" width=\"24\" height=\"24\" \/> <strong> A 2019. j\u00falius 1-j\u00e9n vagy k\u00e9s\u0151bb els\u0151 alkalommal forgalomba helyezett (\u00e9s az Euro 6 vagy EEV szabv\u00e1nyoknak megfelel\u0151) j\u00e1rm\u0171vek kedvez\u0151bb CO2-kibocs\u00e1t\u00e1si oszt\u00e1lyba sorolhat\u00f3ak.[\/vc_column_text][vc_empty_space height=&#8221;100px&#8221;][\/vc_column][\/vc_row][vc_row content_width=&#8221;grid&#8221; el_class=&#8221;padtop50 padbot50&#8243; css=&#8221;.vc_custom_1693466375428{background-color: #afca0b !important;}&#8221;][vc_column][vc_column_text]<\/strong><\/p>\n<h3 style=\"text-align: left;\"><span style=\"color: #ffffff;\"> \u00daJ \u00daTD\u00cdJ- \u00c1RPOLITIKA N\u00c9METORSZ\u00c1GBAN<br \/>\n<\/span><\/h3>\n<p>[\/vc_column_text][\/vc_column][\/vc_row][vc_row content_width=&#8221;grid&#8221; el_class=&#8221;padtop50&#8243;][vc_column width=&#8221;1\/2&#8243; el_class=&#8221;padtop25&#8243;][vc_column_text]<img loading=\"lazy\" decoding=\"async\" class=\"alignnone wp-image-12556 \" src=\"https:\/\/www.Eurotoll.eu\/wp-content\/uploads\/2023\/06\/Light_blue_rgb-1.png\" alt=\"\" width=\"24\" height=\"24\" \/> December 1-j\u00e9t\u0151l a n\u00e9met \u00fatd\u00edjak a CO2-kibocs\u00e1t\u00e1si oszt\u00e1lyon alapul\u00f3 t\u00f6bbletk\u00f6lts\u00e9geket is tartalmaznak.<\/p>\n<p>&nbsp;<\/p>\n<p><img loading=\"lazy\" decoding=\"async\" class=\"alignnone wp-image-12556 \" src=\"https:\/\/www.Eurotoll.eu\/wp-content\/uploads\/2023\/06\/Light_blue_rgb-1.png\" alt=\"\" width=\"24\" height=\"24\" \/> A fenti \u00e1rr\u00e1csot jelenleg a n\u00e9met parlament vizsg\u00e1lja. Ezeket a d\u00edjakat hozz\u00e1adj\u00e1k a megl\u00e9v\u0151 \u00fathaszn\u00e1lati d\u00edjakhoz (\u20ac\/km-ben)..[\/vc_column_text][vc_empty_space height=&#8221;64px&#8221;][\/vc_column][vc_column width=&#8221;1\/2&#8243;][vc_single_image image=&#8221;14484&#8243; img_size=&#8221;full&#8221; alignment=&#8221;center&#8221; onclick=&#8221;img_link_large&#8221; img_link_target=&#8221;_blank&#8221;][vc_column_text]<\/p>\n<p style=\"text-align: center;\"><em>forr\u00e1s : <a href=\"https:\/\/dserver.bundestag.de\/brd\/2023\/0270-23.pdf\" target=\"_blank\" rel=\"noopener\">Bundesrat 270\/23 Gesetzentwurf<\/a><\/em><\/p>\n<p>[\/vc_column_text][vc_empty_space height=&#8221;64px&#8221;][\/vc_column][\/vc_row][vc_row content_width=&#8221;grid&#8221; el_class=&#8221;padtop50 padbot50&#8243; css=&#8221;.vc_custom_1693564119206{background-color: #035e7e !important;}&#8221;][vc_column][vc_column_text]<\/p>\n<h3 style=\"text-align: left;\"><span style=\"color: #ffffff;\"> Milyen hat\u00e1ssal van a teljes \u00fatd\u00edjra N\u00e9metorsz\u00e1gban?<br \/>\n<\/span><\/h3>\n<p>[\/vc_column_text][\/vc_column][\/vc_row][vc_row content_width=&#8221;grid&#8221; el_class=&#8221;padtop50&#8243;][vc_column][vc_column_text]<\/p>\n<p style=\"text-align: center;\">Szimul\u00e1ci\u00f3 egy <strong>8 tonn\u00e1s, 5 tengelyes, Euro 6* j\u00e1rm\u0171re<\/strong><\/p>\n<p>[\/vc_column_text][vc_single_image image=&#8221;14491&#8243; img_size=&#8221;full&#8221; alignment=&#8221;center&#8221; onclick=&#8221;img_link_large&#8221; img_link_target=&#8221;_blank&#8221;][vc_column_text]<\/p>\n<p style=\"text-align: center;\"><em> *A n\u00e9met parlament j\u00f3v\u00e1hagy\u00e1s\u00e1t\u00f3l f\u00fcgg\u0151en.<\/em><\/p>\n<p>[\/vc_column_text][vc_empty_space height=&#8221;64px&#8221;][\/vc_column][\/vc_row]<\/p>\n","protected":false},"excerpt":{"rendered":"<p>[vc_row content_width=&#8221;grid&#8221; el_class=&#8221;padtop50 padbot50&#8243;][vc_column][vc_column_text] Fontos inform\u00e1ci\u00f3k a n\u00e9metorsz\u00e1gi \u00fathaszn\u00e1lati d\u00edjak kisz\u00e1m\u00edt\u00e1s\u00e1nak fel\u00fclvizsg\u00e1lat\u00e1val kapcsolatban &nbsp; &nbsp; N\u00e9metorsz\u00e1g bejelentette, hogy 2023. december 1-j\u00e9n&#8230;<\/p>\n","protected":false},"author":23,"featured_media":0,"parent":0,"menu_order":0,"comment_status":"closed","ping_status":"closed","template":"full-width.php","meta":{"footnotes":""},"class_list":["post-14599","page","type-page","status-publish","hentry"],"yoast_head":"<!-- This site is optimized with the Yoast SEO Premium plugin v26.7 (Yoast SEO v26.7) - https:\/\/yoast.com\/wordpress\/plugins\/seo\/ -->\n<title>N\u00c9MET \u00daJD\u00cdJAK - Eurotoll<\/title>\n<meta name=\"description\" content=\"Az Eurotoll seg\u00edts\u00e9g\u00e9vel teljes nyugalommal utazhat N\u00e9metorsz\u00e1g 15 000 km-es \u00fatjain. Az Eurotoll leegyszer\u0171s\u00edti az \u00fatd\u00edjak kezel\u00e9s\u00e9t.\" \/>\n<meta name=\"robots\" content=\"index, follow, max-snippet:-1, max-image-preview:large, max-video-preview:-1\" \/>\n<link rel=\"canonical\" href=\"https:\/\/www.Eurotoll.eu\/hu\/nemet-ujdijak\/\" \/>\n<meta property=\"og:locale\" content=\"hu_HU\" \/>\n<meta property=\"og:type\" content=\"article\" \/>\n<meta property=\"og:title\" content=\"N\u00c9MET \u00daJD\u00cdJAK\" \/>\n<meta property=\"og:description\" content=\"Az Eurotoll seg\u00edts\u00e9g\u00e9vel teljes nyugalommal utazhat N\u00e9metorsz\u00e1g 15 000 km-es \u00fatjain. Az Eurotoll leegyszer\u0171s\u00edti az \u00fatd\u00edjak kezel\u00e9s\u00e9t.\" \/>\n<meta property=\"og:url\" content=\"https:\/\/www.Eurotoll.eu\/hu\/nemet-ujdijak\/\" \/>\n<meta property=\"og:site_name\" content=\"Eurotoll\" \/>\n<meta property=\"article:modified_time\" content=\"2023-09-18T08:31:26+00:00\" \/>\n<meta property=\"og:image\" content=\"https:\/\/www.Eurotoll.eu\/wp-content\/uploads\/2023\/06\/Light_blue_rgb-1.png\" \/>\n<meta name=\"twitter:card\" content=\"summary_large_image\" \/>\n<meta name=\"twitter:label1\" content=\"Becs\u00fclt olvas\u00e1si id\u0151\" \/>\n\t<meta name=\"twitter:data1\" content=\"6 perc\" \/>\n<script type=\"application\/ld+json\" class=\"yoast-schema-graph\">{\"@context\":\"https:\/\/schema.org\",\"@graph\":[{\"@type\":\"WebPage\",\"@id\":\"https:\/\/www.Eurotoll.eu\/hu\/nemet-ujdijak\/\",\"url\":\"https:\/\/www.Eurotoll.eu\/hu\/nemet-ujdijak\/\",\"name\":\"N\u00c9MET \u00daJD\u00cdJAK - Eurotoll\",\"isPartOf\":{\"@id\":\"https:\/\/www.Eurotoll.eu\/hu\/#website\"},\"primaryImageOfPage\":{\"@id\":\"https:\/\/www.Eurotoll.eu\/hu\/nemet-ujdijak\/#primaryimage\"},\"image\":{\"@id\":\"https:\/\/www.Eurotoll.eu\/hu\/nemet-ujdijak\/#primaryimage\"},\"thumbnailUrl\":\"https:\/\/www.Eurotoll.eu\/wp-content\/uploads\/2023\/06\/Light_blue_rgb-1.png\",\"datePublished\":\"2023-09-12T08:53:33+00:00\",\"dateModified\":\"2023-09-18T08:31:26+00:00\",\"description\":\"Az Eurotoll seg\u00edts\u00e9g\u00e9vel teljes nyugalommal utazhat N\u00e9metorsz\u00e1g 15 000 km-es \u00fatjain. Az Eurotoll leegyszer\u0171s\u00edti az \u00fatd\u00edjak kezel\u00e9s\u00e9t.\",\"breadcrumb\":{\"@id\":\"https:\/\/www.Eurotoll.eu\/hu\/nemet-ujdijak\/#breadcrumb\"},\"inLanguage\":\"hu\",\"potentialAction\":[{\"@type\":\"ReadAction\",\"target\":[\"https:\/\/www.Eurotoll.eu\/hu\/nemet-ujdijak\/\"]}]},{\"@type\":\"ImageObject\",\"inLanguage\":\"hu\",\"@id\":\"https:\/\/www.Eurotoll.eu\/hu\/nemet-ujdijak\/#primaryimage\",\"url\":\"https:\/\/www.Eurotoll.eu\/wp-content\/uploads\/2023\/06\/Light_blue_rgb-1.png\",\"contentUrl\":\"https:\/\/www.Eurotoll.eu\/wp-content\/uploads\/2023\/06\/Light_blue_rgb-1.png\"},{\"@type\":\"BreadcrumbList\",\"@id\":\"https:\/\/www.Eurotoll.eu\/hu\/nemet-ujdijak\/#breadcrumb\",\"itemListElement\":[{\"@type\":\"ListItem\",\"position\":1,\"name\":\"Accueil\",\"item\":\"https:\/\/www.Eurotoll.eu\/hu\/\"},{\"@type\":\"ListItem\",\"position\":2,\"name\":\"N\u00c9MET \u00daJD\u00cdJAK\"}]},{\"@type\":\"WebSite\",\"@id\":\"https:\/\/www.Eurotoll.eu\/hu\/#website\",\"url\":\"https:\/\/www.Eurotoll.eu\/hu\/\",\"name\":\"Eurotoll\",\"description\":\"Acteur cl\u00e9 du t\u00e9l\u00e9p\u00e9age en Europe\",\"potentialAction\":[{\"@type\":\"SearchAction\",\"target\":{\"@type\":\"EntryPoint\",\"urlTemplate\":\"https:\/\/www.Eurotoll.eu\/hu\/?s={search_term_string}\"},\"query-input\":{\"@type\":\"PropertyValueSpecification\",\"valueRequired\":true,\"valueName\":\"search_term_string\"}}],\"inLanguage\":\"hu\"}]}<\/script>\n<!-- \/ Yoast SEO Premium plugin. -->","yoast_head_json":{"title":"N\u00c9MET \u00daJD\u00cdJAK - Eurotoll","description":"Az Eurotoll seg\u00edts\u00e9g\u00e9vel teljes nyugalommal utazhat N\u00e9metorsz\u00e1g 15 000 km-es \u00fatjain. Az Eurotoll leegyszer\u0171s\u00edti az \u00fatd\u00edjak kezel\u00e9s\u00e9t.","robots":{"index":"index","follow":"follow","max-snippet":"max-snippet:-1","max-image-preview":"max-image-preview:large","max-video-preview":"max-video-preview:-1"},"canonical":"https:\/\/www.Eurotoll.eu\/hu\/nemet-ujdijak\/","og_locale":"hu_HU","og_type":"article","og_title":"N\u00c9MET \u00daJD\u00cdJAK","og_description":"Az Eurotoll seg\u00edts\u00e9g\u00e9vel teljes nyugalommal utazhat N\u00e9metorsz\u00e1g 15 000 km-es \u00fatjain. Az Eurotoll leegyszer\u0171s\u00edti az \u00fatd\u00edjak kezel\u00e9s\u00e9t.","og_url":"https:\/\/www.Eurotoll.eu\/hu\/nemet-ujdijak\/","og_site_name":"Eurotoll","article_modified_time":"2023-09-18T08:31:26+00:00","og_image":[{"url":"https:\/\/www.Eurotoll.eu\/wp-content\/uploads\/2023\/06\/Light_blue_rgb-1.png","type":"","width":"","height":""}],"twitter_card":"summary_large_image","twitter_misc":{"Becs\u00fclt olvas\u00e1si id\u0151":"6 perc"},"schema":{"@context":"https:\/\/schema.org","@graph":[{"@type":"WebPage","@id":"https:\/\/www.Eurotoll.eu\/hu\/nemet-ujdijak\/","url":"https:\/\/www.Eurotoll.eu\/hu\/nemet-ujdijak\/","name":"N\u00c9MET \u00daJD\u00cdJAK - Eurotoll","isPartOf":{"@id":"https:\/\/www.Eurotoll.eu\/hu\/#website"},"primaryImageOfPage":{"@id":"https:\/\/www.Eurotoll.eu\/hu\/nemet-ujdijak\/#primaryimage"},"image":{"@id":"https:\/\/www.Eurotoll.eu\/hu\/nemet-ujdijak\/#primaryimage"},"thumbnailUrl":"https:\/\/www.Eurotoll.eu\/wp-content\/uploads\/2023\/06\/Light_blue_rgb-1.png","datePublished":"2023-09-12T08:53:33+00:00","dateModified":"2023-09-18T08:31:26+00:00","description":"Az Eurotoll seg\u00edts\u00e9g\u00e9vel teljes nyugalommal utazhat N\u00e9metorsz\u00e1g 15 000 km-es \u00fatjain. Az Eurotoll leegyszer\u0171s\u00edti az \u00fatd\u00edjak kezel\u00e9s\u00e9t.","breadcrumb":{"@id":"https:\/\/www.Eurotoll.eu\/hu\/nemet-ujdijak\/#breadcrumb"},"inLanguage":"hu","potentialAction":[{"@type":"ReadAction","target":["https:\/\/www.Eurotoll.eu\/hu\/nemet-ujdijak\/"]}]},{"@type":"ImageObject","inLanguage":"hu","@id":"https:\/\/www.Eurotoll.eu\/hu\/nemet-ujdijak\/#primaryimage","url":"https:\/\/www.Eurotoll.eu\/wp-content\/uploads\/2023\/06\/Light_blue_rgb-1.png","contentUrl":"https:\/\/www.Eurotoll.eu\/wp-content\/uploads\/2023\/06\/Light_blue_rgb-1.png"},{"@type":"BreadcrumbList","@id":"https:\/\/www.Eurotoll.eu\/hu\/nemet-ujdijak\/#breadcrumb","itemListElement":[{"@type":"ListItem","position":1,"name":"Accueil","item":"https:\/\/www.Eurotoll.eu\/hu\/"},{"@type":"ListItem","position":2,"name":"N\u00c9MET \u00daJD\u00cdJAK"}]},{"@type":"WebSite","@id":"https:\/\/www.Eurotoll.eu\/hu\/#website","url":"https:\/\/www.Eurotoll.eu\/hu\/","name":"Eurotoll","description":"Acteur cl\u00e9 du t\u00e9l\u00e9p\u00e9age en Europe","potentialAction":[{"@type":"SearchAction","target":{"@type":"EntryPoint","urlTemplate":"https:\/\/www.Eurotoll.eu\/hu\/?s={search_term_string}"},"query-input":{"@type":"PropertyValueSpecification","valueRequired":true,"valueName":"search_term_string"}}],"inLanguage":"hu"}]}},"_links":{"self":[{"href":"https:\/\/www.Eurotoll.eu\/hu\/wp-json\/wp\/v2\/pages\/14599","targetHints":{"allow":["GET"]}}],"collection":[{"href":"https:\/\/www.Eurotoll.eu\/hu\/wp-json\/wp\/v2\/pages"}],"about":[{"href":"https:\/\/www.Eurotoll.eu\/hu\/wp-json\/wp\/v2\/types\/page"}],"author":[{"embeddable":true,"href":"https:\/\/www.Eurotoll.eu\/hu\/wp-json\/wp\/v2\/users\/23"}],"replies":[{"embeddable":true,"href":"https:\/\/www.Eurotoll.eu\/hu\/wp-json\/wp\/v2\/comments?post=14599"}],"version-history":[{"count":7,"href":"https:\/\/www.Eurotoll.eu\/hu\/wp-json\/wp\/v2\/pages\/14599\/revisions"}],"predecessor-version":[{"id":14605,"href":"https:\/\/www.Eurotoll.eu\/hu\/wp-json\/wp\/v2\/pages\/14599\/revisions\/14605"}],"wp:attachment":[{"href":"https:\/\/www.Eurotoll.eu\/hu\/wp-json\/wp\/v2\/media?parent=14599"}],"curies":[{"name":"wp","href":"https:\/\/api.w.org\/{rel}","templated":true}]}}