{"id":4757,"date":"2016-06-13T16:28:41","date_gmt":"2016-06-13T14:28:41","guid":{"rendered":"http:\/\/80.75.152.85\/hu\/ajanlatunk\/allemagne\/"},"modified":"2025-11-17T16:01:18","modified_gmt":"2025-11-17T15:01:18","slug":"nemetorszag","status":"publish","type":"page","link":"https:\/\/www.Eurotoll.eu\/hu\/ajanlatunk\/nemetorszag\/","title":{"rendered":"N\u00e9metorsz\u00e1g"},"content":{"rendered":"<p>[vc_row content_width=&#8221;grid&#8221; el_class=&#8221;padtop50 padbot50&#8243;][vc_column][vc_column_text]<\/p>\n<h2><span style=\"color: #035e7e;\">\u00datd\u00edjfizet\u0151 rendszer N\u00e9metorsz\u00e1gban<br \/>\n<\/span><\/h2>\n<p>&nbsp;<\/p>\n<p>Minden 7,5t-n\u00e1l nehezebb g\u00e9pj\u00e1rm\u0171nek amely a n\u00e9met aut\u00f3p\u00e1ly\u00e1kon, illetve sz\u00f6vets\u00e9gi utakon k\u00f6zlekedik, \u00fatd\u00edjat kell fizetnie.\u00a0 Ez egy m\u0171holdas\u00a0 \u00fatd\u00edjrendszer[\/vc_column_text][vc_empty_space height=&#8221;50px&#8221;]<a href=\"https:\/\/eurotoll.eu\/hu\/nemet-ujdijak\/\" target=\"_blank\" style=\"color: #afca0b;border-color: #afca0b\" class=\"qodef-btn qodef-btn-small qodef-btn-outline qodef-btn-custom-border-hover qodef-btn-custom-hover-color qodef-btn-icon\" data-hover-color=\"#afca0b\" data-hover-border-color=\"#afca0b\" >\n        <span class=\"qodef-btn-text\"> \u00daj d\u00edjszab\u00e1s 2023. december 1-t\u0151l<\/span>\n    <span class=\"qodef-btn-text-icon\"><i class=\"qodef-icon-simple-line-icon icon-arrow-right-circle \" ><\/i><\/span>\n<\/a>[vc_row_inner el_class=&#8221;padtop50&#8243;][vc_column_inner width=&#8221;2\/3&#8243;][vc_column_text]<\/p>\n<h3><span style=\"color: #035e7e;\">Az \u00fatad\u00f3 \u00f6sszege az al\u00e1bbiak alapj\u00e1n ker\u00fcl kisz\u00e1m\u00edt\u00e1sra:<\/span><\/h3>\n<p>&nbsp;<\/p>\n<ul>\n<li><span data-sheets-userformat=\"{&quot;2&quot;:15169,&quot;3&quot;:{&quot;1&quot;:0},&quot;9&quot;:0,&quot;11&quot;:4,&quot;12&quot;:0,&quot;14&quot;:{&quot;1&quot;:2,&quot;2&quot;:255},&quot;15&quot;:&quot;Calibri&quot;,&quot;16&quot;:12}\" data-sheets-value=\"{&quot;1&quot;:2,&quot;2&quot;:&quot;oDu nombre de kilom\\u00e8tres parcourus sur le r\\u00e9seau&quot;}\">A h\u00e1l\u00f3zaton megtett kil\u00f3m\u00e9terek<\/span><\/li>\n<li>J\u00e1rm\u0171 tengelysz\u00e1ma<\/li>\n<li>EURO k\u00f6rnyezetv\u00e9delmi oszt\u00e1ly<\/li>\n<\/ul>\n<p>[\/vc_column_text][vc_empty_space height=&#8221;50px&#8221;]<a href=\"https:\/\/www.toll-collect.de\/en\/toll_collect\/microsites\/hu\/magyar.html\" target=\"_blank\" style=\"color: #afca0b;border-color: #afca0b\" class=\"qodef-btn qodef-btn-small qodef-btn-outline qodef-btn-custom-border-hover qodef-btn-custom-hover-color qodef-btn-icon\" data-hover-color=\"#afca0b\" data-hover-border-color=\"#afca0b\" >\n        <span class=\"qodef-btn-text\">TollCollect \u00e1rak:<\/span>\n    <span class=\"qodef-btn-text-icon\"><i class=\"qodef-icon-simple-line-icon icon-arrow-right-circle \" ><\/i><\/span>\n<\/a>[\/vc_column_inner][vc_column_inner width=&#8221;1\/3&#8243;][\/vc_column_inner][\/vc_row_inner][vc_row_inner el_class=&#8221;padtop50&#8243;][vc_column_inner width=&#8221;2\/3&#8243;][vc_column_text]<\/p>\n<h3><span style=\"color: #035e7e;\">Az Lumesia egyszer\u0171s\u00edti az aut\u00f3p\u00e1lyad\u00edj fizet\u00e9s\u00e9nek kezel\u00e9s\u00e9t.<\/span><\/h3>\n<p>&nbsp;<\/p>\n<p><span data-sheets-userformat=\"{&quot;2&quot;:15169,&quot;3&quot;:{&quot;1&quot;:0},&quot;9&quot;:0,&quot;11&quot;:4,&quot;12&quot;:0,&quot;14&quot;:{&quot;1&quot;:2,&quot;2&quot;:255},&quot;15&quot;:&quot;Calibri&quot;,&quot;16&quot;:12}\" data-sheets-value=\"{&quot;1&quot;:2,&quot;2&quot;:&quot;Vous \\u00eates factur\\u00e9s de vos trajets en Allemagne directement sur votre facture eurotoll.&quot;}\"><span data-sheets-userformat=\"{&quot;2&quot;:15169,&quot;3&quot;:{&quot;1&quot;:0},&quot;9&quot;:0,&quot;11&quot;:4,&quot;12&quot;:0,&quot;14&quot;:{&quot;1&quot;:2,&quot;2&quot;:255},&quot;15&quot;:&quot;Calibri&quot;,&quot;16&quot;:12}\" data-sheets-value=\"{&quot;1&quot;:2,&quot;2&quot;:&quot;eurotoll se charge de votre enregistrement chez Toll Collect quel que soit le mode d\\u2019acquittement:&quot;}\">Az \u00d6n n\u00e9met \u00fatd\u00edj fogyaszt\u00e1sait k\u00f6zvetlen\u00fcl az Lumesia sz\u00e1ml\u00e1zza. Az Lumesia gondoskodik\u00a0 az \u00d6n\u00a0 TollCollect regisztr\u00e1ci\u00f3j\u00e1r\u00f3l, fizet\u00e9si felt\u00e9telekt\u0151l f\u00fcggetlen\u00fcl<br \/>\n<\/span><\/span><\/p>\n<p>&nbsp;<\/p>\n<ul>\n<li><span data-sheets-userformat=\"{&quot;2&quot;:31553,&quot;3&quot;:{&quot;1&quot;:0},&quot;9&quot;:0,&quot;11&quot;:4,&quot;12&quot;:0,&quot;14&quot;:{&quot;1&quot;:2,&quot;2&quot;:255},&quot;15&quot;:&quot;Calibri&quot;,&quot;16&quot;:12,&quot;17&quot;:1}\" data-sheets-value=\"{&quot;1&quot;:2,&quot;2&quot;:&quot;- mode automatique, en vous \\u00e9quipant d\\u2019un OBU satellitaire install\\u00e9 en fixe dans le v\\u00e9hicule. Liste des points d\\u2019installation agr\\u00e9\\u00e9s.&quot;}\">Automatikus \u00fczemm\u00f3d &#8211; a j\u00e1rm\u0171be telep\u00edtend\u0151 fed\u00e9lzeti egys\u00e9ggel.<br \/>\n<a href=\"https:\/\/www.toll-collect.de\/fr\/toll_collect\/service\/servicepartner_finden\/servicepartnerfinden.html\">Szerviz pontok list\u00e1ja<\/a><\/span><\/li>\n<li><span data-sheets-userformat=\"{&quot;2&quot;:31553,&quot;3&quot;:{&quot;1&quot;:0},&quot;9&quot;:0,&quot;11&quot;:4,&quot;12&quot;:0,&quot;14&quot;:{&quot;1&quot;:2,&quot;2&quot;:255},&quot;15&quot;:&quot;Calibri&quot;,&quot;16&quot;:12,&quot;17&quot;:1}\" data-sheets-value=\"{&quot;1&quot;:2,&quot;2&quot;:&quot;- mode manuel, en d\\u00e9clarant simplement vos futurs trajets en ligne. Un justificatif est donn\\u00e9 \\u00e0 vos chauffeurs en cas de contr\\u00f4le.&quot;}\">Manu\u00e1lis \u00fczemm\u00f3d &#8211; tranzakci\u00f3i internetes r\u00f6gz\u00edt\u00e9s\u00e9hez el\u0151zetes nyilv\u00e1ntart\u00e1sba v\u00e9tel sz\u00fcks\u00e9ges. A j\u00e1rm\u0171vezet\u0151k bizonylatot kapnak arra az esetre, ha a helyi hat\u00f3s\u00e1gok ellen\u0151rz\u00e9st v\u00e9gezn\u00e9nek.<\/span><\/li>\n<\/ul>\n<p>&nbsp;<\/p>\n<h3><span style=\"color: #035e7e;\">Az Lumesia Hat\u00f3s\u00e1gi ellen\u0151rz\u00e9sek<\/span><\/h3>\n<p>&nbsp;<\/p>\n<p><span data-sheets-userformat=\"{&quot;2&quot;:15169,&quot;3&quot;:{&quot;1&quot;:0},&quot;9&quot;:0,&quot;11&quot;:4,&quot;12&quot;:0,&quot;14&quot;:{&quot;1&quot;:2,&quot;2&quot;:255},&quot;15&quot;:&quot;Calibri&quot;,&quot;16&quot;:12}\" data-sheets-value=\"{&quot;1&quot;:2,&quot;2&quot;:&quot;Il est effectu\\u00e9 par la Direction f\\u00e9d\\u00e9rale du transport de marchandises (BAG). Les contr\\u00f4les sont r\\u00e9alis\\u00e9s :&quot;}\">A Sz\u00f6vets\u00e9gi \u00c1rusz\u00e1ll\u00edt\u00e1si Hat\u00f3s\u00e1g \u00e1ltal t\u00f6rt\u00e9nik\u00a0 (BAG) Az ellen\u0151rz\u00e9sek a k\u00f6vetkez\u0151k\u00e9ppen t\u00f6rt\u00e9nnek : <\/span><\/p>\n<p>&nbsp;<\/p>\n<ul>\n<li><span data-sheets-userformat=\"{&quot;2&quot;:15169,&quot;3&quot;:{&quot;1&quot;:0},&quot;9&quot;:0,&quot;11&quot;:4,&quot;12&quot;:0,&quot;14&quot;:{&quot;1&quot;:2,&quot;2&quot;:255},&quot;15&quot;:&quot;Calibri&quot;,&quot;16&quot;:12}\" data-sheets-value=\"{&quot;1&quot;:2,&quot;2&quot;:&quot;- de mani\\u00e8re automatique via 300 portiques de contr\\u00f4les fixes&quot;}\">automatikusan 300 fix ellen\u0151rz\u0151 kapun<\/span><\/li>\n<li><span data-sheets-userformat=\"{&quot;2&quot;:15169,&quot;3&quot;:{&quot;1&quot;:0},&quot;9&quot;:0,&quot;11&quot;:4,&quot;12&quot;:0,&quot;14&quot;:{&quot;1&quot;:2,&quot;2&quot;:255},&quot;15&quot;:&quot;Calibri&quot;,&quot;16&quot;:12}\" data-sheets-value=\"{&quot;1&quot;:2,&quot;2&quot;:&quot;- par l\\u2019\\u00e9quipe mobile de la BAG. Les contr\\u00f4les peuvent \\u00eatre effectu\\u00e9s sur les aires de stationnement et via 300 v\\u00e9hicules qui se d\\u00e9placent sur tout le territoire.&quot;}\">BAG mobil egys\u00e9gei seg\u00edts\u00e9g\u00e9vel: parkol\u00f3kban, illetve az orsz\u00e1g teljes ter\u00fclet\u00e9t bej\u00e1r\u00f3 300 j\u00e1rm\u0171vel <\/span><\/li>\n<\/ul>\n<p>&nbsp;<\/p>\n<p><span data-sheets-userformat=\"{&quot;2&quot;:15169,&quot;3&quot;:{&quot;1&quot;:0},&quot;9&quot;:0,&quot;11&quot;:4,&quot;12&quot;:0,&quot;14&quot;:{&quot;1&quot;:2,&quot;2&quot;:255},&quot;15&quot;:&quot;Calibri&quot;,&quot;16&quot;:12}\" data-sheets-value=\"{&quot;1&quot;:2,&quot;2&quot;:&quot;Si vous circulez \\u00e9galement en Autriche contactez nous (lien vers service.client@eurotoll.fr)&quot;}\">Amennyiben \u00d6n Ausztri\u00e1ban is k\u00f6zlekedik, <a href=\"mailto:service.client@eurotoll.fr\">vegye fel vel\u00fcnk a kapcsolatot<\/a>.<\/span>[\/vc_column_text][vc_empty_space height=&#8221;50px&#8221;]<a href=\"mailto:support@lumesia.com\" target=\"_self\" style=\"color: #ffffff;background-color: #afca0b;border-color: #afca0b\" class=\"qodef-btn qodef-btn-small qodef-btn-outline qodef-btn-custom-hover-bg qodef-btn-custom-border-hover qodef-btn-custom-hover-color qodef-btn-icon marginright15\" data-hover-bg-color=\"#afca0b\" data-hover-color=\"#ffffff\" data-hover-border-color=\"#afca0b\" >\n        <span class=\"qodef-btn-text\">Feliratkoz\u00e1s<\/span>\n    <span class=\"qodef-btn-text-icon\"><i class=\"qodef-icon-simple-line-icon icon-arrow-right-circle \" ><\/i><\/span>\n<\/a>[\/vc_column_inner][vc_column_inner width=&#8221;1\/3&#8243;][\/vc_column_inner][\/vc_row_inner][\/vc_column][\/vc_row][vc_row el_class=&#8221;spepadleft white&#8221; css=&#8221;.vc_custom_1695026737883{background-color: #035e7e !important;}&#8221; el_id=&#8221;plus-service-eurotoll&#8221;][vc_column width=&#8221;2\/3&#8243; el_class=&#8221;padtop50 padbot50&#8243;][vc_column_text]<\/p>\n<h4><strong>Az Lumesia tov\u00e1bbi szolg\u00e1ltat\u00e1sai:<\/strong><\/h4>\n<p>&nbsp;<\/p>\n<ul>\n<li>Az \u00fatd\u00edj k\u00f6lts\u00e9gek optimaliz\u00e1l\u00e1sa<\/li>\n<li>Tev\u00e9kenys\u00e9gek nyomon k\u00f6vet\u00e9se szem\u00e9lyre szabott kimutat\u00e1sokon kereszt\u00fcl<\/li>\n<li>A fizet\u0151s \u00fath\u00e1l\u00f3zaton val\u00f3 k\u00f6zleked\u00e9s ellen\u0151rz\u00e9se g\u00e9pj\u00e1rm\u0171vek szerinti bont\u00e1sban<\/li>\n<li>Szem\u00e9lyre szabott jelent\u00e9sek alflott\u00e1k, \u00fcgyfelek, \u00fczembentart\u00f3k, stb. szerinti bont\u00e1sban<\/li>\n<li>\u00datd\u00edjfizet\u00e9ssel kapcsolatos adatainak szakmai eszk\u00f6zeibe (TMS, ERP vagy Excel) val\u00f3 automatikus integr\u00e1l\u00e1sa<\/li>\n<\/ul>\n<p>[\/vc_column_text][vc_empty_space]<a href=\"\/wp-content\/uploads\/2016\/06\/Reseau_Allemagne.pdf\" target=\"_blank\" style=\"color: #ffffff\" class=\"qodef-btn qodef-btn-medium qodef-btn-default qodef-btn-custom-hover-color qodef-btn-icon\" data-hover-color=\"#ffffff\" >\n        <span class=\"qodef-btn-text\">H\u00e1l\u00f3zati lefedetts\u00e9g N\u00e9metorsz\u00e1gban<\/span>\n    <span class=\"qodef-btn-text-icon\"><i class=\"qodef-icon-font-awesome fa fa-download \" ><\/i><\/span>\n<\/a>[\/vc_column][vc_column width=&#8221;1\/3&#8243;][vc_single_image image=&#8221;14631&#8243; img_size=&#8221;full&#8221; alignment=&#8221;right&#8221;][\/vc_column][\/vc_row][vc_row content_width=&#8221;grid&#8221; content_aligment=&#8221;center&#8221; css=&#8221;.vc_custom_1760348835116{background-color: #afca0b !important;}&#8221; el_class=&#8221;padtop50 padbot50&#8243;][vc_column][vc_empty_space height=&#8221;15px&#8221;][vc_column_text css=&#8221;.vc_custom_1760347165486{padding-right: 10px !important;padding-left: 10px !important;}&#8221;]<\/p>\n<h3 style=\"text-align: center;\"><span style=\"color: #035e7e;\">Tov\u00e1bbi inform\u00e1ci\u00f3k\u00e9rt \u00fcgyf\u00e9lszolg\u00e1latunk \u00e1ll rendelkez\u00e9s\u00e9re.<\/span><\/h3>\n<p>[\/vc_column_text][vc_empty_space]<a href=\"mailto:support@lumesia.com\" target=\"_self\" style=\"color: #035e7e;border-color: #035e7e;margin: 10\" class=\"qodef-btn qodef-btn-small qodef-btn-outline qodef-btn-icon\"  >\n        <span class=\"qodef-btn-text\">Kapcsolatfelv\u00e9tel az \u00e9rt\u00e9kes\u00edt\u0151vel<\/span>\n    <span class=\"qodef-btn-text-icon\"><i class=\"qodef-icon-simple-line-icon icon-arrow-right \" ><\/i><\/span>\n<\/a>[\/vc_column][\/vc_row]<\/p>\n","protected":false},"excerpt":{"rendered":"<p>[vc_row content_width=&#8221;grid&#8221; el_class=&#8221;padtop50 padbot50&#8243;][vc_column][vc_column_text] \u00datd\u00edjfizet\u0151 rendszer N\u00e9metorsz\u00e1gban &nbsp; Minden 7,5t-n\u00e1l nehezebb g\u00e9pj\u00e1rm\u0171nek amely a n\u00e9met aut\u00f3p\u00e1ly\u00e1kon, illetve sz\u00f6vets\u00e9gi utakon k\u00f6zlekedik, \u00fatd\u00edjat&#8230;<\/p>\n","protected":false},"author":23,"featured_media":0,"parent":4749,"menu_order":0,"comment_status":"closed","ping_status":"closed","template":"full-width.php","meta":{"footnotes":""},"class_list":["post-4757","page","type-page","status-publish","hentry"],"yoast_head":"<!-- This site is optimized with the Yoast SEO Premium plugin v26.7 (Yoast SEO v26.7) - https:\/\/yoast.com\/wordpress\/plugins\/seo\/ -->\n<title>N\u00e9metorsz\u00e1g - Eurotoll<\/title>\n<meta name=\"robots\" content=\"index, follow, max-snippet:-1, max-image-preview:large, max-video-preview:-1\" \/>\n<link rel=\"canonical\" href=\"https:\/\/www.Eurotoll.eu\/hu\/ajanlatunk\/nemetorszag\/\" \/>\n<meta property=\"og:locale\" content=\"hu_HU\" \/>\n<meta property=\"og:type\" content=\"article\" \/>\n<meta property=\"og:title\" content=\"N\u00e9metorsz\u00e1g\" \/>\n<meta property=\"og:description\" content=\"[vc_row content_width=&#8221;grid&#8221; el_class=&#8221;padtop50 padbot50&#8243;][vc_column][vc_column_text] \u00datd\u00edjfizet\u0151 rendszer N\u00e9metorsz\u00e1gban &nbsp; Minden 7,5t-n\u00e1l nehezebb g\u00e9pj\u00e1rm\u0171nek amely a n\u00e9met aut\u00f3p\u00e1ly\u00e1kon, illetve sz\u00f6vets\u00e9gi utakon k\u00f6zlekedik, \u00fatd\u00edjat...\" \/>\n<meta property=\"og:url\" content=\"https:\/\/www.Eurotoll.eu\/hu\/ajanlatunk\/nemetorszag\/\" \/>\n<meta property=\"og:site_name\" content=\"Eurotoll\" \/>\n<meta property=\"article:modified_time\" content=\"2025-11-17T15:01:18+00:00\" \/>\n<meta name=\"twitter:card\" content=\"summary_large_image\" \/>\n<meta name=\"twitter:label1\" content=\"Becs\u00fclt olvas\u00e1si id\u0151\" \/>\n\t<meta name=\"twitter:data1\" content=\"2 perc\" \/>\n<script type=\"application\/ld+json\" class=\"yoast-schema-graph\">{\"@context\":\"https:\/\/schema.org\",\"@graph\":[{\"@type\":\"WebPage\",\"@id\":\"https:\/\/www.Eurotoll.eu\/hu\/ajanlatunk\/nemetorszag\/\",\"url\":\"https:\/\/www.Eurotoll.eu\/hu\/ajanlatunk\/nemetorszag\/\",\"name\":\"N\u00e9metorsz\u00e1g - Eurotoll\",\"isPartOf\":{\"@id\":\"https:\/\/www.Eurotoll.eu\/hu\/#website\"},\"datePublished\":\"2016-06-13T14:28:41+00:00\",\"dateModified\":\"2025-11-17T15:01:18+00:00\",\"breadcrumb\":{\"@id\":\"https:\/\/www.Eurotoll.eu\/hu\/ajanlatunk\/nemetorszag\/#breadcrumb\"},\"inLanguage\":\"hu\",\"potentialAction\":[{\"@type\":\"ReadAction\",\"target\":[\"https:\/\/www.Eurotoll.eu\/hu\/ajanlatunk\/nemetorszag\/\"]}]},{\"@type\":\"BreadcrumbList\",\"@id\":\"https:\/\/www.Eurotoll.eu\/hu\/ajanlatunk\/nemetorszag\/#breadcrumb\",\"itemListElement\":[{\"@type\":\"ListItem\",\"position\":1,\"name\":\"Accueil\",\"item\":\"https:\/\/www.Eurotoll.eu\/hu\/\"},{\"@type\":\"ListItem\",\"position\":2,\"name\":\"Aj\u00e1nlatunk\",\"item\":\"https:\/\/www.Eurotoll.eu\/hu\/ajanlatunk\/\"},{\"@type\":\"ListItem\",\"position\":3,\"name\":\"N\u00e9metorsz\u00e1g\"}]},{\"@type\":\"WebSite\",\"@id\":\"https:\/\/www.Eurotoll.eu\/hu\/#website\",\"url\":\"https:\/\/www.Eurotoll.eu\/hu\/\",\"name\":\"Eurotoll\",\"description\":\"Acteur cl\u00e9 du t\u00e9l\u00e9p\u00e9age en Europe\",\"potentialAction\":[{\"@type\":\"SearchAction\",\"target\":{\"@type\":\"EntryPoint\",\"urlTemplate\":\"https:\/\/www.Eurotoll.eu\/hu\/?s={search_term_string}\"},\"query-input\":{\"@type\":\"PropertyValueSpecification\",\"valueRequired\":true,\"valueName\":\"search_term_string\"}}],\"inLanguage\":\"hu\"}]}<\/script>\n<!-- \/ Yoast SEO Premium plugin. -->","yoast_head_json":{"title":"N\u00e9metorsz\u00e1g - Eurotoll","robots":{"index":"index","follow":"follow","max-snippet":"max-snippet:-1","max-image-preview":"max-image-preview:large","max-video-preview":"max-video-preview:-1"},"canonical":"https:\/\/www.Eurotoll.eu\/hu\/ajanlatunk\/nemetorszag\/","og_locale":"hu_HU","og_type":"article","og_title":"N\u00e9metorsz\u00e1g","og_description":"[vc_row content_width=&#8221;grid&#8221; el_class=&#8221;padtop50 padbot50&#8243;][vc_column][vc_column_text] \u00datd\u00edjfizet\u0151 rendszer N\u00e9metorsz\u00e1gban &nbsp; Minden 7,5t-n\u00e1l nehezebb g\u00e9pj\u00e1rm\u0171nek amely a n\u00e9met aut\u00f3p\u00e1ly\u00e1kon, illetve sz\u00f6vets\u00e9gi utakon k\u00f6zlekedik, \u00fatd\u00edjat...","og_url":"https:\/\/www.Eurotoll.eu\/hu\/ajanlatunk\/nemetorszag\/","og_site_name":"Eurotoll","article_modified_time":"2025-11-17T15:01:18+00:00","twitter_card":"summary_large_image","twitter_misc":{"Becs\u00fclt olvas\u00e1si id\u0151":"2 perc"},"schema":{"@context":"https:\/\/schema.org","@graph":[{"@type":"WebPage","@id":"https:\/\/www.Eurotoll.eu\/hu\/ajanlatunk\/nemetorszag\/","url":"https:\/\/www.Eurotoll.eu\/hu\/ajanlatunk\/nemetorszag\/","name":"N\u00e9metorsz\u00e1g - Eurotoll","isPartOf":{"@id":"https:\/\/www.Eurotoll.eu\/hu\/#website"},"datePublished":"2016-06-13T14:28:41+00:00","dateModified":"2025-11-17T15:01:18+00:00","breadcrumb":{"@id":"https:\/\/www.Eurotoll.eu\/hu\/ajanlatunk\/nemetorszag\/#breadcrumb"},"inLanguage":"hu","potentialAction":[{"@type":"ReadAction","target":["https:\/\/www.Eurotoll.eu\/hu\/ajanlatunk\/nemetorszag\/"]}]},{"@type":"BreadcrumbList","@id":"https:\/\/www.Eurotoll.eu\/hu\/ajanlatunk\/nemetorszag\/#breadcrumb","itemListElement":[{"@type":"ListItem","position":1,"name":"Accueil","item":"https:\/\/www.Eurotoll.eu\/hu\/"},{"@type":"ListItem","position":2,"name":"Aj\u00e1nlatunk","item":"https:\/\/www.Eurotoll.eu\/hu\/ajanlatunk\/"},{"@type":"ListItem","position":3,"name":"N\u00e9metorsz\u00e1g"}]},{"@type":"WebSite","@id":"https:\/\/www.Eurotoll.eu\/hu\/#website","url":"https:\/\/www.Eurotoll.eu\/hu\/","name":"Eurotoll","description":"Acteur cl\u00e9 du t\u00e9l\u00e9p\u00e9age en Europe","potentialAction":[{"@type":"SearchAction","target":{"@type":"EntryPoint","urlTemplate":"https:\/\/www.Eurotoll.eu\/hu\/?s={search_term_string}"},"query-input":{"@type":"PropertyValueSpecification","valueRequired":true,"valueName":"search_term_string"}}],"inLanguage":"hu"}]}},"_links":{"self":[{"href":"https:\/\/www.Eurotoll.eu\/hu\/wp-json\/wp\/v2\/pages\/4757","targetHints":{"allow":["GET"]}}],"collection":[{"href":"https:\/\/www.Eurotoll.eu\/hu\/wp-json\/wp\/v2\/pages"}],"about":[{"href":"https:\/\/www.Eurotoll.eu\/hu\/wp-json\/wp\/v2\/types\/page"}],"author":[{"embeddable":true,"href":"https:\/\/www.Eurotoll.eu\/hu\/wp-json\/wp\/v2\/users\/23"}],"replies":[{"embeddable":true,"href":"https:\/\/www.Eurotoll.eu\/hu\/wp-json\/wp\/v2\/comments?post=4757"}],"version-history":[{"count":19,"href":"https:\/\/www.Eurotoll.eu\/hu\/wp-json\/wp\/v2\/pages\/4757\/revisions"}],"predecessor-version":[{"id":19466,"href":"https:\/\/www.Eurotoll.eu\/hu\/wp-json\/wp\/v2\/pages\/4757\/revisions\/19466"}],"up":[{"embeddable":true,"href":"https:\/\/www.Eurotoll.eu\/hu\/wp-json\/wp\/v2\/pages\/4749"}],"wp:attachment":[{"href":"https:\/\/www.Eurotoll.eu\/hu\/wp-json\/wp\/v2\/media?parent=4757"}],"curies":[{"name":"wp","href":"https:\/\/api.w.org\/{rel}","templated":true}]}}