{"id":4760,"date":"2016-06-13T18:18:18","date_gmt":"2016-06-13T16:18:18","guid":{"rendered":"http:\/\/80.75.152.85\/hu\/ajanlatunk\/autriche\/"},"modified":"2025-11-17T15:58:27","modified_gmt":"2025-11-17T14:58:27","slug":"ausztria","status":"publish","type":"page","link":"https:\/\/www.Eurotoll.eu\/hu\/ajanlatunk\/ausztria\/","title":{"rendered":"Ausztria"},"content":{"rendered":"<p>[vc_row content_width=&#8221;grid&#8221; el_class=&#8221;padtop50 padbot50&#8243;][vc_column][vc_column_text]<\/p>\n<h2><span style=\"color: #035e7e;\">Elektronikus \u00fatd\u00edjfizet\u00e9si rendszer Ausztri\u00e1ban: GO Maut<\/span><\/h2>\n<p>&nbsp;<\/p>\n<p>Ausztri\u00e1ban az elektronikus \u00fatd\u00edjfizet\u00e9s az Asfinag \u00e1ltal ny\u00fajtott speci\u00e1lis k\u00e9sz\u00fcl\u00e9kkel t\u00f6rt\u00e9nik. 2016 nyar\u00e1t\u00f3l Lumesia k\u00e9sz\u00fcl\u00e9kkel lehets\u00e9ges Ausztri\u00e1n val\u00f3 \u00e1thalad\u00e1s. Ezek a k\u00e9sz\u00fcl\u00e9kek az \u00fatd\u00edjfizet\u0151 s\u00e1vban elhelyezett kapun val\u00f3 \u00e1thalad\u00e1skor vev\u0151k\u00e9sz\u00fcl\u00e9kek \u00e1ltal \u00e9rz\u00e9keltek.<\/p>\n<p>Minden osztr\u00e1k aut\u00f3p\u00e1ly\u00e1n \u00e9s gyorsforgalmi \u00faton k\u00f6zleked\u0151 3,5 tonn\u00e1n\u00e1l nagyobb neh\u00e9z teherg\u00e9pj\u00e1rm\u0171 \u00e9s aut\u00f3busz ut\u00e1n \u00fatd\u00edjat kell fizetni.[\/vc_column_text][vc_row_inner el_class=&#8221;padtop50&#8243;][vc_column_inner width=&#8221;2\/3&#8243;][vc_column_text]<\/p>\n<h3><span style=\"color: #035e7e;\">Az \u00fatad\u00f3 m\u00e9rt\u00e9ke az al\u00e1bbiakt\u00f3l f\u00fcgg:<\/span><\/h3>\n<p>&nbsp;<\/p>\n<ul>\n<li>A h\u00e1l\u00f3zaton megtett kilom\u00e9terek sz\u00e1m\u00e1t\u00f3l<\/li>\n<li>A g\u00e9pj\u00e1rm\u0171 tengelyeinek sz\u00e1m\u00e1t\u00f3l<\/li>\n<li>A g\u00e9pj\u00e1rm\u0171 EURO besorol\u00e1s\u00e1t\u00f3l<\/li>\n<\/ul>\n<p>[\/vc_column_text][vc_empty_space height=&#8221;50px&#8221;]<a href=\"https:\/\/go-maut.at\/hu\/go-utdij-befizetese\/go-utdijtarifa\/\" target=\"_blank\" style=\"color: #035e7e;border-color: #035e7e\" class=\"qodef-btn qodef-btn-small qodef-btn-outline qodef-btn-custom-border-hover qodef-btn-custom-hover-color qodef-btn-icon marginright15\" data-hover-color=\"#035e7e\" data-hover-border-color=\"#035e7e\" >\n        <span class=\"qodef-btn-text\">Tekintse meg az osztr\u00e1k d\u00edjakat itt<\/span>\n    <span class=\"qodef-btn-text-icon\"><i class=\"qodef-icon-simple-line-icon icon-arrow-right-circle \" ><\/i><\/span>\n<\/a>[\/vc_column_inner][vc_column_inner width=&#8221;1\/3&#8243;][\/vc_column_inner][\/vc_row_inner][vc_row_inner el_class=&#8221;padtop50&#8243;][vc_column_inner width=&#8221;2\/3&#8243;][vc_column_text]<\/p>\n<h3><span style=\"color: #035e7e;\">B\u00fcntet\u00e9s \u00e9s ellen\u0151rz\u00e9s:<\/span><\/h3>\n<p>&nbsp;<\/p>\n<p><strong>Manu\u00e1lis ellen\u0151rz\u00e9s<\/strong><\/p>\n<p>Az ellen\u0151rz\u00e9s a k\u00f6z\u00fati k\u00f6zleked\u00e9s ellen\u0151rz\u00e9si pontjain \u00e9s parkol\u00f3kban vagy a k\u00f6zleked\u00e9s sor\u00e1n t\u00f6rt\u00e9nik.<\/p>\n<p>&nbsp;<\/p>\n<p><strong>Automatikus ellen\u0151rz\u00e9s<\/strong><\/p>\n<p>Az automatikus ellen\u0151rz\u00e9s az \u00fatd\u00edjfizet\u00e9si kapukra kihelyezett ellen\u0151rz\u0151 kamer\u00e1kkal t\u00f6rt\u00e9nik. L\u00e9teznek hordozhat\u00f3 ellen\u0151rz\u0151 berendez\u00e9sek is, amelyek hely\u00e9t rendszeresen v\u00e1ltoztatj\u00e1k.<\/p>\n<p>&nbsp;<\/p>\n<p>Hat\u00f3s\u00e1gi b\u00fcntet\u00e9s szabhat\u00f3 ki minden olyan szem\u00e9ly ellen, aki nem fizeti ki megfelel\u0151 m\u00f3don az \u00fatd\u00edjat. A b\u00fcntet\u00e9s \u00f6sszege 300 &#8211; 3 000 eur\u00f3 k\u00f6z\u00f6tt van.<\/p>\n<p>&nbsp;<\/p>\n<p>L\u00e9pjen vel\u00fcnk kapcsolatba, amennyiben N\u00e9metorsz\u00e1gban is k\u00f6zlekedik.[\/vc_column_text][vc_empty_space height=&#8221;50px&#8221;]<a href=\"mailto:support@lumesia.com\" target=\"_self\" style=\"color: #ffffff;background-color: #035e7e;border-color: #035e7e\" class=\"qodef-btn qodef-btn-small qodef-btn-outline qodef-btn-custom-hover-bg qodef-btn-custom-border-hover qodef-btn-custom-hover-color qodef-btn-icon\" data-hover-bg-color=\"#035e7e\" data-hover-color=\"#ffffff\" data-hover-border-color=\"#035e7e\" >\n        <span class=\"qodef-btn-text\">Aj\u00e1nlatk\u00e9r\u00e9s<\/span>\n    <span class=\"qodef-btn-text-icon\"><i class=\"qodef-icon-simple-line-icon icon-arrow-right-circle \" ><\/i><\/span>\n<\/a>[\/vc_column_inner][vc_column_inner width=&#8221;1\/3&#8243;][\/vc_column_inner][\/vc_row_inner][\/vc_column][\/vc_row][vc_row el_class=&#8221;spepadleft white&#8221; css=&#8221;.vc_custom_1758931016937{background-color: #035e7e !important;}&#8221; el_id=&#8221;plus-service-eurotoll&#8221;][vc_column width=&#8221;2\/3&#8243; el_class=&#8221;padtop50 padbot50&#8243;][vc_column_text]<\/p>\n<h4>Az Lumesia tov\u00e1bbi szolg\u00e1ltat\u00e1sai:<\/h4>\n<p>&nbsp;<\/p>\n<ul>\n<li>Az \u00fatd\u00edj k\u00f6lts\u00e9gek optimaliz\u00e1l\u00e1sa<\/li>\n<li>Tev\u00e9kenys\u00e9g\u00e9nek nyomon k\u00f6vet\u00e9se szem\u00e9lyre szabott kimutat\u00e1sokon kereszt\u00fcl<\/li>\n<li>Az \u00fatd\u00edjfizet\u00e9sre k\u00f6telezett h\u00e1l\u00f3zaton val\u00f3 k\u00f6zleked\u00e9s ellen\u0151rz\u00e9se g\u00e9pj\u00e1rm\u0171vek szerinti bont\u00e1sban<\/li>\n<li>Szem\u00e9lyre szabott jelent\u00e9sek alflott\u00e1k, \u00fcgyfelek, \u00fczembentart\u00f3k, stb. szerinti bont\u00e1sban<\/li>\n<li>\u00datd\u00edjfizet\u00e9ssel kapcsolatos adatainak szakmai eszk\u00f6zeibe (TMS, ERP vagy Excel) val\u00f3 automatikus integr\u00e1l\u00e1sa<\/li>\n<\/ul>\n<p>[\/vc_column_text][\/vc_column][vc_column width=&#8221;1\/3&#8243;][vc_single_image image=&#8221;3480&#8243; img_size=&#8221;full&#8221;][\/vc_column][\/vc_row][vc_row content_width=&#8221;grid&#8221; content_aligment=&#8221;center&#8221; css=&#8221;.vc_custom_1760348835116{background-color: #afca0b !important;}&#8221; el_class=&#8221;padtop50 padbot50&#8243;][vc_column][vc_empty_space height=&#8221;15px&#8221;][vc_column_text css=&#8221;.vc_custom_1760347165486{padding-right: 10px !important;padding-left: 10px !important;}&#8221;]<\/p>\n<h3 style=\"text-align: center;\"><span style=\"color: #035e7e;\">Tov\u00e1bbi inform\u00e1ci\u00f3k\u00e9rt \u00fcgyf\u00e9lszolg\u00e1latunk \u00e1ll rendelkez\u00e9s\u00e9re.<\/span><\/h3>\n<p>[\/vc_column_text][vc_empty_space]<a href=\"mailto:support@lumesia.com\" target=\"_self\" style=\"color: #035e7e;border-color: #035e7e;margin: 10\" class=\"qodef-btn qodef-btn-small qodef-btn-outline qodef-btn-icon\"  >\n        <span class=\"qodef-btn-text\">Kapcsolatfelv\u00e9tel az \u00e9rt\u00e9kes\u00edt\u0151vel<\/span>\n    <span class=\"qodef-btn-text-icon\"><i class=\"qodef-icon-simple-line-icon icon-arrow-right \" ><\/i><\/span>\n<\/a>[\/vc_column][\/vc_row]<\/p>\n","protected":false},"excerpt":{"rendered":"<p>[vc_row content_width=&#8221;grid&#8221; el_class=&#8221;padtop50 padbot50&#8243;][vc_column][vc_column_text] Elektronikus \u00fatd\u00edjfizet\u00e9si rendszer Ausztri\u00e1ban: GO Maut &nbsp; Ausztri\u00e1ban az elektronikus \u00fatd\u00edjfizet\u00e9s az Asfinag \u00e1ltal ny\u00fajtott speci\u00e1lis k\u00e9sz\u00fcl\u00e9kkel&#8230;<\/p>\n","protected":false},"author":23,"featured_media":0,"parent":4749,"menu_order":0,"comment_status":"closed","ping_status":"closed","template":"full-width.php","meta":{"footnotes":""},"class_list":["post-4760","page","type-page","status-publish","hentry"],"yoast_head":"<!-- This site is optimized with the Yoast SEO Premium plugin v26.7 (Yoast SEO v26.7) - https:\/\/yoast.com\/wordpress\/plugins\/seo\/ -->\n<title>Ausztria - Eurotoll<\/title>\n<meta name=\"robots\" content=\"index, follow, max-snippet:-1, max-image-preview:large, max-video-preview:-1\" \/>\n<link rel=\"canonical\" href=\"https:\/\/www.Eurotoll.eu\/hu\/ajanlatunk\/ausztria\/\" \/>\n<meta property=\"og:locale\" content=\"hu_HU\" \/>\n<meta property=\"og:type\" content=\"article\" \/>\n<meta property=\"og:title\" content=\"Ausztria\" \/>\n<meta property=\"og:description\" content=\"[vc_row content_width=&#8221;grid&#8221; el_class=&#8221;padtop50 padbot50&#8243;][vc_column][vc_column_text] Elektronikus \u00fatd\u00edjfizet\u00e9si rendszer Ausztri\u00e1ban: GO Maut &nbsp; Ausztri\u00e1ban az elektronikus \u00fatd\u00edjfizet\u00e9s az Asfinag \u00e1ltal ny\u00fajtott speci\u00e1lis k\u00e9sz\u00fcl\u00e9kkel...\" \/>\n<meta property=\"og:url\" content=\"https:\/\/www.Eurotoll.eu\/hu\/ajanlatunk\/ausztria\/\" \/>\n<meta property=\"og:site_name\" content=\"Eurotoll\" \/>\n<meta property=\"article:modified_time\" content=\"2025-11-17T14:58:27+00:00\" \/>\n<meta name=\"twitter:card\" content=\"summary_large_image\" \/>\n<meta name=\"twitter:label1\" content=\"Becs\u00fclt olvas\u00e1si id\u0151\" \/>\n\t<meta name=\"twitter:data1\" content=\"2 perc\" \/>\n<script type=\"application\/ld+json\" class=\"yoast-schema-graph\">{\"@context\":\"https:\/\/schema.org\",\"@graph\":[{\"@type\":\"WebPage\",\"@id\":\"https:\/\/www.Eurotoll.eu\/hu\/ajanlatunk\/ausztria\/\",\"url\":\"https:\/\/www.Eurotoll.eu\/hu\/ajanlatunk\/ausztria\/\",\"name\":\"Ausztria - Eurotoll\",\"isPartOf\":{\"@id\":\"https:\/\/www.Eurotoll.eu\/hu\/#website\"},\"datePublished\":\"2016-06-13T16:18:18+00:00\",\"dateModified\":\"2025-11-17T14:58:27+00:00\",\"breadcrumb\":{\"@id\":\"https:\/\/www.Eurotoll.eu\/hu\/ajanlatunk\/ausztria\/#breadcrumb\"},\"inLanguage\":\"hu\",\"potentialAction\":[{\"@type\":\"ReadAction\",\"target\":[\"https:\/\/www.Eurotoll.eu\/hu\/ajanlatunk\/ausztria\/\"]}]},{\"@type\":\"BreadcrumbList\",\"@id\":\"https:\/\/www.Eurotoll.eu\/hu\/ajanlatunk\/ausztria\/#breadcrumb\",\"itemListElement\":[{\"@type\":\"ListItem\",\"position\":1,\"name\":\"Accueil\",\"item\":\"https:\/\/www.Eurotoll.eu\/hu\/\"},{\"@type\":\"ListItem\",\"position\":2,\"name\":\"Aj\u00e1nlatunk\",\"item\":\"https:\/\/www.Eurotoll.eu\/hu\/ajanlatunk\/\"},{\"@type\":\"ListItem\",\"position\":3,\"name\":\"Ausztria\"}]},{\"@type\":\"WebSite\",\"@id\":\"https:\/\/www.Eurotoll.eu\/hu\/#website\",\"url\":\"https:\/\/www.Eurotoll.eu\/hu\/\",\"name\":\"Eurotoll\",\"description\":\"Acteur cl\u00e9 du t\u00e9l\u00e9p\u00e9age en Europe\",\"potentialAction\":[{\"@type\":\"SearchAction\",\"target\":{\"@type\":\"EntryPoint\",\"urlTemplate\":\"https:\/\/www.Eurotoll.eu\/hu\/?s={search_term_string}\"},\"query-input\":{\"@type\":\"PropertyValueSpecification\",\"valueRequired\":true,\"valueName\":\"search_term_string\"}}],\"inLanguage\":\"hu\"}]}<\/script>\n<!-- \/ Yoast SEO Premium plugin. -->","yoast_head_json":{"title":"Ausztria - Eurotoll","robots":{"index":"index","follow":"follow","max-snippet":"max-snippet:-1","max-image-preview":"max-image-preview:large","max-video-preview":"max-video-preview:-1"},"canonical":"https:\/\/www.Eurotoll.eu\/hu\/ajanlatunk\/ausztria\/","og_locale":"hu_HU","og_type":"article","og_title":"Ausztria","og_description":"[vc_row content_width=&#8221;grid&#8221; el_class=&#8221;padtop50 padbot50&#8243;][vc_column][vc_column_text] Elektronikus \u00fatd\u00edjfizet\u00e9si rendszer Ausztri\u00e1ban: GO Maut &nbsp; Ausztri\u00e1ban az elektronikus \u00fatd\u00edjfizet\u00e9s az Asfinag \u00e1ltal ny\u00fajtott speci\u00e1lis k\u00e9sz\u00fcl\u00e9kkel...","og_url":"https:\/\/www.Eurotoll.eu\/hu\/ajanlatunk\/ausztria\/","og_site_name":"Eurotoll","article_modified_time":"2025-11-17T14:58:27+00:00","twitter_card":"summary_large_image","twitter_misc":{"Becs\u00fclt olvas\u00e1si id\u0151":"2 perc"},"schema":{"@context":"https:\/\/schema.org","@graph":[{"@type":"WebPage","@id":"https:\/\/www.Eurotoll.eu\/hu\/ajanlatunk\/ausztria\/","url":"https:\/\/www.Eurotoll.eu\/hu\/ajanlatunk\/ausztria\/","name":"Ausztria - Eurotoll","isPartOf":{"@id":"https:\/\/www.Eurotoll.eu\/hu\/#website"},"datePublished":"2016-06-13T16:18:18+00:00","dateModified":"2025-11-17T14:58:27+00:00","breadcrumb":{"@id":"https:\/\/www.Eurotoll.eu\/hu\/ajanlatunk\/ausztria\/#breadcrumb"},"inLanguage":"hu","potentialAction":[{"@type":"ReadAction","target":["https:\/\/www.Eurotoll.eu\/hu\/ajanlatunk\/ausztria\/"]}]},{"@type":"BreadcrumbList","@id":"https:\/\/www.Eurotoll.eu\/hu\/ajanlatunk\/ausztria\/#breadcrumb","itemListElement":[{"@type":"ListItem","position":1,"name":"Accueil","item":"https:\/\/www.Eurotoll.eu\/hu\/"},{"@type":"ListItem","position":2,"name":"Aj\u00e1nlatunk","item":"https:\/\/www.Eurotoll.eu\/hu\/ajanlatunk\/"},{"@type":"ListItem","position":3,"name":"Ausztria"}]},{"@type":"WebSite","@id":"https:\/\/www.Eurotoll.eu\/hu\/#website","url":"https:\/\/www.Eurotoll.eu\/hu\/","name":"Eurotoll","description":"Acteur cl\u00e9 du t\u00e9l\u00e9p\u00e9age en Europe","potentialAction":[{"@type":"SearchAction","target":{"@type":"EntryPoint","urlTemplate":"https:\/\/www.Eurotoll.eu\/hu\/?s={search_term_string}"},"query-input":{"@type":"PropertyValueSpecification","valueRequired":true,"valueName":"search_term_string"}}],"inLanguage":"hu"}]}},"_links":{"self":[{"href":"https:\/\/www.Eurotoll.eu\/hu\/wp-json\/wp\/v2\/pages\/4760","targetHints":{"allow":["GET"]}}],"collection":[{"href":"https:\/\/www.Eurotoll.eu\/hu\/wp-json\/wp\/v2\/pages"}],"about":[{"href":"https:\/\/www.Eurotoll.eu\/hu\/wp-json\/wp\/v2\/types\/page"}],"author":[{"embeddable":true,"href":"https:\/\/www.Eurotoll.eu\/hu\/wp-json\/wp\/v2\/users\/23"}],"replies":[{"embeddable":true,"href":"https:\/\/www.Eurotoll.eu\/hu\/wp-json\/wp\/v2\/comments?post=4760"}],"version-history":[{"count":16,"href":"https:\/\/www.Eurotoll.eu\/hu\/wp-json\/wp\/v2\/pages\/4760\/revisions"}],"predecessor-version":[{"id":19452,"href":"https:\/\/www.Eurotoll.eu\/hu\/wp-json\/wp\/v2\/pages\/4760\/revisions\/19452"}],"up":[{"embeddable":true,"href":"https:\/\/www.Eurotoll.eu\/hu\/wp-json\/wp\/v2\/pages\/4749"}],"wp:attachment":[{"href":"https:\/\/www.Eurotoll.eu\/hu\/wp-json\/wp\/v2\/media?parent=4760"}],"curies":[{"name":"wp","href":"https:\/\/api.w.org\/{rel}","templated":true}]}}