{"id":4808,"date":"2016-06-13T22:32:33","date_gmt":"2016-06-13T20:32:33","guid":{"rendered":"http:\/\/80.75.152.85\/hu\/ajanlatunk\/republique-tcheque\/"},"modified":"2025-11-17T15:59:19","modified_gmt":"2025-11-17T14:59:19","slug":"cseh-koztarsasag","status":"publish","type":"page","link":"https:\/\/www.Eurotoll.eu\/hu\/ajanlatunk\/cseh-koztarsasag\/","title":{"rendered":"Cseh K\u00f6zt\u00e1rsas\u00e1g"},"content":{"rendered":"<p>[vc_row content_width=&#8221;grid&#8221; el_class=&#8221;padtop50 padbot50&#8243;][vc_column][vc_column_text]<\/p>\n<h2><span style=\"color: #035e7e;\">Elektronikus \u00fatd\u00edjfizet\u00e9si rendszer Cseh K\u00f6zt\u00e1rsas\u00e1gban: Myto CZ<\/span><\/h2>\n<p>&nbsp;<\/p>\n<p>Csehorsz\u00e1gban az elektronikus \u00fatd\u00edjfizet\u00e9s speci\u00e1lis k\u00e9sz\u00fcl\u00e9kkel t\u00f6rt\u00e9nik. A fed\u00e9lzeti k\u00e9sz\u00fcl\u00e9ket (OBU) az \u00fatd\u00edjfizet\u0151 s\u00e1vban elhelyezett kapun val\u00f3 \u00e1thalad\u00e1skor vev\u0151k\u00e9sz\u00fcl\u00e9k \u00e9rz\u00e9keli. Minden, az 1 430 kilom\u00e9ter hossz\u00fa cseh \u00fath\u00e1l\u00f3zaton k\u00f6zleked\u0151 3,5 tonn\u00e1n\u00e1l nagyobb neh\u00e9z teherg\u00e9pj\u00e1rm\u0171nek \u00e9s aut\u00f3busznak \u00fatd\u00edjat kell fizetni.<\/p>\n<p>&nbsp;<\/p>\n<p><em><strong>2019 december 1-\u00e9n<\/strong> \u00faj elektronikus \u00fatd\u00edjrendszer ker\u00fclt bevezet\u00e9sre, \u00faj fed\u00e9lzeti egys\u00e9gekkel. Ett\u0151l a d\u00e1tumt\u00f3l sz\u00e1m\u00edtva, az \u00fatd\u00edjk\u00f6teles \u00fath\u00e1l\u00f3zatokon csak az \u00faj rendszerben regisztr\u00e1lt j\u00e1rm\u0171vekkel \u00e9s \u00faj t\u00edpus\u00fa fed\u00e9lzeti egys\u00e9gekkel lehets\u00e9ges a k\u00f6zleked\u00e9s. Az Eurotoll megk\u00f6nny\u00edti a v\u00e1lt\u00e1st, hiszen minden regisztr\u00e1ci\u00f3s formalit\u00e1st elv\u00e9gez, \u00e9s beszerzi a megfelel\u0151 OBU-kat.<\/em><\/p>\n<p>&nbsp;<\/p>\n<h3><span style=\"color: #035e7e;\" data-sheets-value=\"{&quot;1&quot;:2,&quot;2&quot;:&quot;Les tarifs sont calcul\\u00e9s en fonction:&quot;}\" data-sheets-userformat=\"{&quot;2&quot;:14913,&quot;3&quot;:{&quot;1&quot;:0},&quot;9&quot;:0,&quot;12&quot;:0,&quot;14&quot;:{&quot;1&quot;:2,&quot;2&quot;:1136076},&quot;15&quot;:&quot;Calibri&quot;,&quot;16&quot;:12}\">A d\u00edjakat az al\u00e1bbiak alapj\u00e1n sz\u00e1molj\u00e1k ki:<\/span><\/h3>\n<ul>\n<li>Az ig\u00e9nybe vett \u00fat t\u00edpusa (aut\u00f3p\u00e1lya, orsz\u00e1g\u00fat, els\u0151 oszt\u00e1ly\u00fa \u00fat)<\/li>\n<li>Az utaz\u00e1s id\u0151pontja<\/li>\n<li>A g\u00e9pj\u00e1rm\u0171 t\u00edpusa (neh\u00e9z teherg\u00e9pj\u00e1rm\u0171, aut\u00f3busz)<\/li>\n<li>A tengelyek sz\u00e1ma<\/li>\n<\/ul>\n<p>[\/vc_column_text][vc_empty_space height=&#8221;50px&#8221;]<a href=\"https:\/\/mytocz.eu\/hu\/customer-services\/toll-calculator\" target=\"_blank\" style=\"color: #035e7e;border-color: #035e7e\" class=\"qodef-btn qodef-btn-small qodef-btn-outline qodef-btn-custom-border-hover qodef-btn-custom-hover-color qodef-btn-icon\" data-hover-color=\"#035e7e\" data-hover-border-color=\"#035e7e\" >\n        <span class=\"qodef-btn-text\">SZ\u00c1M\u00cdTSA KI \u00daTHASZN\u00c1LATI K\u00d6LTS\u00c9G\u00c9T ITT<\/span>\n    <span class=\"qodef-btn-text-icon\"><i class=\"qodef-icon-simple-line-icon icon-arrow-right-circle \" ><\/i><\/span>\n<\/a>[vc_empty_space][vc_column_text]<\/p>\n<h3><span style=\"color: #035e7e;\" data-sheets-value=\"{&quot;1&quot;:2,&quot;2&quot;:&quot;Contr\\u00f4le sanction&quot;}\" data-sheets-userformat=\"{&quot;2&quot;:15041,&quot;3&quot;:{&quot;1&quot;:0},&quot;9&quot;:0,&quot;10&quot;:0,&quot;12&quot;:0,&quot;14&quot;:{&quot;1&quot;:2,&quot;2&quot;:1136076},&quot;15&quot;:&quot;Calibri&quot;,&quot;16&quot;:12}\">B\u00fcntet\u00e9s \u00e9s ellen\u0151rz\u00e9s<\/span><\/h3>\n<p><img loading=\"lazy\" decoding=\"async\" class=\"alignright wp-image-3718 size-medium\" src=\"https:\/\/dev.lumesia.com\/wp-content\/uploads\/2016\/06\/image-portique-surveillance-rep-tcheque-e1468333899838-300x190.png\" width=\"300\" height=\"190\" srcset=\"https:\/\/www.Eurotoll.eu\/wp-content\/uploads\/2016\/06\/image-portique-surveillance-rep-tcheque-e1468333899838-300x190.png 300w, https:\/\/www.Eurotoll.eu\/wp-content\/uploads\/2016\/06\/image-portique-surveillance-rep-tcheque-e1468333899838.png 325w\" sizes=\"auto, (max-width: 300px) 100vw, 300px\" \/><\/p>\n<ul>\n<li>Kamer\u00e1val ellen\u0151rzik hogy a g\u00e9pj\u00e1rm\u0171 rendelkezik -e fed\u00e9lzeti egys\u00e9ggel, \u00e9s az az adott g\u00e9pj\u00e1rm\u0171 rendsz\u00e1m\u00e1ra lett-e regisztr\u00e1lva. Az ellen\u0151rz\u00e9st a rend\u0151rs\u00e9g v\u00e9gzi az \u00e1llam \u00e1ltal fenntartott \u00fatd\u00edjfizet\u0151 helyeken. A szab\u00e1lys\u00e9rt\u0151nek b\u00fcntet\u00e9st kell fizetni, \u00e9s a g\u00e9pj\u00e1rm\u0171vet le\u00e1ll\u00edthatj\u00e1k.<\/li>\n<\/ul>\n<p>[\/vc_column_text][vc_empty_space]<a href=\"mailto:support@lumesia.com\" target=\"_self\" style=\"color: #ffffff;background-color: #035e7e;border-color: #035e7e\" class=\"qodef-btn qodef-btn-small qodef-btn-outline qodef-btn-custom-hover-bg qodef-btn-custom-border-hover qodef-btn-custom-hover-color qodef-btn-icon\" data-hover-bg-color=\"#035e7e\" data-hover-color=\"#ffffff\" data-hover-border-color=\"#035e7e\" >\n        <span class=\"qodef-btn-text\">Aj\u00e1nlatk\u00e9r\u00e9s<\/span>\n    <span class=\"qodef-btn-text-icon\"><i class=\"qodef-icon-simple-line-icon icon-arrow-right-circle \" ><\/i><\/span>\n<\/a>[\/vc_column][\/vc_row][vc_row el_class=&#8221;spepadleft white&#8221; css=&#8221;.vc_custom_1758931480528{background-color: #035e7e !important;}&#8221; el_id=&#8221;plus-service-eurotoll&#8221;][vc_column width=&#8221;2\/3&#8243; el_class=&#8221;padtop50 padbot50&#8243;][vc_column_text]<\/p>\n<h4>Az Lumesia tov\u00e1bbi szolg\u00e1ltat\u00e1sai:<\/h4>\n<p>&nbsp;<\/p>\n<ul>\n<li>\u00datd\u00edj k\u00f6lts\u00e9gei optimaliz\u00e1l\u00e1sa<\/li>\n<li>Tev\u00e9kenys\u00e9g\u00e9nek nyomon k\u00f6vet\u00e9se szem\u00e9lyre szabott kimutat\u00e1sok seg\u00edts\u00e9g\u00e9vel<\/li>\n<li>Az \u00fatd\u00edjfizet\u00e9si h\u00e1l\u00f3zaton t\u00f6rt\u00e9n\u0151 \u00fatjainak ellen\u0151rz\u00e9se g\u00e9pj\u00e1rm\u0171venk\u00e9nt<\/li>\n<li>Szem\u00e9lyre szabott jelent\u00e9sek l\u00e9trehoz\u00e1sa alflott\u00e1k, \u00fcgyfelek, stb. szerinti bont\u00e1sban<\/li>\n<li>\u00datd\u00edjfizet\u00e9ssel kapcsolatos adatainak szakmai eszk\u00f6zeibe (TMS, ERP vagy Excel) val\u00f3 automatikus integr\u00e1l\u00e1sa<\/li>\n<\/ul>\n<p>[\/vc_column_text][vc_empty_space][\/vc_column][vc_column width=&#8221;1\/3&#8243;][vc_single_image image=&#8221;3493&#8243; img_size=&#8221;full&#8221;][\/vc_column][\/vc_row][vc_row content_width=&#8221;grid&#8221; content_aligment=&#8221;center&#8221; css=&#8221;.vc_custom_1760348835116{background-color: #afca0b !important;}&#8221; el_class=&#8221;padtop50 padbot50&#8243;][vc_column][vc_empty_space height=&#8221;15px&#8221;][vc_column_text css=&#8221;.vc_custom_1760347165486{padding-right: 10px !important;padding-left: 10px !important;}&#8221;]<\/p>\n<h3 style=\"text-align: center;\"><span style=\"color: #035e7e;\">Tov\u00e1bbi inform\u00e1ci\u00f3k\u00e9rt \u00fcgyf\u00e9lszolg\u00e1latunk \u00e1ll rendelkez\u00e9s\u00e9re.<\/span><\/h3>\n<p>[\/vc_column_text][vc_empty_space]<a href=\"mailto:support@lumesia.com\" target=\"_self\" style=\"color: #035e7e;border-color: #035e7e;margin: 10\" class=\"qodef-btn qodef-btn-small qodef-btn-outline qodef-btn-icon\"  >\n        <span class=\"qodef-btn-text\">Kapcsolatfelv\u00e9tel az \u00e9rt\u00e9kes\u00edt\u0151vel<\/span>\n    <span class=\"qodef-btn-text-icon\"><i class=\"qodef-icon-simple-line-icon icon-arrow-right \" ><\/i><\/span>\n<\/a>[\/vc_column][\/vc_row]<\/p>\n","protected":false},"excerpt":{"rendered":"<p>[vc_row content_width=&#8221;grid&#8221; el_class=&#8221;padtop50 padbot50&#8243;][vc_column][vc_column_text] Elektronikus \u00fatd\u00edjfizet\u00e9si rendszer Cseh K\u00f6zt\u00e1rsas\u00e1gban: Myto CZ &nbsp; Csehorsz\u00e1gban az elektronikus \u00fatd\u00edjfizet\u00e9s speci\u00e1lis k\u00e9sz\u00fcl\u00e9kkel t\u00f6rt\u00e9nik. A fed\u00e9lzeti&#8230;<\/p>\n","protected":false},"author":23,"featured_media":0,"parent":4749,"menu_order":0,"comment_status":"closed","ping_status":"closed","template":"full-width.php","meta":{"footnotes":""},"class_list":["post-4808","page","type-page","status-publish","hentry"],"yoast_head":"<!-- This site is optimized with the Yoast SEO Premium plugin v26.7 (Yoast SEO v26.7) - https:\/\/yoast.com\/wordpress\/plugins\/seo\/ -->\n<title>Cseh K\u00f6zt\u00e1rsas\u00e1g - Eurotoll<\/title>\n<meta name=\"robots\" content=\"index, follow, max-snippet:-1, max-image-preview:large, max-video-preview:-1\" \/>\n<link rel=\"canonical\" href=\"https:\/\/www.Eurotoll.eu\/hu\/ajanlatunk\/cseh-koztarsasag\/\" \/>\n<meta property=\"og:locale\" content=\"hu_HU\" \/>\n<meta property=\"og:type\" content=\"article\" \/>\n<meta property=\"og:title\" content=\"Cseh K\u00f6zt\u00e1rsas\u00e1g\" \/>\n<meta property=\"og:description\" content=\"[vc_row content_width=&#8221;grid&#8221; el_class=&#8221;padtop50 padbot50&#8243;][vc_column][vc_column_text] Elektronikus \u00fatd\u00edjfizet\u00e9si rendszer Cseh K\u00f6zt\u00e1rsas\u00e1gban: Myto CZ &nbsp; Csehorsz\u00e1gban az elektronikus \u00fatd\u00edjfizet\u00e9s speci\u00e1lis k\u00e9sz\u00fcl\u00e9kkel t\u00f6rt\u00e9nik. A fed\u00e9lzeti...\" \/>\n<meta property=\"og:url\" content=\"https:\/\/www.Eurotoll.eu\/hu\/ajanlatunk\/cseh-koztarsasag\/\" \/>\n<meta property=\"og:site_name\" content=\"Eurotoll\" \/>\n<meta property=\"article:modified_time\" content=\"2025-11-17T14:59:19+00:00\" \/>\n<meta property=\"og:image\" content=\"https:\/\/www.Eurotoll.eu\/wp-content\/uploads\/2016\/06\/image-portique-surveillance-rep-tcheque-e1468333899838.png\" \/>\n\t<meta property=\"og:image:width\" content=\"325\" \/>\n\t<meta property=\"og:image:height\" content=\"206\" \/>\n\t<meta property=\"og:image:type\" content=\"image\/png\" \/>\n<meta name=\"twitter:card\" content=\"summary_large_image\" \/>\n<meta name=\"twitter:label1\" content=\"Becs\u00fclt olvas\u00e1si id\u0151\" \/>\n\t<meta name=\"twitter:data1\" content=\"2 perc\" \/>\n<script type=\"application\/ld+json\" class=\"yoast-schema-graph\">{\"@context\":\"https:\/\/schema.org\",\"@graph\":[{\"@type\":\"WebPage\",\"@id\":\"https:\/\/www.Eurotoll.eu\/hu\/ajanlatunk\/cseh-koztarsasag\/\",\"url\":\"https:\/\/www.Eurotoll.eu\/hu\/ajanlatunk\/cseh-koztarsasag\/\",\"name\":\"Cseh K\u00f6zt\u00e1rsas\u00e1g - Eurotoll\",\"isPartOf\":{\"@id\":\"https:\/\/www.Eurotoll.eu\/hu\/#website\"},\"primaryImageOfPage\":{\"@id\":\"https:\/\/www.Eurotoll.eu\/hu\/ajanlatunk\/cseh-koztarsasag\/#primaryimage\"},\"image\":{\"@id\":\"https:\/\/www.Eurotoll.eu\/hu\/ajanlatunk\/cseh-koztarsasag\/#primaryimage\"},\"thumbnailUrl\":\"https:\/\/dev.lumesia.com\/wp-content\/uploads\/2016\/06\/image-portique-surveillance-rep-tcheque-e1468333899838-300x190.png\",\"datePublished\":\"2016-06-13T20:32:33+00:00\",\"dateModified\":\"2025-11-17T14:59:19+00:00\",\"breadcrumb\":{\"@id\":\"https:\/\/www.Eurotoll.eu\/hu\/ajanlatunk\/cseh-koztarsasag\/#breadcrumb\"},\"inLanguage\":\"hu\",\"potentialAction\":[{\"@type\":\"ReadAction\",\"target\":[\"https:\/\/www.Eurotoll.eu\/hu\/ajanlatunk\/cseh-koztarsasag\/\"]}]},{\"@type\":\"ImageObject\",\"inLanguage\":\"hu\",\"@id\":\"https:\/\/www.Eurotoll.eu\/hu\/ajanlatunk\/cseh-koztarsasag\/#primaryimage\",\"url\":\"https:\/\/dev.lumesia.com\/wp-content\/uploads\/2016\/06\/image-portique-surveillance-rep-tcheque-e1468333899838-300x190.png\",\"contentUrl\":\"https:\/\/dev.lumesia.com\/wp-content\/uploads\/2016\/06\/image-portique-surveillance-rep-tcheque-e1468333899838-300x190.png\"},{\"@type\":\"BreadcrumbList\",\"@id\":\"https:\/\/www.Eurotoll.eu\/hu\/ajanlatunk\/cseh-koztarsasag\/#breadcrumb\",\"itemListElement\":[{\"@type\":\"ListItem\",\"position\":1,\"name\":\"Accueil\",\"item\":\"https:\/\/www.Eurotoll.eu\/hu\/\"},{\"@type\":\"ListItem\",\"position\":2,\"name\":\"Aj\u00e1nlatunk\",\"item\":\"https:\/\/www.Eurotoll.eu\/hu\/ajanlatunk\/\"},{\"@type\":\"ListItem\",\"position\":3,\"name\":\"Cseh K\u00f6zt\u00e1rsas\u00e1g\"}]},{\"@type\":\"WebSite\",\"@id\":\"https:\/\/www.Eurotoll.eu\/hu\/#website\",\"url\":\"https:\/\/www.Eurotoll.eu\/hu\/\",\"name\":\"Eurotoll\",\"description\":\"Acteur cl\u00e9 du t\u00e9l\u00e9p\u00e9age en Europe\",\"potentialAction\":[{\"@type\":\"SearchAction\",\"target\":{\"@type\":\"EntryPoint\",\"urlTemplate\":\"https:\/\/www.Eurotoll.eu\/hu\/?s={search_term_string}\"},\"query-input\":{\"@type\":\"PropertyValueSpecification\",\"valueRequired\":true,\"valueName\":\"search_term_string\"}}],\"inLanguage\":\"hu\"}]}<\/script>\n<!-- \/ Yoast SEO Premium plugin. -->","yoast_head_json":{"title":"Cseh K\u00f6zt\u00e1rsas\u00e1g - Eurotoll","robots":{"index":"index","follow":"follow","max-snippet":"max-snippet:-1","max-image-preview":"max-image-preview:large","max-video-preview":"max-video-preview:-1"},"canonical":"https:\/\/www.Eurotoll.eu\/hu\/ajanlatunk\/cseh-koztarsasag\/","og_locale":"hu_HU","og_type":"article","og_title":"Cseh K\u00f6zt\u00e1rsas\u00e1g","og_description":"[vc_row content_width=&#8221;grid&#8221; el_class=&#8221;padtop50 padbot50&#8243;][vc_column][vc_column_text] Elektronikus \u00fatd\u00edjfizet\u00e9si rendszer Cseh K\u00f6zt\u00e1rsas\u00e1gban: Myto CZ &nbsp; Csehorsz\u00e1gban az elektronikus \u00fatd\u00edjfizet\u00e9s speci\u00e1lis k\u00e9sz\u00fcl\u00e9kkel t\u00f6rt\u00e9nik. A fed\u00e9lzeti...","og_url":"https:\/\/www.Eurotoll.eu\/hu\/ajanlatunk\/cseh-koztarsasag\/","og_site_name":"Eurotoll","article_modified_time":"2025-11-17T14:59:19+00:00","og_image":[{"width":325,"height":206,"url":"https:\/\/www.Eurotoll.eu\/wp-content\/uploads\/2016\/06\/image-portique-surveillance-rep-tcheque-e1468333899838.png","type":"image\/png"}],"twitter_card":"summary_large_image","twitter_misc":{"Becs\u00fclt olvas\u00e1si id\u0151":"2 perc"},"schema":{"@context":"https:\/\/schema.org","@graph":[{"@type":"WebPage","@id":"https:\/\/www.Eurotoll.eu\/hu\/ajanlatunk\/cseh-koztarsasag\/","url":"https:\/\/www.Eurotoll.eu\/hu\/ajanlatunk\/cseh-koztarsasag\/","name":"Cseh K\u00f6zt\u00e1rsas\u00e1g - Eurotoll","isPartOf":{"@id":"https:\/\/www.Eurotoll.eu\/hu\/#website"},"primaryImageOfPage":{"@id":"https:\/\/www.Eurotoll.eu\/hu\/ajanlatunk\/cseh-koztarsasag\/#primaryimage"},"image":{"@id":"https:\/\/www.Eurotoll.eu\/hu\/ajanlatunk\/cseh-koztarsasag\/#primaryimage"},"thumbnailUrl":"https:\/\/dev.lumesia.com\/wp-content\/uploads\/2016\/06\/image-portique-surveillance-rep-tcheque-e1468333899838-300x190.png","datePublished":"2016-06-13T20:32:33+00:00","dateModified":"2025-11-17T14:59:19+00:00","breadcrumb":{"@id":"https:\/\/www.Eurotoll.eu\/hu\/ajanlatunk\/cseh-koztarsasag\/#breadcrumb"},"inLanguage":"hu","potentialAction":[{"@type":"ReadAction","target":["https:\/\/www.Eurotoll.eu\/hu\/ajanlatunk\/cseh-koztarsasag\/"]}]},{"@type":"ImageObject","inLanguage":"hu","@id":"https:\/\/www.Eurotoll.eu\/hu\/ajanlatunk\/cseh-koztarsasag\/#primaryimage","url":"https:\/\/dev.lumesia.com\/wp-content\/uploads\/2016\/06\/image-portique-surveillance-rep-tcheque-e1468333899838-300x190.png","contentUrl":"https:\/\/dev.lumesia.com\/wp-content\/uploads\/2016\/06\/image-portique-surveillance-rep-tcheque-e1468333899838-300x190.png"},{"@type":"BreadcrumbList","@id":"https:\/\/www.Eurotoll.eu\/hu\/ajanlatunk\/cseh-koztarsasag\/#breadcrumb","itemListElement":[{"@type":"ListItem","position":1,"name":"Accueil","item":"https:\/\/www.Eurotoll.eu\/hu\/"},{"@type":"ListItem","position":2,"name":"Aj\u00e1nlatunk","item":"https:\/\/www.Eurotoll.eu\/hu\/ajanlatunk\/"},{"@type":"ListItem","position":3,"name":"Cseh K\u00f6zt\u00e1rsas\u00e1g"}]},{"@type":"WebSite","@id":"https:\/\/www.Eurotoll.eu\/hu\/#website","url":"https:\/\/www.Eurotoll.eu\/hu\/","name":"Eurotoll","description":"Acteur cl\u00e9 du t\u00e9l\u00e9p\u00e9age en Europe","potentialAction":[{"@type":"SearchAction","target":{"@type":"EntryPoint","urlTemplate":"https:\/\/www.Eurotoll.eu\/hu\/?s={search_term_string}"},"query-input":{"@type":"PropertyValueSpecification","valueRequired":true,"valueName":"search_term_string"}}],"inLanguage":"hu"}]}},"_links":{"self":[{"href":"https:\/\/www.Eurotoll.eu\/hu\/wp-json\/wp\/v2\/pages\/4808","targetHints":{"allow":["GET"]}}],"collection":[{"href":"https:\/\/www.Eurotoll.eu\/hu\/wp-json\/wp\/v2\/pages"}],"about":[{"href":"https:\/\/www.Eurotoll.eu\/hu\/wp-json\/wp\/v2\/types\/page"}],"author":[{"embeddable":true,"href":"https:\/\/www.Eurotoll.eu\/hu\/wp-json\/wp\/v2\/users\/23"}],"replies":[{"embeddable":true,"href":"https:\/\/www.Eurotoll.eu\/hu\/wp-json\/wp\/v2\/comments?post=4808"}],"version-history":[{"count":22,"href":"https:\/\/www.Eurotoll.eu\/hu\/wp-json\/wp\/v2\/pages\/4808\/revisions"}],"predecessor-version":[{"id":19457,"href":"https:\/\/www.Eurotoll.eu\/hu\/wp-json\/wp\/v2\/pages\/4808\/revisions\/19457"}],"up":[{"embeddable":true,"href":"https:\/\/www.Eurotoll.eu\/hu\/wp-json\/wp\/v2\/pages\/4749"}],"wp:attachment":[{"href":"https:\/\/www.Eurotoll.eu\/hu\/wp-json\/wp\/v2\/media?parent=4808"}],"curies":[{"name":"wp","href":"https:\/\/api.w.org\/{rel}","templated":true}]}}