{"id":4813,"date":"2016-06-13T22:38:20","date_gmt":"2016-06-13T20:38:20","guid":{"rendered":"http:\/\/80.75.152.85\/hu\/ajanlatunk\/slovaquie\/"},"modified":"2025-11-17T15:39:12","modified_gmt":"2025-11-17T14:39:12","slug":"szlovakia","status":"publish","type":"page","link":"https:\/\/www.Eurotoll.eu\/hu\/ajanlatunk\/szlovakia\/","title":{"rendered":"Szlov\u00e1kia"},"content":{"rendered":"<p>[vc_row content_width=&#8221;grid&#8221; el_class=&#8221;padtop50 padbot50&#8243;][vc_column][vc_column_text]<\/p>\n<div id=\"attachment_3547\" style=\"width: 310px\" class=\"wp-caption alignright\"><img loading=\"lazy\" decoding=\"async\" aria-describedby=\"caption-attachment-3547\" class=\"wp-image-3547 size-medium\" src=\"https:\/\/dev.lumesia.com\/wp-content\/uploads\/2016\/06\/VISUEL-BADGE_EMYTO_siemens-300x200.jpg\" alt=\"VISUEL-BADGE_EMYTO_siemens\" width=\"300\" height=\"200\" srcset=\"https:\/\/www.Eurotoll.eu\/wp-content\/uploads\/2016\/06\/VISUEL-BADGE_EMYTO_siemens-300x200.jpg 300w, https:\/\/www.Eurotoll.eu\/wp-content\/uploads\/2016\/06\/VISUEL-BADGE_EMYTO_siemens-768x511.jpg 768w, https:\/\/www.Eurotoll.eu\/wp-content\/uploads\/2016\/06\/VISUEL-BADGE_EMYTO_siemens.jpg 813w\" sizes=\"auto, (max-width: 300px) 100vw, 300px\" \/><p id=\"caption-attachment-3547\" class=\"wp-caption-text\">eMyto Siemens eset\u00e9ben<\/p><\/div>\n<h2><span style=\"color: #035e7e;\">Elektronikus \u00fatd\u00edjfizet\u00e9si rendszer Szlov\u00e1ki\u00e1ban: eMyto<\/span><\/h2>\n<p>&nbsp;<\/p>\n<p>Az \u00fatd\u00edjfizet\u00e9s m\u0171holdas rendszer seg\u00edts\u00e9g\u00e9vel m\u0171k\u00f6dik. Minden 3,5 tonn\u00e1n\u00e1l nehezebb teherg\u00e9pj\u00e1rm\u0171nek \u00e9s aut\u00f3busznak a szlov\u00e1k k\u00f6z\u00fath\u00e1l\u00f3zat teljes hossz\u00e1n (aut\u00f3p\u00e1ly\u00e1k \u00e9s k\u00f6zutak), mintegy 2 400 km-en \u00fatd\u00edjat kell fizetni. A k\u00f6zleked\u00e9shez a g\u00e9pj\u00e1rm\u0171veket speci\u00e1lis, a g\u00e9pj\u00e1rm\u0171ben elhelyezett k\u00e9sz\u00fcl\u00e9kkel kell felszerelni.<\/p>\n<p>&nbsp;<\/p>\n<h2><span style=\"color: #035e7e;\">Szlov\u00e1ki\u00e1ban val\u00f3 k\u00f6zleked\u00e9s k\u00e9t m\u00f3don lehets\u00e9ges:<\/span><\/h2>\n<p>&nbsp;<\/p>\n<ul>\n<li><span data-sheets-userformat=\"{&quot;2&quot;:15297,&quot;3&quot;:{&quot;1&quot;:0},&quot;9&quot;:0,&quot;10&quot;:0,&quot;11&quot;:4,&quot;12&quot;:0,&quot;14&quot;:{&quot;1&quot;:2,&quot;2&quot;:1136076},&quot;15&quot;:&quot;Calibri&quot;,&quot;16&quot;:12}\" data-sheets-value=\"{&quot;1&quot;:2,&quot;2&quot;:&quot;- Si vous \\u00eates utilisateur occasionnel:\\n + Rendez-vous \\u00e0 un point de distribution afin de retirer le boitier emyto. \\n + Pr\\u00e9payez vos consommations elles figureront sur votre facture eurotoll. \\n- Vous \\u00eates un utilisateur r\\u00e9gulier :\\n + Installez en \\&quot;fixe\\&quot; votre boitier eMyto. Vos chauffeurs ne perdent plus de temps. Chaque v\\u00e9hicule doit \\u00eatre \\u00e9quip\\u00e9 de son propre boitier.&quot;}\"><strong>Alkalmi haszn\u00e1l\u00f3k\u00e9nt:<\/strong><br \/>\n+ Vegye fel e-m\u00fdto k\u00e9sz\u00fcl\u00e9k\u00e9t egy \u00e9rt\u00e9kes\u00edt\u0151 ponton.<br \/>\n+ Fizesse ki el\u0151re fogyaszt\u00e1sait, melyek szint\u00e9n megjelennek Eurotoll-sz\u00e1ml\u00e1j\u00e1n.\u00a0<\/span><\/li>\n<\/ul>\n<p>&nbsp;<\/p>\n<ul>\n<li><span data-sheets-userformat=\"{&quot;2&quot;:15297,&quot;3&quot;:{&quot;1&quot;:0},&quot;9&quot;:0,&quot;10&quot;:0,&quot;11&quot;:4,&quot;12&quot;:0,&quot;14&quot;:{&quot;1&quot;:2,&quot;2&quot;:1136076},&quot;15&quot;:&quot;Calibri&quot;,&quot;16&quot;:12}\" data-sheets-value=\"{&quot;1&quot;:2,&quot;2&quot;:&quot;- Si vous \\u00eates utilisateur occasionnel:\\n + Rendez-vous \\u00e0 un point de distribution afin de retirer le boitier emyto. \\n + Pr\\u00e9payez vos consommations elles figureront sur votre facture eurotoll. \\n- Vous \\u00eates un utilisateur r\\u00e9gulier :\\n + Installez en \\&quot;fixe\\&quot; votre boitier eMyto. Vos chauffeurs ne perdent plus de temps. Chaque v\\u00e9hicule doit \\u00eatre \\u00e9quip\\u00e9 de son propre boitier.&quot;}\"><strong>Rendszeres haszn\u00e1l\u00f3k\u00e9nt:<\/strong><br \/>\n+ Telep\u00edtse eMyto-k\u00e9sz\u00fcl\u00e9k\u00e9t. G\u00e9pkocsivezet\u0151i nem vesz\u00edtenek tov\u00e1bbi id\u0151t. Minden g\u00e9pj\u00e1rm\u0171be k\u00fcl\u00f6n k\u00e9sz\u00fcl\u00e9ket kell beszerelni.<br \/>\n<\/span><\/li>\n<\/ul>\n<p>&nbsp;<\/p>\n<h2><span style=\"color: #035e7e;\">Az \u00fatd\u00edj \u00f6sszeg\u00e9t az al\u00e1bbiak alapj\u00e1n sz\u00e1m\u00edtj\u00e1k ki\u00a0:<\/span><\/h2>\n<p>&nbsp;<\/p>\n<ul>\n<li>Az EURO besorol\u00e1s<\/li>\n<li>A legnagyobb megengedett \u00f6sszs\u00faly<\/li>\n<li>A tengelyek sz\u00e1ma<\/li>\n<li>Az ig\u00e9nybe vett \u00fat t\u00edpusa (aut\u00f3p\u00e1lya, gyorsforgalmi \u00fat, k\u00f6z\u00fat).<\/li>\n<\/ul>\n<p>[\/vc_column_text][vc_empty_space]<a href=\"https:\/\/emyto.sk\/hu\/etoll\/toll-rates-and-discounts\" target=\"_blank\" style=\"color: #035e7e;background-color: #ffffff;border-color: #035e7e\" class=\"qodef-btn qodef-btn-small qodef-btn-outline qodef-btn-custom-hover-bg qodef-btn-custom-border-hover qodef-btn-custom-hover-color qodef-btn-icon\" data-hover-bg-color=\"#ffffff\" data-hover-color=\"#035e7e\" data-hover-border-color=\"#035e7e\" >\n        <span class=\"qodef-btn-text\">\u00c9rv\u00e9nyes d\u00edjt\u00e1bl\u00e1zat let\u00f6lthet\u0151 itt<\/span>\n    <span class=\"qodef-btn-text-icon\"><i class=\"qodef-icon-simple-line-icon icon-arrow-right-circle \" ><\/i><\/span>\n<\/a>[vc_empty_space]<a href=\"https:\/\/emyto.sk\/hu\" target=\"_blank\" style=\"color: #035e7e;background-color: #ffffff;border-color: #035e7e\" class=\"qodef-btn qodef-btn-small qodef-btn-outline qodef-btn-custom-hover-bg qodef-btn-custom-border-hover qodef-btn-custom-hover-color qodef-btn-icon\" data-hover-bg-color=\"#ffffff\" data-hover-color=\"#035e7e\" data-hover-border-color=\"#035e7e\" >\n        <span class=\"qodef-btn-text\">\u00datd\u00edjainak kisz\u00e1m\u00edt\u00e1sa a szlov\u00e1k h\u00e1l\u00f3zaton<\/span>\n    <span class=\"qodef-btn-text-icon\"><i class=\"qodef-icon-simple-line-icon icon-arrow-right-circle \" ><\/i><\/span>\n<\/a>[vc_empty_space]<a href=\"mailto:support@lumesia.com\" target=\"_self\" style=\"color: #ffffff;background-color: #035e7e;border-color: #035e7e\" class=\"qodef-btn qodef-btn-small qodef-btn-outline qodef-btn-custom-hover-bg qodef-btn-custom-border-hover qodef-btn-custom-hover-color qodef-btn-icon\" data-hover-bg-color=\"#035e7e\" data-hover-color=\"#ffffff\" data-hover-border-color=\"#035e7e\" >\n        <span class=\"qodef-btn-text\">Aj\u00e1nlatk\u00e9r\u00e9s<\/span>\n    <span class=\"qodef-btn-text-icon\"><i class=\"qodef-icon-simple-line-icon icon-arrow-right-circle \" ><\/i><\/span>\n<\/a>[\/vc_column][\/vc_row][vc_row el_class=&#8221;spepadleft white&#8221; css=&#8221;.vc_custom_1758932463120{background-color: #035e7e !important;}&#8221; el_id=&#8221;plus-service-eurotoll&#8221;][vc_column width=&#8221;2\/3&#8243; el_class=&#8221;padtop50 padbot50&#8243;][vc_column_text]<\/p>\n<h4>Az Lumesia tov\u00e1bbi szolg\u00e1ltat\u00e1sai:<\/h4>\n<p>&nbsp;<\/p>\n<ul>\n<li>\u00datd\u00edj k\u00f6lts\u00e9gei optimaliz\u00e1l\u00e1sa<\/li>\n<li>Tev\u00e9kenys\u00e9g\u00e9nek nyomon k\u00f6vet\u00e9se szem\u00e9lyre szabott kimutat\u00e1sok seg\u00edts\u00e9g\u00e9vel<\/li>\n<li>Az \u00fatd\u00edjfizet\u00e9si h\u00e1l\u00f3zaton t\u00f6rt\u00e9n\u0151 \u00fatjainak ellen\u0151rz\u00e9se g\u00e9pj\u00e1rm\u0171venk\u00e9nt Szem\u00e9lyre szabott jelent\u00e9sek l\u00e9trehoz\u00e1sa alflott\u00e1k, \u00fcgyfelek, stb. szerinti bont\u00e1sban<\/li>\n<li>\u00datd\u00edjfizet\u00e9ssel kapcsolatos adatainak szakmai eszk\u00f6zeibe (TMS, ERP vagy Excel) val\u00f3 automatikus integr\u00e1l\u00e1sa<\/li>\n<\/ul>\n<p>[\/vc_column_text][vc_empty_space]<a href=\"\/wp-content\/uploads\/2016\/06\/Reseau_Slovaquie.pdf\" target=\"_blank\" style=\"color: #ffffff\" class=\"qodef-btn qodef-btn-small qodef-btn-default qodef-btn-custom-hover-color qodef-btn-icon\" data-hover-color=\"#ffffff\" >\n        <span class=\"qodef-btn-text\">Tekintse meg a h\u00e1l\u00f3zati t\u00e9rk\u00e9pet<\/span>\n    <span class=\"qodef-btn-text-icon\"><i class=\"qodef-icon-font-awesome fa fa-download \" ><\/i><\/span>\n<\/a>[\/vc_column][vc_column width=&#8221;1\/3&#8243;][vc_single_image image=&#8221;3496&#8243; img_size=&#8221;full&#8221;][\/vc_column][\/vc_row][vc_row content_width=&#8221;grid&#8221; content_aligment=&#8221;center&#8221; css=&#8221;.vc_custom_1760348835116{background-color: #afca0b !important;}&#8221; el_class=&#8221;padtop50 padbot50&#8243;][vc_column][vc_empty_space height=&#8221;15px&#8221;][vc_column_text css=&#8221;.vc_custom_1760347165486{padding-right: 10px !important;padding-left: 10px !important;}&#8221;]<\/p>\n<h3 style=\"text-align: center;\"><span style=\"color: #035e7e;\">Tov\u00e1bbi inform\u00e1ci\u00f3k\u00e9rt \u00fcgyf\u00e9lszolg\u00e1latunk \u00e1ll rendelkez\u00e9s\u00e9re.<\/span><\/h3>\n<p>[\/vc_column_text][vc_empty_space]<a href=\"mailto:support@lumesia.com\" target=\"_self\" style=\"color: #035e7e;border-color: #035e7e;margin: 10\" class=\"qodef-btn qodef-btn-small qodef-btn-outline qodef-btn-icon\"  >\n        <span class=\"qodef-btn-text\">Kapcsolatfelv\u00e9tel az \u00e9rt\u00e9kes\u00edt\u0151vel<\/span>\n    <span class=\"qodef-btn-text-icon\"><i class=\"qodef-icon-simple-line-icon icon-arrow-right \" ><\/i><\/span>\n<\/a>[\/vc_column][\/vc_row]<\/p>\n","protected":false},"excerpt":{"rendered":"<p>[vc_row content_width=&#8221;grid&#8221; el_class=&#8221;padtop50 padbot50&#8243;][vc_column][vc_column_text] Elektronikus \u00fatd\u00edjfizet\u00e9si rendszer Szlov\u00e1ki\u00e1ban: eMyto &nbsp; Az \u00fatd\u00edjfizet\u00e9s m\u0171holdas rendszer seg\u00edts\u00e9g\u00e9vel m\u0171k\u00f6dik. Minden 3,5 tonn\u00e1n\u00e1l nehezebb teherg\u00e9pj\u00e1rm\u0171nek&#8230;<\/p>\n","protected":false},"author":23,"featured_media":0,"parent":4749,"menu_order":0,"comment_status":"closed","ping_status":"closed","template":"full-width.php","meta":{"footnotes":""},"class_list":["post-4813","page","type-page","status-publish","hentry"],"yoast_head":"<!-- This site is optimized with the Yoast SEO Premium plugin v26.7 (Yoast SEO v26.7) - https:\/\/yoast.com\/wordpress\/plugins\/seo\/ -->\n<title>Szlov\u00e1kia - Eurotoll<\/title>\n<meta name=\"robots\" content=\"index, follow, max-snippet:-1, max-image-preview:large, max-video-preview:-1\" \/>\n<link rel=\"canonical\" href=\"https:\/\/www.Eurotoll.eu\/hu\/ajanlatunk\/szlovakia\/\" \/>\n<meta property=\"og:locale\" content=\"hu_HU\" \/>\n<meta property=\"og:type\" content=\"article\" \/>\n<meta property=\"og:title\" content=\"Szlov\u00e1kia\" \/>\n<meta property=\"og:description\" content=\"[vc_row content_width=&#8221;grid&#8221; el_class=&#8221;padtop50 padbot50&#8243;][vc_column][vc_column_text] Elektronikus \u00fatd\u00edjfizet\u00e9si rendszer Szlov\u00e1ki\u00e1ban: eMyto &nbsp; Az \u00fatd\u00edjfizet\u00e9s m\u0171holdas rendszer seg\u00edts\u00e9g\u00e9vel m\u0171k\u00f6dik. Minden 3,5 tonn\u00e1n\u00e1l nehezebb teherg\u00e9pj\u00e1rm\u0171nek...\" \/>\n<meta property=\"og:url\" content=\"https:\/\/www.Eurotoll.eu\/hu\/ajanlatunk\/szlovakia\/\" \/>\n<meta property=\"og:site_name\" content=\"Eurotoll\" \/>\n<meta property=\"article:modified_time\" content=\"2025-11-17T14:39:12+00:00\" \/>\n<meta property=\"og:image\" content=\"https:\/\/www.Eurotoll.eu\/wp-content\/uploads\/2016\/06\/VISUEL-BADGE_EMYTO_siemens.jpg\" \/>\n\t<meta property=\"og:image:width\" content=\"813\" \/>\n\t<meta property=\"og:image:height\" content=\"541\" \/>\n\t<meta property=\"og:image:type\" content=\"image\/jpeg\" \/>\n<meta name=\"twitter:card\" content=\"summary_large_image\" \/>\n<meta name=\"twitter:label1\" content=\"Becs\u00fclt olvas\u00e1si id\u0151\" \/>\n\t<meta name=\"twitter:data1\" content=\"2 perc\" \/>\n<script type=\"application\/ld+json\" class=\"yoast-schema-graph\">{\"@context\":\"https:\/\/schema.org\",\"@graph\":[{\"@type\":\"WebPage\",\"@id\":\"https:\/\/www.Eurotoll.eu\/hu\/ajanlatunk\/szlovakia\/\",\"url\":\"https:\/\/www.Eurotoll.eu\/hu\/ajanlatunk\/szlovakia\/\",\"name\":\"Szlov\u00e1kia - Eurotoll\",\"isPartOf\":{\"@id\":\"https:\/\/www.Eurotoll.eu\/hu\/#website\"},\"primaryImageOfPage\":{\"@id\":\"https:\/\/www.Eurotoll.eu\/hu\/ajanlatunk\/szlovakia\/#primaryimage\"},\"image\":{\"@id\":\"https:\/\/www.Eurotoll.eu\/hu\/ajanlatunk\/szlovakia\/#primaryimage\"},\"thumbnailUrl\":\"https:\/\/dev.lumesia.com\/wp-content\/uploads\/2016\/06\/VISUEL-BADGE_EMYTO_siemens-300x200.jpg\",\"datePublished\":\"2016-06-13T20:38:20+00:00\",\"dateModified\":\"2025-11-17T14:39:12+00:00\",\"breadcrumb\":{\"@id\":\"https:\/\/www.Eurotoll.eu\/hu\/ajanlatunk\/szlovakia\/#breadcrumb\"},\"inLanguage\":\"hu\",\"potentialAction\":[{\"@type\":\"ReadAction\",\"target\":[\"https:\/\/www.Eurotoll.eu\/hu\/ajanlatunk\/szlovakia\/\"]}]},{\"@type\":\"ImageObject\",\"inLanguage\":\"hu\",\"@id\":\"https:\/\/www.Eurotoll.eu\/hu\/ajanlatunk\/szlovakia\/#primaryimage\",\"url\":\"https:\/\/dev.lumesia.com\/wp-content\/uploads\/2016\/06\/VISUEL-BADGE_EMYTO_siemens-300x200.jpg\",\"contentUrl\":\"https:\/\/dev.lumesia.com\/wp-content\/uploads\/2016\/06\/VISUEL-BADGE_EMYTO_siemens-300x200.jpg\"},{\"@type\":\"BreadcrumbList\",\"@id\":\"https:\/\/www.Eurotoll.eu\/hu\/ajanlatunk\/szlovakia\/#breadcrumb\",\"itemListElement\":[{\"@type\":\"ListItem\",\"position\":1,\"name\":\"Accueil\",\"item\":\"https:\/\/www.Eurotoll.eu\/hu\/\"},{\"@type\":\"ListItem\",\"position\":2,\"name\":\"Aj\u00e1nlatunk\",\"item\":\"https:\/\/www.Eurotoll.eu\/hu\/ajanlatunk\/\"},{\"@type\":\"ListItem\",\"position\":3,\"name\":\"Szlov\u00e1kia\"}]},{\"@type\":\"WebSite\",\"@id\":\"https:\/\/www.Eurotoll.eu\/hu\/#website\",\"url\":\"https:\/\/www.Eurotoll.eu\/hu\/\",\"name\":\"Eurotoll\",\"description\":\"Acteur cl\u00e9 du t\u00e9l\u00e9p\u00e9age en Europe\",\"potentialAction\":[{\"@type\":\"SearchAction\",\"target\":{\"@type\":\"EntryPoint\",\"urlTemplate\":\"https:\/\/www.Eurotoll.eu\/hu\/?s={search_term_string}\"},\"query-input\":{\"@type\":\"PropertyValueSpecification\",\"valueRequired\":true,\"valueName\":\"search_term_string\"}}],\"inLanguage\":\"hu\"}]}<\/script>\n<!-- \/ Yoast SEO Premium plugin. -->","yoast_head_json":{"title":"Szlov\u00e1kia - Eurotoll","robots":{"index":"index","follow":"follow","max-snippet":"max-snippet:-1","max-image-preview":"max-image-preview:large","max-video-preview":"max-video-preview:-1"},"canonical":"https:\/\/www.Eurotoll.eu\/hu\/ajanlatunk\/szlovakia\/","og_locale":"hu_HU","og_type":"article","og_title":"Szlov\u00e1kia","og_description":"[vc_row content_width=&#8221;grid&#8221; el_class=&#8221;padtop50 padbot50&#8243;][vc_column][vc_column_text] Elektronikus \u00fatd\u00edjfizet\u00e9si rendszer Szlov\u00e1ki\u00e1ban: eMyto &nbsp; Az \u00fatd\u00edjfizet\u00e9s m\u0171holdas rendszer seg\u00edts\u00e9g\u00e9vel m\u0171k\u00f6dik. Minden 3,5 tonn\u00e1n\u00e1l nehezebb teherg\u00e9pj\u00e1rm\u0171nek...","og_url":"https:\/\/www.Eurotoll.eu\/hu\/ajanlatunk\/szlovakia\/","og_site_name":"Eurotoll","article_modified_time":"2025-11-17T14:39:12+00:00","og_image":[{"width":813,"height":541,"url":"https:\/\/www.Eurotoll.eu\/wp-content\/uploads\/2016\/06\/VISUEL-BADGE_EMYTO_siemens.jpg","type":"image\/jpeg"}],"twitter_card":"summary_large_image","twitter_misc":{"Becs\u00fclt olvas\u00e1si id\u0151":"2 perc"},"schema":{"@context":"https:\/\/schema.org","@graph":[{"@type":"WebPage","@id":"https:\/\/www.Eurotoll.eu\/hu\/ajanlatunk\/szlovakia\/","url":"https:\/\/www.Eurotoll.eu\/hu\/ajanlatunk\/szlovakia\/","name":"Szlov\u00e1kia - Eurotoll","isPartOf":{"@id":"https:\/\/www.Eurotoll.eu\/hu\/#website"},"primaryImageOfPage":{"@id":"https:\/\/www.Eurotoll.eu\/hu\/ajanlatunk\/szlovakia\/#primaryimage"},"image":{"@id":"https:\/\/www.Eurotoll.eu\/hu\/ajanlatunk\/szlovakia\/#primaryimage"},"thumbnailUrl":"https:\/\/dev.lumesia.com\/wp-content\/uploads\/2016\/06\/VISUEL-BADGE_EMYTO_siemens-300x200.jpg","datePublished":"2016-06-13T20:38:20+00:00","dateModified":"2025-11-17T14:39:12+00:00","breadcrumb":{"@id":"https:\/\/www.Eurotoll.eu\/hu\/ajanlatunk\/szlovakia\/#breadcrumb"},"inLanguage":"hu","potentialAction":[{"@type":"ReadAction","target":["https:\/\/www.Eurotoll.eu\/hu\/ajanlatunk\/szlovakia\/"]}]},{"@type":"ImageObject","inLanguage":"hu","@id":"https:\/\/www.Eurotoll.eu\/hu\/ajanlatunk\/szlovakia\/#primaryimage","url":"https:\/\/dev.lumesia.com\/wp-content\/uploads\/2016\/06\/VISUEL-BADGE_EMYTO_siemens-300x200.jpg","contentUrl":"https:\/\/dev.lumesia.com\/wp-content\/uploads\/2016\/06\/VISUEL-BADGE_EMYTO_siemens-300x200.jpg"},{"@type":"BreadcrumbList","@id":"https:\/\/www.Eurotoll.eu\/hu\/ajanlatunk\/szlovakia\/#breadcrumb","itemListElement":[{"@type":"ListItem","position":1,"name":"Accueil","item":"https:\/\/www.Eurotoll.eu\/hu\/"},{"@type":"ListItem","position":2,"name":"Aj\u00e1nlatunk","item":"https:\/\/www.Eurotoll.eu\/hu\/ajanlatunk\/"},{"@type":"ListItem","position":3,"name":"Szlov\u00e1kia"}]},{"@type":"WebSite","@id":"https:\/\/www.Eurotoll.eu\/hu\/#website","url":"https:\/\/www.Eurotoll.eu\/hu\/","name":"Eurotoll","description":"Acteur cl\u00e9 du t\u00e9l\u00e9p\u00e9age en Europe","potentialAction":[{"@type":"SearchAction","target":{"@type":"EntryPoint","urlTemplate":"https:\/\/www.Eurotoll.eu\/hu\/?s={search_term_string}"},"query-input":{"@type":"PropertyValueSpecification","valueRequired":true,"valueName":"search_term_string"}}],"inLanguage":"hu"}]}},"_links":{"self":[{"href":"https:\/\/www.Eurotoll.eu\/hu\/wp-json\/wp\/v2\/pages\/4813","targetHints":{"allow":["GET"]}}],"collection":[{"href":"https:\/\/www.Eurotoll.eu\/hu\/wp-json\/wp\/v2\/pages"}],"about":[{"href":"https:\/\/www.Eurotoll.eu\/hu\/wp-json\/wp\/v2\/types\/page"}],"author":[{"embeddable":true,"href":"https:\/\/www.Eurotoll.eu\/hu\/wp-json\/wp\/v2\/users\/23"}],"replies":[{"embeddable":true,"href":"https:\/\/www.Eurotoll.eu\/hu\/wp-json\/wp\/v2\/comments?post=4813"}],"version-history":[{"count":14,"href":"https:\/\/www.Eurotoll.eu\/hu\/wp-json\/wp\/v2\/pages\/4813\/revisions"}],"predecessor-version":[{"id":19476,"href":"https:\/\/www.Eurotoll.eu\/hu\/wp-json\/wp\/v2\/pages\/4813\/revisions\/19476"}],"up":[{"embeddable":true,"href":"https:\/\/www.Eurotoll.eu\/hu\/wp-json\/wp\/v2\/pages\/4749"}],"wp:attachment":[{"href":"https:\/\/www.Eurotoll.eu\/hu\/wp-json\/wp\/v2\/media?parent=4813"}],"curies":[{"name":"wp","href":"https:\/\/api.w.org\/{rel}","templated":true}]}}