{"id":4818,"date":"2016-06-13T22:43:04","date_gmt":"2016-06-13T20:43:04","guid":{"rendered":"http:\/\/80.75.152.85\/hu\/ajanlatunk\/suisse\/"},"modified":"2025-11-17T15:36:38","modified_gmt":"2025-11-17T14:36:38","slug":"svajc","status":"publish","type":"page","link":"https:\/\/www.Eurotoll.eu\/hu\/ajanlatunk\/svajc\/","title":{"rendered":"Sv\u00e1jc"},"content":{"rendered":"<p>[vc_row content_width=&#8221;grid&#8221; el_class=&#8221;padtop50 padbot50&#8243;][vc_column][vc_column_text]<\/p>\n<h2><span style=\"color: #035e7e;\">Az \u00fatd\u00edjrendszer Sv\u00e1jcban : LSVA<\/span><\/h2>\n<p>&nbsp;<\/p>\n<p><span data-sheets-value=\"{&quot;1&quot;:2,&quot;2&quot;:&quot;En Suisse, tous les v\\u00e9hicules de transport de marchandises de plus de 3,5 tonnes circulant sur les r\\u00e9seaux routiers publics suisse et de la Principaut\\u00e9 du Liechtenstein doivent s\\u2019acquitter d\\u2019une taxe : la RPLP. (Redevance sur le trafic des Poids Lourds li\\u00e9e aux Prestations. &quot;}\" data-sheets-userformat=\"{&quot;2&quot;:15169,&quot;3&quot;:{&quot;1&quot;:0},&quot;9&quot;:0,&quot;11&quot;:4,&quot;12&quot;:0,&quot;14&quot;:{&quot;1&quot;:2,&quot;2&quot;:1136076},&quot;15&quot;:&quot;Calibri&quot;,&quot;16&quot;:12}\">A sv\u00e1jci \u00fatd\u00edj lefedi Sv\u00e1jc \u00e9s a Liechtensteini Hercegs\u00e9g teljes \u00fath\u00e1l\u00f3zat\u00e1t, amely k\u00f6r\u00fclbel\u00fcl 70 000 kilom\u00e9ternyi utat jelent. Az ezen az \u00fath\u00e1l\u00f3zaton k\u00f6zleked\u0151 minden 3,5 tonn\u00e1n\u00e1l nagyobb teherg\u00e9pj\u00e1rm\u0171nek ad\u00f3t kell fizetnie : LSVA (neh\u00e9z teherg\u00e9pj\u00e1rm\u0171vek forgalm\u00e1nak szolg\u00e1ltat\u00e1si ad\u00f3ja).<br \/>\n<\/span><\/p>\n<p>&nbsp;<\/p>\n<h3 style=\"color: #01b1ec;\"><span style=\"color: #035e7e;\" data-sheets-value=\"{&quot;1&quot;:2,&quot;2&quot;:&quot;Pour circuler en Suisse:&quot;}\" data-sheets-userformat=\"{&quot;2&quot;:14913,&quot;3&quot;:{&quot;1&quot;:0},&quot;9&quot;:0,&quot;12&quot;:0,&quot;14&quot;:{&quot;1&quot;:2,&quot;2&quot;:1136076},&quot;15&quot;:&quot;Calibri&quot;,&quot;16&quot;:12}\">A sv\u00e1jci \u00fatd\u00edj megfizet\u00e9s\u00e9re t\u00f6bb lehet\u0151s\u00e9ge is van :<\/span><\/h3>\n<p>&nbsp;<\/p>\n<ul>\n<li><strong>Ha j\u00e1rm\u0171v\u00e9t Sv\u00e1jcban vagy Liechtensteinben regisztr\u00e1lt\u00e1k :<\/strong><\/li>\n<\/ul>\n<p>&nbsp;<\/p>\n<p>\u2013 G\u00e9pj\u00e1rm\u0171v\u00e9t OBU Emotach\u00ae-al kell felszerelnie.<\/p>\n<p>&nbsp;<\/p>\n<ul>\n<li><strong>Ha j\u00e1rm\u0171v\u00e9t k\u00fclf\u00f6ld\u00f6n regisztr\u00e1lt\u00e1k :<\/strong><\/li>\n<\/ul>\n<p>&nbsp;<\/p>\n<p>\u2013 Szerelje fel j\u00e1rm\u0171v\u00e9t egy Lumesia SAT interoper\u00e1bilis OBU-val, hogy szabadon k\u00f6zlekedhessen Sv\u00e1jcban \u00e9s 8 m\u00e1sik eur\u00f3pai orsz\u00e1gban : Franciaorsz\u00e1gban, Spanyolorsz\u00e1gban, Portug\u00e1li\u00e1ban, Olaszorsz\u00e1gban, Ausztri\u00e1ban, Belgiumban, N\u00e9metorsz\u00e1gban \u00e9s Lengyelorsz\u00e1gban. A sv\u00e1jci h\u00e1l\u00f3zat egy m\u0171holdas \u00fatd\u00edjrendszer, utaz\u00e1sait a fed\u00e9lzeti egys\u00e9g automatikusan r\u00f6gz\u00edti, \u00e9s az Lumesia sz\u00e1ml\u00e1zza ki.<\/p>\n<p>&nbsp;<\/p>\n<p>&nbsp;<\/p>\n<h3 style=\"color: #01b1ec;\"><span style=\"color: #035e7e;\" data-sheets-value=\"{&quot;1&quot;:2,&quot;2&quot;:&quot;Le tarif de la RPLP d\\u00e9pend\\n&quot;}\" data-sheets-userformat=\"{&quot;2&quot;:15169,&quot;3&quot;:{&quot;1&quot;:0},&quot;9&quot;:0,&quot;11&quot;:4,&quot;12&quot;:0,&quot;14&quot;:{&quot;1&quot;:2,&quot;2&quot;:1136076},&quot;15&quot;:&quot;Calibri&quot;,&quot;16&quot;:12}\">Az \u00fatd\u00edj m\u00e9rt\u00e9ke a k\u00f6vetkez\u0151kt\u0151l f\u00fcgg :<\/span><\/h3>\n<p>&nbsp;<\/p>\n<ul>\n<li>A megtett t\u00e1vols\u00e1g Sv\u00e1jcban \u00e9s Liechtensteinben<\/li>\n<li>A j\u00e1rm\u0171 \u00f6sszt\u00f6mege<\/li>\n<li><span data-sheets-value=\"{&quot;1&quot;:2,&quot;2&quot;:&quot;oDu nombre de kilom\\u00e8tres parcourus sur le territoire Suisse et au Liechtenstein\\r\\noDu poids total autoris\\u00e9 du Poids Lourd,\\r\\noDe la classe euro pollution&quot;}\" data-sheets-userformat=\"{&quot;2&quot;:14913,&quot;3&quot;:{&quot;1&quot;:0},&quot;9&quot;:0,&quot;12&quot;:0,&quot;14&quot;:{&quot;1&quot;:2,&quot;2&quot;:1136076},&quot;15&quot;:&quot;Calibri&quot;,&quot;16&quot;:12}\">A\u00a0j\u00e1rm\u0171 EURO besorol\u00e1sa<\/span><\/li>\n<\/ul>\n<p>[\/vc_column_text][vc_empty_space height=&#8221;50px&#8221;]<a href=\"https:\/\/www.bazg.admin.ch\/bazg\/en\/home\/information-companies\/transport--travel-documents--road-taxes\/heavy-vehicle-charges--performance-related-and-lump-sum-\/hvc---general---rates.html\" target=\"_blank\" style=\"color: #035e7e;border-color: #035e7e\" class=\"qodef-btn qodef-btn-small qodef-btn-outline qodef-btn-custom-border-hover qodef-btn-custom-hover-color\" data-hover-color=\"#035e7e\" data-hover-border-color=\"#035e7e\" >\n        <span class=\"qodef-btn-text\">TEKINTSE MEG AZ LSVA D\u00cdJAKAT \u00c9S MENTESS\u00c9GEKET<\/span>\n    <span class=\"qodef-btn-text-icon\"><\/span>\n<\/a>[vc_empty_space]<a href=\"mailto:support@lumesia.com\" target=\"_self\" style=\"color: #035e7e;border-color: #035e7e;margin: 10\" class=\"qodef-btn qodef-btn-small qodef-btn-outline qodef-btn-icon\"  >\n        <span class=\"qodef-btn-text\">Kapcsolatfelv\u00e9tel az \u00e9rt\u00e9kes\u00edt\u0151vel<\/span>\n    <span class=\"qodef-btn-text-icon\"><i class=\"qodef-icon-simple-line-icon icon-arrow-right \" ><\/i><\/span>\n<\/a>[\/vc_column][\/vc_row][vc_row el_class=&#8221;spepadleft white&#8221; css=&#8221;.vc_custom_1758932789705{background-color: #035e7e !important;}&#8221; el_id=&#8221;plus-service-eurotoll&#8221;][vc_column width=&#8221;2\/3&#8243; el_class=&#8221;padtop50 padbot50&#8243;][vc_column_text]<\/p>\n<h4><strong>Az Lumesia tov\u00e1bbi szolg\u00e1ltat\u00e1sai :<\/strong><\/h4>\n<p>&nbsp;<\/p>\n<ul>\n<li>100%-ban biztons\u00e1gos fizet\u00e9si m\u00f3d, amelyet csak \u00fatd\u00edjfizet\u00e9sre haszn\u00e1lnak<\/li>\n<li>LSVA fogyaszt\u00e1sai nyomon k\u00f6vet\u00e9s\u00e9t \u00e9s ellen\u0151rz\u00e9s\u00e9t megjelen\u00edt\u0151 t\u00e1bl\u00e1zatok el\u0151fizet\u0151i fel\u00fclet\u00e9n.<\/li>\n<li>LSVA fogyaszt\u00e1sai megjelennek Lumesia-sz\u00e1ml\u00e1j\u00e1n<\/li>\n<\/ul>\n<p>[\/vc_column_text][\/vc_column][vc_column width=&#8221;1\/3&#8243;][vc_single_image image=&#8221;3498&#8243; img_size=&#8221;full&#8221;][\/vc_column][\/vc_row][vc_row content_width=&#8221;grid&#8221; content_aligment=&#8221;center&#8221; css=&#8221;.vc_custom_1760348835116{background-color: #afca0b !important;}&#8221; el_class=&#8221;padtop50 padbot50&#8243;][vc_column][vc_empty_space height=&#8221;15px&#8221;][vc_column_text css=&#8221;.vc_custom_1760347165486{padding-right: 10px !important;padding-left: 10px !important;}&#8221;]<\/p>\n<h3 style=\"text-align: center;\"><span style=\"color: #035e7e;\">Tov\u00e1bbi inform\u00e1ci\u00f3k\u00e9rt \u00fcgyf\u00e9lszolg\u00e1latunk \u00e1ll rendelkez\u00e9s\u00e9re.<\/span><\/h3>\n<p>[\/vc_column_text][vc_empty_space]<a href=\"mailto:support@lumesia.com\" target=\"_self\" style=\"color: #035e7e;border-color: #035e7e;margin: 10\" class=\"qodef-btn qodef-btn-small qodef-btn-outline qodef-btn-icon\"  >\n        <span class=\"qodef-btn-text\">Kapcsolatfelv\u00e9tel az \u00e9rt\u00e9kes\u00edt\u0151vel<\/span>\n    <span class=\"qodef-btn-text-icon\"><i class=\"qodef-icon-simple-line-icon icon-arrow-right \" ><\/i><\/span>\n<\/a>[\/vc_column][\/vc_row]<\/p>\n","protected":false},"excerpt":{"rendered":"<p>[vc_row content_width=&#8221;grid&#8221; el_class=&#8221;padtop50 padbot50&#8243;][vc_column][vc_column_text] Az \u00fatd\u00edjrendszer Sv\u00e1jcban : LSVA &nbsp; A sv\u00e1jci \u00fatd\u00edj lefedi Sv\u00e1jc \u00e9s a Liechtensteini Hercegs\u00e9g teljes \u00fath\u00e1l\u00f3zat\u00e1t,&#8230;<\/p>\n","protected":false},"author":23,"featured_media":0,"parent":4749,"menu_order":0,"comment_status":"closed","ping_status":"closed","template":"full-width.php","meta":{"footnotes":""},"class_list":["post-4818","page","type-page","status-publish","hentry"],"yoast_head":"<!-- This site is optimized with the Yoast SEO Premium plugin v26.7 (Yoast SEO v26.7) - https:\/\/yoast.com\/wordpress\/plugins\/seo\/ -->\n<title>Sv\u00e1jc - Eurotoll<\/title>\n<meta name=\"description\" content=\"K\u00f6zlekedjen az Eurotoll-al szabadon neh\u00e9z teherg\u00e9pj\u00e1rm\u0171veivel Sv\u00e1jcban \u00e9s Liechtensteinben\" \/>\n<meta name=\"robots\" content=\"index, follow, max-snippet:-1, max-image-preview:large, max-video-preview:-1\" \/>\n<link rel=\"canonical\" href=\"https:\/\/www.Eurotoll.eu\/hu\/ajanlatunk\/svajc\/\" \/>\n<meta property=\"og:locale\" content=\"hu_HU\" \/>\n<meta property=\"og:type\" content=\"article\" \/>\n<meta property=\"og:title\" content=\"Sv\u00e1jc\" \/>\n<meta property=\"og:description\" content=\"K\u00f6zlekedjen az Eurotoll-al szabadon neh\u00e9z teherg\u00e9pj\u00e1rm\u0171veivel Sv\u00e1jcban \u00e9s Liechtensteinben\" \/>\n<meta property=\"og:url\" content=\"https:\/\/www.Eurotoll.eu\/hu\/ajanlatunk\/svajc\/\" \/>\n<meta property=\"og:site_name\" content=\"Eurotoll\" \/>\n<meta property=\"article:modified_time\" content=\"2025-11-17T14:36:38+00:00\" \/>\n<meta name=\"twitter:card\" content=\"summary_large_image\" \/>\n<meta name=\"twitter:label1\" content=\"Becs\u00fclt olvas\u00e1si id\u0151\" \/>\n\t<meta name=\"twitter:data1\" content=\"2 perc\" \/>\n<script type=\"application\/ld+json\" class=\"yoast-schema-graph\">{\"@context\":\"https:\/\/schema.org\",\"@graph\":[{\"@type\":\"WebPage\",\"@id\":\"https:\/\/www.Eurotoll.eu\/hu\/ajanlatunk\/svajc\/\",\"url\":\"https:\/\/www.Eurotoll.eu\/hu\/ajanlatunk\/svajc\/\",\"name\":\"Sv\u00e1jc - Eurotoll\",\"isPartOf\":{\"@id\":\"https:\/\/www.Eurotoll.eu\/hu\/#website\"},\"datePublished\":\"2016-06-13T20:43:04+00:00\",\"dateModified\":\"2025-11-17T14:36:38+00:00\",\"description\":\"K\u00f6zlekedjen az Eurotoll-al szabadon neh\u00e9z teherg\u00e9pj\u00e1rm\u0171veivel Sv\u00e1jcban \u00e9s Liechtensteinben\",\"breadcrumb\":{\"@id\":\"https:\/\/www.Eurotoll.eu\/hu\/ajanlatunk\/svajc\/#breadcrumb\"},\"inLanguage\":\"hu\",\"potentialAction\":[{\"@type\":\"ReadAction\",\"target\":[\"https:\/\/www.Eurotoll.eu\/hu\/ajanlatunk\/svajc\/\"]}]},{\"@type\":\"BreadcrumbList\",\"@id\":\"https:\/\/www.Eurotoll.eu\/hu\/ajanlatunk\/svajc\/#breadcrumb\",\"itemListElement\":[{\"@type\":\"ListItem\",\"position\":1,\"name\":\"Accueil\",\"item\":\"https:\/\/www.Eurotoll.eu\/hu\/\"},{\"@type\":\"ListItem\",\"position\":2,\"name\":\"Aj\u00e1nlatunk\",\"item\":\"https:\/\/www.Eurotoll.eu\/hu\/ajanlatunk\/\"},{\"@type\":\"ListItem\",\"position\":3,\"name\":\"Sv\u00e1jc\"}]},{\"@type\":\"WebSite\",\"@id\":\"https:\/\/www.Eurotoll.eu\/hu\/#website\",\"url\":\"https:\/\/www.Eurotoll.eu\/hu\/\",\"name\":\"Eurotoll\",\"description\":\"Acteur cl\u00e9 du t\u00e9l\u00e9p\u00e9age en Europe\",\"potentialAction\":[{\"@type\":\"SearchAction\",\"target\":{\"@type\":\"EntryPoint\",\"urlTemplate\":\"https:\/\/www.Eurotoll.eu\/hu\/?s={search_term_string}\"},\"query-input\":{\"@type\":\"PropertyValueSpecification\",\"valueRequired\":true,\"valueName\":\"search_term_string\"}}],\"inLanguage\":\"hu\"}]}<\/script>\n<!-- \/ Yoast SEO Premium plugin. -->","yoast_head_json":{"title":"Sv\u00e1jc - Eurotoll","description":"K\u00f6zlekedjen az Eurotoll-al szabadon neh\u00e9z teherg\u00e9pj\u00e1rm\u0171veivel Sv\u00e1jcban \u00e9s Liechtensteinben","robots":{"index":"index","follow":"follow","max-snippet":"max-snippet:-1","max-image-preview":"max-image-preview:large","max-video-preview":"max-video-preview:-1"},"canonical":"https:\/\/www.Eurotoll.eu\/hu\/ajanlatunk\/svajc\/","og_locale":"hu_HU","og_type":"article","og_title":"Sv\u00e1jc","og_description":"K\u00f6zlekedjen az Eurotoll-al szabadon neh\u00e9z teherg\u00e9pj\u00e1rm\u0171veivel Sv\u00e1jcban \u00e9s Liechtensteinben","og_url":"https:\/\/www.Eurotoll.eu\/hu\/ajanlatunk\/svajc\/","og_site_name":"Eurotoll","article_modified_time":"2025-11-17T14:36:38+00:00","twitter_card":"summary_large_image","twitter_misc":{"Becs\u00fclt olvas\u00e1si id\u0151":"2 perc"},"schema":{"@context":"https:\/\/schema.org","@graph":[{"@type":"WebPage","@id":"https:\/\/www.Eurotoll.eu\/hu\/ajanlatunk\/svajc\/","url":"https:\/\/www.Eurotoll.eu\/hu\/ajanlatunk\/svajc\/","name":"Sv\u00e1jc - Eurotoll","isPartOf":{"@id":"https:\/\/www.Eurotoll.eu\/hu\/#website"},"datePublished":"2016-06-13T20:43:04+00:00","dateModified":"2025-11-17T14:36:38+00:00","description":"K\u00f6zlekedjen az Eurotoll-al szabadon neh\u00e9z teherg\u00e9pj\u00e1rm\u0171veivel Sv\u00e1jcban \u00e9s Liechtensteinben","breadcrumb":{"@id":"https:\/\/www.Eurotoll.eu\/hu\/ajanlatunk\/svajc\/#breadcrumb"},"inLanguage":"hu","potentialAction":[{"@type":"ReadAction","target":["https:\/\/www.Eurotoll.eu\/hu\/ajanlatunk\/svajc\/"]}]},{"@type":"BreadcrumbList","@id":"https:\/\/www.Eurotoll.eu\/hu\/ajanlatunk\/svajc\/#breadcrumb","itemListElement":[{"@type":"ListItem","position":1,"name":"Accueil","item":"https:\/\/www.Eurotoll.eu\/hu\/"},{"@type":"ListItem","position":2,"name":"Aj\u00e1nlatunk","item":"https:\/\/www.Eurotoll.eu\/hu\/ajanlatunk\/"},{"@type":"ListItem","position":3,"name":"Sv\u00e1jc"}]},{"@type":"WebSite","@id":"https:\/\/www.Eurotoll.eu\/hu\/#website","url":"https:\/\/www.Eurotoll.eu\/hu\/","name":"Eurotoll","description":"Acteur cl\u00e9 du t\u00e9l\u00e9p\u00e9age en Europe","potentialAction":[{"@type":"SearchAction","target":{"@type":"EntryPoint","urlTemplate":"https:\/\/www.Eurotoll.eu\/hu\/?s={search_term_string}"},"query-input":{"@type":"PropertyValueSpecification","valueRequired":true,"valueName":"search_term_string"}}],"inLanguage":"hu"}]}},"_links":{"self":[{"href":"https:\/\/www.Eurotoll.eu\/hu\/wp-json\/wp\/v2\/pages\/4818","targetHints":{"allow":["GET"]}}],"collection":[{"href":"https:\/\/www.Eurotoll.eu\/hu\/wp-json\/wp\/v2\/pages"}],"about":[{"href":"https:\/\/www.Eurotoll.eu\/hu\/wp-json\/wp\/v2\/types\/page"}],"author":[{"embeddable":true,"href":"https:\/\/www.Eurotoll.eu\/hu\/wp-json\/wp\/v2\/users\/23"}],"replies":[{"embeddable":true,"href":"https:\/\/www.Eurotoll.eu\/hu\/wp-json\/wp\/v2\/comments?post=4818"}],"version-history":[{"count":25,"href":"https:\/\/www.Eurotoll.eu\/hu\/wp-json\/wp\/v2\/pages\/4818\/revisions"}],"predecessor-version":[{"id":19474,"href":"https:\/\/www.Eurotoll.eu\/hu\/wp-json\/wp\/v2\/pages\/4818\/revisions\/19474"}],"up":[{"embeddable":true,"href":"https:\/\/www.Eurotoll.eu\/hu\/wp-json\/wp\/v2\/pages\/4749"}],"wp:attachment":[{"href":"https:\/\/www.Eurotoll.eu\/hu\/wp-json\/wp\/v2\/media?parent=4818"}],"curies":[{"name":"wp","href":"https:\/\/api.w.org\/{rel}","templated":true}]}}