{"id":14607,"date":"2023-09-13T17:36:42","date_gmt":"2023-09-13T15:36:42","guid":{"rendered":"https:\/\/www.Eurotoll.eu\/taryfa-oplaty-za-myto-w-niemczech\/"},"modified":"2023-09-18T10:32:10","modified_gmt":"2023-09-18T08:32:10","slug":"taryfa-oplaty-za-myto-w-niemczech","status":"publish","type":"page","link":"https:\/\/www.Eurotoll.eu\/pl\/taryfa-oplaty-za-myto-w-niemczech\/","title":{"rendered":"TARYFA OP\u0141ATY ZA MYTO W NIEMCZECH"},"content":{"rendered":"<p>[vc_row content_width=&#8221;grid&#8221; el_class=&#8221;padtop50 padbot50&#8243;][vc_column][vc_column_text]<\/p>\n<h2><span style=\"color: #035e7e;\"> Wa\u017cne informacje dotycz\u0105ce zmiany sposobu obliczania op\u0142at za myto w Niemczech<\/span><\/h2>\n<p>&nbsp;<\/p>\n<p>&nbsp;<\/p>\n<p style=\"font-style: inherit; font-weight: inherit;\"><span style=\"font-weight: inherit; font-style: inherit;\">Niemcy og\u0142osi\u0142y zmiany w sposobie obliczania op\u0142at za myto, obowi\u0105zuj\u0105ce od 1 grudnia 2023 roku (po zatwierdzeniu przez parlament).<\/span><\/p>\n<p>&nbsp;<\/p>\n<p>Zgodnie z dyrektyw\u0105 Unii Europejskiej 2022\/362, Niemcy wprowadz\u0105 podatek oparty na emisji CO2 do oblicze\u0144 op\u0142at za myto.<\/p>\n<p>&nbsp;<\/p>\n<p><strong>W wyniku tej zmiany spodziewa si\u0119 wzrostu koszt\u00f3w niemieckiego myta, kt\u00f3ry mo\u017ce si\u0119gn\u0105\u0107 nawet 80%..<\/strong><\/p>\n<p>[\/vc_column_text][\/vc_column][\/vc_row][vc_row content_width=&#8221;grid&#8221; el_class=&#8221;padtop50 padbot50&#8243; css=&#8221;.vc_custom_1693560120622{background-color: #035e7e !important;}&#8221;][vc_column][vc_column_text]<\/p>\n<h3 style=\"text-align: left;\"><span style=\"color: #ffffff;\">Dyrektywa UE 2022\/362<\/span><\/h3>\n<p>[\/vc_column_text][\/vc_column][\/vc_row][vc_row content_width=&#8221;grid&#8221; el_class=&#8221;padtop25 padbot50&#8243;][vc_column el_class=&#8221;padtop25&#8243;][vc_row_inner el_class=&#8221;padtop50&#8243;][vc_column_inner el_class=&#8221;padtop25&#8243;][vc_column_text]<img loading=\"lazy\" decoding=\"async\" class=\"alignnone wp-image-12556 \" src=\"https:\/\/www.Eurotoll.eu\/wp-content\/uploads\/2023\/06\/Light_blue_rgb-1.png\" alt=\"\" width=\"24\" height=\"24\" \/> Dyrektywa zosta\u0142a przyj\u0119ta przez Parlament Europejski i Rad\u0119 Unii Europejskiej w lutym 2022 roku.<\/p>\n<p>&nbsp;<\/p>\n<p><img loading=\"lazy\" decoding=\"async\" class=\"alignnone wp-image-12556 \" src=\"https:\/\/www.Eurotoll.eu\/wp-content\/uploads\/2023\/06\/Light_blue_rgb-1.png\" alt=\"\" width=\"24\" height=\"24\" \/> Ma na celu m.in. ograniczenie emisji gaz\u00f3w cieplarnianych pochodz\u0105cych z transportu drogowego.<\/p>\n<p>&nbsp;<\/p>\n<p><img loading=\"lazy\" decoding=\"async\" class=\"alignnone wp-image-12556 \" src=\"https:\/\/www.Eurotoll.eu\/wp-content\/uploads\/2023\/06\/Light_blue_rgb-1.png\" alt=\"\" width=\"24\" height=\"24\" \/> <strong>Aby promowa\u0107 flot\u0119 pojazd\u00f3w ci\u0119\u017carowych o ni\u017cszej emisji, dyrektywa zak\u0142ada zmienne op\u0142aty za myto w zale\u017cno\u015bci od emisji CO2 pojazdu.<\/strong><\/p>\n<p>&nbsp;<\/p>\n<p><img loading=\"lazy\" decoding=\"async\" class=\"alignnone wp-image-12556 \" src=\"https:\/\/www.Eurotoll.eu\/wp-content\/uploads\/2023\/06\/Light_blue_rgb-1.png\" alt=\"\" width=\"24\" height=\"24\" \/> Pa\u0144stwa cz\u0142onkowskie s\u0105 zobowi\u0105zane do przestrzegania tej dyrektywy do 25 marca 2024 roku.[\/vc_column_text][vc_empty_space height=&#8221;50px&#8221;]<a href=\"https:\/\/eur-lex.europa.eu\/legal-content\/PL\/TXT\/?uri=CELEX:32022L0362&#038;qid=1694619698749\" target=\"_blank\" style=\"color: #035e7e;border-color: #035e7e\" class=\"qodef-btn qodef-btn-small qodef-btn-outline qodef-btn-custom-border-hover qodef-btn-custom-hover-color qodef-btn-icon\" data-hover-color=\"#035e7e\" data-hover-border-color=\"#035e7e\" >\n        <span class=\"qodef-btn-text\">Zapoznaj si\u0119 z tre\u015bci\u0105 dyrektywy<\/span>\n    <span class=\"qodef-btn-text-icon\"><i class=\"qodef-icon-simple-line-icon icon-arrow-right-circle \" ><\/i><\/span>\n<\/a>[vc_empty_space height=&#8221;50px&#8221;][\/vc_column_inner][\/vc_row_inner][\/vc_column][\/vc_row][vc_row content_width=&#8221;grid&#8221; el_class=&#8221;padtop50 padbot50&#8243; css=&#8221;.vc_custom_1693560139781{background-color: #afca0b !important;}&#8221;][vc_column][vc_column_text]<\/p>\n<h3 style=\"text-align: left;\"><span style=\"color: #ffffff;\">Co si\u0119 zmienia<\/span><\/h3>\n<p>[\/vc_column_text][\/vc_column][\/vc_row][vc_row content_width=&#8221;grid&#8221; el_class=&#8221;padtop50&#8243;][vc_column width=&#8221;5\/6&#8243; el_class=&#8221;padtop25&#8243;][vc_column_text]<\/p>\n<h3><span style=\"color: #035e7e;\"> Obliczanie stawki myta w Niemczech b\u0119dzie uwzgl\u0119dnia\u0107 dwie g\u0142\u00f3wne zmiany:<\/span><\/h3>\n<p>&nbsp;<\/p>\n<p>&nbsp;<\/p>\n<p><img loading=\"lazy\" decoding=\"async\" class=\"wp-image-12272 alignnone\" src=\"https:\/\/www.Eurotoll.eu\/wp-content\/uploads\/2023\/06\/Light_green_rgb.png\" alt=\"\" width=\"23\" height=\"23\" \/>\u00a0<strong><span style=\"color: #afca0b;\"> Maksymalna dozwolona masa ca\u0142kowita technicznie (TPML) pojazdu lub masa F1<\/span><\/strong><\/p>\n<p>&nbsp;<\/p>\n<p>Masa pojazdu brana pod uwag\u0119 przy obliczaniu myta b\u0119dzie teraz mas\u0105 TPML lub mas\u0105 F1. Ta informacja jest obowi\u0105zkowa i powinna by\u0107 podana w karcie rejestracyjnej pojazdu.<br \/>\nJe\u015bli nie zostanie dostarczona do 30 listopada, niemieckie i austriackie sieci zostan\u0105 automatycznie dezaktywowane dla odpowiednich urz\u0105dze\u0144 OBUs.<\/p>\n<p>&nbsp;<\/p>\n<p><img loading=\"lazy\" decoding=\"async\" class=\"wp-image-12272 alignnone\" src=\"https:\/\/www.Eurotoll.eu\/wp-content\/uploads\/2023\/06\/Light_green_rgb.png\" alt=\"\" width=\"23\" height=\"23\" \/>\u00a0<strong><span style=\"color: #afca0b;\"> Klasa emisji CO2<\/span><\/strong><\/p>\n<p>&nbsp;<\/p>\n<p>Opr\u00f3cz istniej\u0105cych sk\u0142adnik\u00f3w op\u0142at, zostanie wprowadzony podatek oparty na klasie emisji CO2 pojazdu. Do okre\u015blenia klasy emisji CO2 pojazdu b\u0119d\u0105 brane pod uwag\u0119 czynniki takie jak emisje CO2 w g\/t-km i podgrupa pojazdu. Te informacje s\u0105 okre\u015blone w Za\u015bwiadczeniu o Zgodno\u015bci (COC) wydanym przez producenta. Je\u015bli nie b\u0119dzie mo\u017cna okre\u015bli\u0107 klasy emisji CO2, pojazd zostanie domy\u015blnie zaklasyfikowany do klasy emisji CO2 1. Tylko pojazdy zarejestrowane po raz pierwszy 1 lipca 2019 roku lub p\u00f3\u017aniej (i spe\u0142niaj\u0105ce normy Euro 6 lub EEV) mog\u0105 by\u0107 przypisane do bardziej korzystnej klasy emisji CO2.[\/vc_column_text][vc_empty_space height=&#8221;50px&#8221;]<a href=\"mailto:service.client@eurotoll.fr\" target=\"_self\" style=\"color: #ffffff;background-color: #24657c;border-color: #035e7e\" class=\"qodef-btn qodef-btn-small qodef-btn-outline qodef-btn-custom-hover-bg qodef-btn-custom-border-hover qodef-btn-custom-hover-color qodef-btn-icon\" data-hover-bg-color=\"#035e7e\" data-hover-color=\"#ffffff\" data-hover-border-color=\"#035e7e\" >\n        <span class=\"qodef-btn-text\">Skontaktuj si\u0119 z doradc\u0105 Eurotoll<\/span>\n    <span class=\"qodef-btn-text-icon\"><i class=\"qodef-icon-simple-line-icon icon-arrow-right-circle \" ><\/i><\/span>\n<\/a>[vc_empty_space height=&#8221;100px&#8221;][\/vc_column][\/vc_row][vc_row content_width=&#8221;grid&#8221; el_class=&#8221;padtop50 padbot50&#8243; css=&#8221;.vc_custom_1693470105809{background-color: #035e7e !important;}&#8221;][vc_column][vc_column_text]<\/p>\n<h3 style=\"text-align: left;\"><span style=\"color: #ffffff;\">Klasy emisji CO2<\/span><\/h3>\n<p>[\/vc_column_text][\/vc_column][\/vc_row][vc_row content_width=&#8221;grid&#8221; el_class=&#8221;padtop50&#8243;][vc_column width=&#8221;1\/2&#8243; el_class=&#8221;padtop25&#8243;][vc_column_text]<img loading=\"lazy\" decoding=\"async\" class=\"alignnone wp-image-12556 \" src=\"https:\/\/www.Eurotoll.eu\/wp-content\/uploads\/2023\/06\/Light_blue_rgb-1.png\" alt=\"\" width=\"24\" height=\"24\" \/>\u00a0Klasyfikacja emisji dwutlenku w\u0119gla zosta\u0142a ustalona w r\u00f3\u017cnych dyrektywach UE.<\/p>\n<p>&nbsp;<\/p>\n<p>&#8211;\u00a0<strong> Ka\u017cdy pojazd jest przypisywany do grupy lub podgrupy pojazd\u00f3w na podstawie konfiguracji podwozia, maksymalnej dozwolonej masy ca\u0142kowitej technicznie, konfiguracji osi, mocy silnika i typu kabiny.<\/strong><\/p>\n<p>&nbsp;<\/p>\n<p>&#8211;\u00a0 Limity emisji CO2 s\u0105 okre\u015blone dla ka\u017cdej podgrupy pojazd\u00f3w i zmniejszaj\u0105 si\u0119 co roku.<\/p>\n<p>&nbsp;<\/p>\n<p>&#8211;\u00a0 Klasyfikacja opiera si\u0119 na r\u00f3\u017cnicy mi\u0119dzy rzeczywistymi emisjami CO2 pojazdu a limitem jego podgrupy.[\/vc_column_text][\/vc_column][vc_column width=&#8221;1\/2&#8243;][vc_single_image image=&#8221;14469&#8243; img_size=&#8221;full&#8221; alignment=&#8221;center&#8221; onclick=&#8221;img_link_large&#8221; img_link_target=&#8221;_blank&#8221;][vc_column_text]<\/p>\n<p style=\"text-align: center;\"><em><span class=\"Y2IQFc\" lang=\"pl\">\u017ar\u00f3d\u0142o<\/span>: Telepass<\/em><\/p>\n<pre id=\"tw-target-text\" class=\"tw-data-text tw-text-large tw-ta\" dir=\"ltr\" data-placeholder=\"Traduction\"><\/pre>\n<p>[\/vc_column_text][vc_empty_space][vc_column_text]<\/p>\n<p style=\"text-align: center;\"><strong><span style=\"color: #afca0b;\">Aby sprawdzi\u0107 klas\u0119 emisji swojego pojazdu, <a href=\"https:\/\/www.toll-collect.de\/pl\/toll_collect\/rund_um_die_maut\/co2_emissionen\/co2_emissionen.html\" target=\"_blank\" rel=\"noopener\">kliknij tutaj.<\/a><\/span><\/strong><\/p>\n<p>[\/vc_column_text][\/vc_column][\/vc_row][vc_row content_width=&#8221;grid&#8221; el_class=&#8221;padtop25&#8243;][vc_column el_class=&#8221;padtop50&#8243;][vc_column_text]<img loading=\"lazy\" decoding=\"async\" class=\"alignnone wp-image-12556 \" src=\"https:\/\/www.Eurotoll.eu\/wp-content\/uploads\/2023\/06\/Light_blue_rgb-1.png\" alt=\"\" width=\"24\" height=\"24\" \/> <strong>Domy\u015blnie wszystkie pojazdy zostan\u0105 przypisane do klasy emisji CO2 1.<\/strong><\/p>\n<p>&nbsp;<\/p>\n<p><img loading=\"lazy\" decoding=\"async\" class=\"alignnone wp-image-12556 \" src=\"https:\/\/www.Eurotoll.eu\/wp-content\/uploads\/2023\/06\/Light_blue_rgb-1.png\" alt=\"\" width=\"24\" height=\"24\" \/> <strong> Pojazdy zarejestrowane po raz pierwszy 1 lipca 2019 roku lub p\u00f3\u017aniej (i spe\u0142niaj\u0105ce normy Euro 6 lub EEV) mog\u0105 by\u0107 przypisane do bardziej korzystnej klasy emisji CO2.[\/vc_column_text][vc_empty_space height=&#8221;100px&#8221;][\/vc_column][\/vc_row][vc_row content_width=&#8221;grid&#8221; el_class=&#8221;padtop50 padbot50&#8243; css=&#8221;.vc_custom_1693466375428{background-color: #afca0b !important;}&#8221;][vc_column][vc_column_text]<\/strong><\/p>\n<h3 style=\"text-align: left;\"><span style=\"color: #ffffff;\"> NOWA POLITYKA OP\u0141AT ZA MYTO W NIEMCZECH<br \/>\n<\/span><\/h3>\n<p>[\/vc_column_text][\/vc_column][\/vc_row][vc_row content_width=&#8221;grid&#8221; el_class=&#8221;padtop50&#8243;][vc_column width=&#8221;1\/2&#8243; el_class=&#8221;padtop25&#8243;][vc_column_text]<img loading=\"lazy\" decoding=\"async\" class=\"alignnone wp-image-12556 \" src=\"https:\/\/www.Eurotoll.eu\/wp-content\/uploads\/2023\/06\/Light_blue_rgb-1.png\" alt=\"\" width=\"24\" height=\"24\" \/> Pocz\u0105wszy od 1 grudnia, niemieckie ceny myta b\u0119d\u0105 zawiera\u0107 dodatkowe koszty oparte na klasie emisji CO2.<\/p>\n<p>&nbsp;<\/p>\n<p><img loading=\"lazy\" decoding=\"async\" class=\"alignnone wp-image-12556 \" src=\"https:\/\/www.Eurotoll.eu\/wp-content\/uploads\/2023\/06\/Light_blue_rgb-1.png\" alt=\"\" width=\"24\" height=\"24\" \/> Tabela cenowa przedstawiona powy\u017cej jest obecnie poddawana rewizji przez niemiecki parlament. Te op\u0142aty zostan\u0105 dodane do istniej\u0105cych stawek myta (w \u20ac\/km).[\/vc_column_text][vc_empty_space height=&#8221;64px&#8221;][\/vc_column][vc_column width=&#8221;1\/2&#8243;][vc_single_image image=&#8221;14484&#8243; img_size=&#8221;full&#8221; alignment=&#8221;center&#8221; onclick=&#8221;img_link_large&#8221; img_link_target=&#8221;_blank&#8221;][vc_column_text]<\/p>\n<p style=\"text-align: center;\"><em><span class=\"Y2IQFc\" lang=\"pl\">\u017ar\u00f3d\u0142o<\/span>: <a href=\"https:\/\/dserver.bundestag.de\/brd\/2023\/0270-23.pdf\" target=\"_blank\" rel=\"noopener\">Bundesrat 270\/23 Gesetzentwurf<\/a><\/em><\/p>\n<p>[\/vc_column_text][vc_empty_space height=&#8221;64px&#8221;][\/vc_column][\/vc_row][vc_row content_width=&#8221;grid&#8221; el_class=&#8221;padtop50 padbot50&#8243; css=&#8221;.vc_custom_1693564119206{background-color: #035e7e !important;}&#8221;][vc_column][vc_column_text]<\/p>\n<h3 style=\"text-align: left;\"><span style=\"color: #ffffff;\">Jaki b\u0119dzie wp\u0142yw na ca\u0142kowite koszty myta w Niemczech?<br \/>\n<\/span><\/h3>\n<p>[\/vc_column_text][\/vc_column][\/vc_row][vc_row content_width=&#8221;grid&#8221; el_class=&#8221;padtop50&#8243;][vc_column][vc_column_text]<\/p>\n<p style=\"text-align: center;\">Symulacja dla pojazdu o masie 8 ton, 5 osi, norma Euro 6*<\/p>\n<p>[\/vc_column_text][vc_single_image image=&#8221;14491&#8243; img_size=&#8221;full&#8221; alignment=&#8221;center&#8221; onclick=&#8221;img_link_large&#8221; img_link_target=&#8221;_blank&#8221;][vc_column_text]<\/p>\n<p style=\"text-align: center;\"><em> *Podlega zatwierdzeniu przez niemiecki parlament.<\/em><\/p>\n<p>[\/vc_column_text][vc_empty_space height=&#8221;64px&#8221;][\/vc_column][\/vc_row]<\/p>\n","protected":false},"excerpt":{"rendered":"<p>[vc_row content_width=&#8221;grid&#8221; el_class=&#8221;padtop50 padbot50&#8243;][vc_column][vc_column_text] Wa\u017cne informacje dotycz\u0105ce zmiany sposobu obliczania op\u0142at za myto w Niemczech &nbsp; &nbsp; Niemcy og\u0142osi\u0142y zmiany w&#8230;<\/p>\n","protected":false},"author":23,"featured_media":0,"parent":0,"menu_order":0,"comment_status":"closed","ping_status":"closed","template":"full-width.php","meta":{"footnotes":""},"class_list":["post-14607","page","type-page","status-publish","hentry"],"yoast_head":"<!-- This site is optimized with the Yoast SEO Premium plugin v26.7 (Yoast SEO v26.7) - https:\/\/yoast.com\/wordpress\/plugins\/seo\/ -->\n<title>TARYFA OP\u0141ATY ZA MYTO W NIEMCZECH - Eurotoll<\/title>\n<meta name=\"description\" content=\"Dzi\u0119ki Eurotoll mo\u017cesz podr\u00f3\u017cowa\u0107 spokojnie po 15 000 km dr\u00f3g w Niemczech. Eurotoll upraszcza zarz\u0105dzanie op\u0142atami drogowymi\" \/>\n<meta name=\"robots\" content=\"index, follow, max-snippet:-1, max-image-preview:large, max-video-preview:-1\" \/>\n<link rel=\"canonical\" href=\"https:\/\/www.Eurotoll.eu\/pl\/taryfa-oplaty-za-myto-w-niemczech\/\" \/>\n<meta property=\"og:locale\" content=\"pl_PL\" \/>\n<meta property=\"og:type\" content=\"article\" \/>\n<meta property=\"og:title\" content=\"TARYFA OP\u0141ATY ZA MYTO W NIEMCZECH\" \/>\n<meta property=\"og:description\" content=\"Dzi\u0119ki Eurotoll mo\u017cesz podr\u00f3\u017cowa\u0107 spokojnie po 15 000 km dr\u00f3g w Niemczech. Eurotoll upraszcza zarz\u0105dzanie op\u0142atami drogowymi\" \/>\n<meta property=\"og:url\" content=\"https:\/\/www.Eurotoll.eu\/pl\/taryfa-oplaty-za-myto-w-niemczech\/\" \/>\n<meta property=\"og:site_name\" content=\"Eurotoll\" \/>\n<meta property=\"article:modified_time\" content=\"2023-09-18T08:32:10+00:00\" \/>\n<meta property=\"og:image\" content=\"https:\/\/www.Eurotoll.eu\/wp-content\/uploads\/2023\/06\/Light_blue_rgb-1.png\" \/>\n<meta name=\"twitter:card\" content=\"summary_large_image\" \/>\n<meta name=\"twitter:label1\" content=\"Szacowany czas czytania\" \/>\n\t<meta name=\"twitter:data1\" content=\"5 minut\" \/>\n<script type=\"application\/ld+json\" class=\"yoast-schema-graph\">{\"@context\":\"https:\/\/schema.org\",\"@graph\":[{\"@type\":\"WebPage\",\"@id\":\"https:\/\/www.Eurotoll.eu\/pl\/taryfa-oplaty-za-myto-w-niemczech\/\",\"url\":\"https:\/\/www.Eurotoll.eu\/pl\/taryfa-oplaty-za-myto-w-niemczech\/\",\"name\":\"TARYFA OP\u0141ATY ZA MYTO W NIEMCZECH - Eurotoll\",\"isPartOf\":{\"@id\":\"https:\/\/www.Eurotoll.eu\/pl\/#website\"},\"primaryImageOfPage\":{\"@id\":\"https:\/\/www.Eurotoll.eu\/pl\/taryfa-oplaty-za-myto-w-niemczech\/#primaryimage\"},\"image\":{\"@id\":\"https:\/\/www.Eurotoll.eu\/pl\/taryfa-oplaty-za-myto-w-niemczech\/#primaryimage\"},\"thumbnailUrl\":\"https:\/\/www.Eurotoll.eu\/wp-content\/uploads\/2023\/06\/Light_blue_rgb-1.png\",\"datePublished\":\"2023-09-13T15:36:42+00:00\",\"dateModified\":\"2023-09-18T08:32:10+00:00\",\"description\":\"Dzi\u0119ki Eurotoll mo\u017cesz podr\u00f3\u017cowa\u0107 spokojnie po 15 000 km dr\u00f3g w Niemczech. Eurotoll upraszcza zarz\u0105dzanie op\u0142atami drogowymi\",\"breadcrumb\":{\"@id\":\"https:\/\/www.Eurotoll.eu\/pl\/taryfa-oplaty-za-myto-w-niemczech\/#breadcrumb\"},\"inLanguage\":\"pl-PL\",\"potentialAction\":[{\"@type\":\"ReadAction\",\"target\":[\"https:\/\/www.Eurotoll.eu\/pl\/taryfa-oplaty-za-myto-w-niemczech\/\"]}]},{\"@type\":\"ImageObject\",\"inLanguage\":\"pl-PL\",\"@id\":\"https:\/\/www.Eurotoll.eu\/pl\/taryfa-oplaty-za-myto-w-niemczech\/#primaryimage\",\"url\":\"https:\/\/www.Eurotoll.eu\/wp-content\/uploads\/2023\/06\/Light_blue_rgb-1.png\",\"contentUrl\":\"https:\/\/www.Eurotoll.eu\/wp-content\/uploads\/2023\/06\/Light_blue_rgb-1.png\"},{\"@type\":\"BreadcrumbList\",\"@id\":\"https:\/\/www.Eurotoll.eu\/pl\/taryfa-oplaty-za-myto-w-niemczech\/#breadcrumb\",\"itemListElement\":[{\"@type\":\"ListItem\",\"position\":1,\"name\":\"Accueil\",\"item\":\"https:\/\/www.Eurotoll.eu\/pl\/\"},{\"@type\":\"ListItem\",\"position\":2,\"name\":\"TARYFA OP\u0141ATY ZA MYTO W NIEMCZECH\"}]},{\"@type\":\"WebSite\",\"@id\":\"https:\/\/www.Eurotoll.eu\/pl\/#website\",\"url\":\"https:\/\/www.Eurotoll.eu\/pl\/\",\"name\":\"Eurotoll\",\"description\":\"Acteur cl\u00e9 du t\u00e9l\u00e9p\u00e9age en Europe\",\"potentialAction\":[{\"@type\":\"SearchAction\",\"target\":{\"@type\":\"EntryPoint\",\"urlTemplate\":\"https:\/\/www.Eurotoll.eu\/pl\/?s={search_term_string}\"},\"query-input\":{\"@type\":\"PropertyValueSpecification\",\"valueRequired\":true,\"valueName\":\"search_term_string\"}}],\"inLanguage\":\"pl-PL\"}]}<\/script>\n<!-- \/ Yoast SEO Premium plugin. -->","yoast_head_json":{"title":"TARYFA OP\u0141ATY ZA MYTO W NIEMCZECH - Eurotoll","description":"Dzi\u0119ki Eurotoll mo\u017cesz podr\u00f3\u017cowa\u0107 spokojnie po 15 000 km dr\u00f3g w Niemczech. Eurotoll upraszcza zarz\u0105dzanie op\u0142atami drogowymi","robots":{"index":"index","follow":"follow","max-snippet":"max-snippet:-1","max-image-preview":"max-image-preview:large","max-video-preview":"max-video-preview:-1"},"canonical":"https:\/\/www.Eurotoll.eu\/pl\/taryfa-oplaty-za-myto-w-niemczech\/","og_locale":"pl_PL","og_type":"article","og_title":"TARYFA OP\u0141ATY ZA MYTO W NIEMCZECH","og_description":"Dzi\u0119ki Eurotoll mo\u017cesz podr\u00f3\u017cowa\u0107 spokojnie po 15 000 km dr\u00f3g w Niemczech. Eurotoll upraszcza zarz\u0105dzanie op\u0142atami drogowymi","og_url":"https:\/\/www.Eurotoll.eu\/pl\/taryfa-oplaty-za-myto-w-niemczech\/","og_site_name":"Eurotoll","article_modified_time":"2023-09-18T08:32:10+00:00","og_image":[{"url":"https:\/\/www.Eurotoll.eu\/wp-content\/uploads\/2023\/06\/Light_blue_rgb-1.png","type":"","width":"","height":""}],"twitter_card":"summary_large_image","twitter_misc":{"Szacowany czas czytania":"5 minut"},"schema":{"@context":"https:\/\/schema.org","@graph":[{"@type":"WebPage","@id":"https:\/\/www.Eurotoll.eu\/pl\/taryfa-oplaty-za-myto-w-niemczech\/","url":"https:\/\/www.Eurotoll.eu\/pl\/taryfa-oplaty-za-myto-w-niemczech\/","name":"TARYFA OP\u0141ATY ZA MYTO W NIEMCZECH - Eurotoll","isPartOf":{"@id":"https:\/\/www.Eurotoll.eu\/pl\/#website"},"primaryImageOfPage":{"@id":"https:\/\/www.Eurotoll.eu\/pl\/taryfa-oplaty-za-myto-w-niemczech\/#primaryimage"},"image":{"@id":"https:\/\/www.Eurotoll.eu\/pl\/taryfa-oplaty-za-myto-w-niemczech\/#primaryimage"},"thumbnailUrl":"https:\/\/www.Eurotoll.eu\/wp-content\/uploads\/2023\/06\/Light_blue_rgb-1.png","datePublished":"2023-09-13T15:36:42+00:00","dateModified":"2023-09-18T08:32:10+00:00","description":"Dzi\u0119ki Eurotoll mo\u017cesz podr\u00f3\u017cowa\u0107 spokojnie po 15 000 km dr\u00f3g w Niemczech. Eurotoll upraszcza zarz\u0105dzanie op\u0142atami drogowymi","breadcrumb":{"@id":"https:\/\/www.Eurotoll.eu\/pl\/taryfa-oplaty-za-myto-w-niemczech\/#breadcrumb"},"inLanguage":"pl-PL","potentialAction":[{"@type":"ReadAction","target":["https:\/\/www.Eurotoll.eu\/pl\/taryfa-oplaty-za-myto-w-niemczech\/"]}]},{"@type":"ImageObject","inLanguage":"pl-PL","@id":"https:\/\/www.Eurotoll.eu\/pl\/taryfa-oplaty-za-myto-w-niemczech\/#primaryimage","url":"https:\/\/www.Eurotoll.eu\/wp-content\/uploads\/2023\/06\/Light_blue_rgb-1.png","contentUrl":"https:\/\/www.Eurotoll.eu\/wp-content\/uploads\/2023\/06\/Light_blue_rgb-1.png"},{"@type":"BreadcrumbList","@id":"https:\/\/www.Eurotoll.eu\/pl\/taryfa-oplaty-za-myto-w-niemczech\/#breadcrumb","itemListElement":[{"@type":"ListItem","position":1,"name":"Accueil","item":"https:\/\/www.Eurotoll.eu\/pl\/"},{"@type":"ListItem","position":2,"name":"TARYFA OP\u0141ATY ZA MYTO W NIEMCZECH"}]},{"@type":"WebSite","@id":"https:\/\/www.Eurotoll.eu\/pl\/#website","url":"https:\/\/www.Eurotoll.eu\/pl\/","name":"Eurotoll","description":"Acteur cl\u00e9 du t\u00e9l\u00e9p\u00e9age en Europe","potentialAction":[{"@type":"SearchAction","target":{"@type":"EntryPoint","urlTemplate":"https:\/\/www.Eurotoll.eu\/pl\/?s={search_term_string}"},"query-input":{"@type":"PropertyValueSpecification","valueRequired":true,"valueName":"search_term_string"}}],"inLanguage":"pl-PL"}]}},"_links":{"self":[{"href":"https:\/\/www.Eurotoll.eu\/pl\/wp-json\/wp\/v2\/pages\/14607","targetHints":{"allow":["GET"]}}],"collection":[{"href":"https:\/\/www.Eurotoll.eu\/pl\/wp-json\/wp\/v2\/pages"}],"about":[{"href":"https:\/\/www.Eurotoll.eu\/pl\/wp-json\/wp\/v2\/types\/page"}],"author":[{"embeddable":true,"href":"https:\/\/www.Eurotoll.eu\/pl\/wp-json\/wp\/v2\/users\/23"}],"replies":[{"embeddable":true,"href":"https:\/\/www.Eurotoll.eu\/pl\/wp-json\/wp\/v2\/comments?post=14607"}],"version-history":[{"count":3,"href":"https:\/\/www.Eurotoll.eu\/pl\/wp-json\/wp\/v2\/pages\/14607\/revisions"}],"predecessor-version":[{"id":14612,"href":"https:\/\/www.Eurotoll.eu\/pl\/wp-json\/wp\/v2\/pages\/14607\/revisions\/14612"}],"wp:attachment":[{"href":"https:\/\/www.Eurotoll.eu\/pl\/wp-json\/wp\/v2\/media?parent=14607"}],"curies":[{"name":"wp","href":"https:\/\/api.w.org\/{rel}","templated":true}]}}