{"id":5104,"date":"2016-08-19T16:29:25","date_gmt":"2016-08-19T14:29:25","guid":{"rendered":"http:\/\/80.75.152.85\/pl\/?page_id=5104"},"modified":"2025-11-17T16:20:20","modified_gmt":"2025-11-17T15:20:20","slug":"niemcy","status":"publish","type":"page","link":"https:\/\/www.Eurotoll.eu\/pl\/nasza-oferta\/niemcy\/","title":{"rendered":"Niemcy"},"content":{"rendered":"<p>[vc_row content_width=&#8221;grid&#8221; el_class=&#8221;padtop50 padbot50&#8243;][vc_column][vc_column_text]<\/p>\n<h2><span style=\"color: #035e7e;\">System poboru op\u0142at w Niemczech<br \/>\n<\/span><\/h2>\n<p>&nbsp;<\/p>\n<p>Wszystkie pojazdy powy\u017cej 7,5 t poruszaj\u0105ce sie po autostradach niemieckich oraz po drogach federalnych zobowi\u0105zane s\u0105 do ponoszenia op\u0142aty drogowej.\u00a0 Op\u0142ata jest naliczana w systemie &#8222;free-flow&#8221;, kt\u00f3ry nalicza myto bez zatrzymywania pojazd\u00f3w[\/vc_column_text][vc_empty_space height=&#8221;50px&#8221;]<a href=\"https:\/\/eurotoll.eu\/pl\/taryfa-oplaty-za-myto-w-niemczech\/\" target=\"_blank\" style=\"color: #afca0b;border-color: #afca0b\" class=\"qodef-btn qodef-btn-small qodef-btn-outline qodef-btn-custom-border-hover qodef-btn-custom-hover-color qodef-btn-icon\" data-hover-color=\"#afca0b\" data-hover-border-color=\"#afca0b\" >\n        <span class=\"qodef-btn-text\">Nowy cennik op\u0142at drogowych od 1 grudnia 2023 r<\/span>\n    <span class=\"qodef-btn-text-icon\"><i class=\"qodef-icon-simple-line-icon icon-arrow-right-circle \" ><\/i><\/span>\n<\/a>[vc_row_inner el_class=&#8221;padtop50&#8243;][vc_column_inner][vc_column_text]<\/p>\n<h3><span style=\"color: #035e7e;\">Wysoko\u015b\u0107 op\u0142aty drogowej jest uzale\u017cniona od:<br \/>\n<\/span><\/h3>\n<p>&nbsp;<\/p>\n<ul>\n<li>liczby kilometr\u00f3w przejechanych na obszarze obj\u0119tym op\u0142at\u0105,<\/li>\n<li>liczby osi pojazdu,<\/li>\n<li>klasy emisji spalin.<\/li>\n<\/ul>\n<p>[\/vc_column_text][vc_empty_space height=&#8221;50px&#8221;]<a href=\"https:\/\/www.toll-collect.de\/pl\/toll_collect\/bezahlen\/maut_tarife\/maut_tarife.html\" target=\"_blank\" style=\"color: #afca0b;border-color: #afca0b\" class=\"qodef-btn qodef-btn-small qodef-btn-outline qodef-btn-custom-border-hover qodef-btn-custom-hover-color qodef-btn-icon\" data-hover-color=\"#afca0b\" data-hover-border-color=\"#afca0b\" >\n        <span class=\"qodef-btn-text\">Taryfy op\u0142at drogowych<\/span>\n    <span class=\"qodef-btn-text-icon\"><i class=\"qodef-icon-simple-line-icon icon-arrow-right-circle \" ><\/i><\/span>\n<\/a>[\/vc_column_inner][\/vc_row_inner][vc_row_inner el_class=&#8221;padtop50&#8243;][vc_column_inner][vc_column_text]<\/p>\n<h3><span style=\"color: #035e7e;\">Eurotoll u\u0142atwia Ci zarz\u0105dzanie op\u0142atami drogowymi<br \/>\n<\/span><\/h3>\n<p>&nbsp;<\/p>\n<p><span data-sheets-userformat=\"{&quot;2&quot;:15169,&quot;3&quot;:{&quot;1&quot;:0},&quot;9&quot;:0,&quot;11&quot;:4,&quot;12&quot;:0,&quot;14&quot;:{&quot;1&quot;:2,&quot;2&quot;:255},&quot;15&quot;:&quot;Calibri&quot;,&quot;16&quot;:12}\" data-sheets-value=\"{&quot;1&quot;:2,&quot;2&quot;:&quot;Vous \\u00eates factur\\u00e9s de vos trajets en Allemagne directement sur votre facture eurotoll.&quot;}\"><span data-sheets-userformat=\"{&quot;2&quot;:15169,&quot;3&quot;:{&quot;1&quot;:0},&quot;9&quot;:0,&quot;11&quot;:4,&quot;12&quot;:0,&quot;14&quot;:{&quot;1&quot;:2,&quot;2&quot;:255},&quot;15&quot;:&quot;Calibri&quot;,&quot;16&quot;:12}\" data-sheets-value=\"{&quot;1&quot;:2,&quot;2&quot;:&quot;eurotoll se charge de votre enregistrement chez Toll Collect quel que soit le mode d\\u2019acquittement:&quot;}\">Za przejazdy po Niemczech jeste\u015b fakturowany bezpo\u015brednio przez Lumesia. Lumesia zarejestruje Ci\u0119 w TollCollect niezale\u017cnie od sposobu op\u0142acania myta:<\/span><\/span><\/p>\n<p>&nbsp;<\/p>\n<ul>\n<li>w spos\u00f3b automatyczny \u2013 pojazd jest wysposa\u017cony w trwa\u0142e urz\u0105dzenie satelitarne<br \/>\n<a href=\"https:\/\/www.toll-collect.de\/fr\/toll_collect\/service\/servicepartner_finden\/servicepartnerfinden.html\">Lista autoryzowanych warsztat\u00f3w<\/a><\/li>\n<li>w spos\u00f3b r\u0119czny \u2013 poprzez zadeklarowanie w internecie planowanej trasy przejazdu. Kierowca otrzymuje pokwitowanie, kt\u00f3re okazuje w przypadku kontroli.<\/li>\n<\/ul>\n<p>&nbsp;<\/p>\n<h3><span style=\"color: #035e7e;\">Kontrola:<\/span><\/h3>\n<p>&nbsp;<\/p>\n<p><span data-sheets-userformat=\"{&quot;2&quot;:15169,&quot;3&quot;:{&quot;1&quot;:0},&quot;9&quot;:0,&quot;11&quot;:4,&quot;12&quot;:0,&quot;14&quot;:{&quot;1&quot;:2,&quot;2&quot;:255},&quot;15&quot;:&quot;Calibri&quot;,&quot;16&quot;:12}\" data-sheets-value=\"{&quot;1&quot;:2,&quot;2&quot;:&quot;Il est effectu\\u00e9 par la Direction f\\u00e9d\\u00e9rale du transport de marchandises (BAG). Les contr\\u00f4les sont r\\u00e9alis\\u00e9s :&quot;}\">Kontroli dokonuje Federalny Urz\u0105d Transportu Towarowego (BAG). Kontrole s\u0105 przeprowadzane:<\/span><\/p>\n<p>&nbsp;<\/p>\n<ul>\n<li><span data-sheets-userformat=\"{&quot;2&quot;:15169,&quot;3&quot;:{&quot;1&quot;:0},&quot;9&quot;:0,&quot;11&quot;:4,&quot;12&quot;:0,&quot;14&quot;:{&quot;1&quot;:2,&quot;2&quot;:255},&quot;15&quot;:&quot;Calibri&quot;,&quot;16&quot;:12}\" data-sheets-value=\"{&quot;1&quot;:2,&quot;2&quot;:&quot;- de mani\\u00e8re automatique via 300 portiques de contr\\u00f4les fixes&quot;}\">w spos\u00f3b automatyczny za pomoc\u0105 300 zainstalowanych na sta\u0142e portyk\u00f3w<\/span><\/li>\n<li><span data-sheets-userformat=\"{&quot;2&quot;:15169,&quot;3&quot;:{&quot;1&quot;:0},&quot;9&quot;:0,&quot;11&quot;:4,&quot;12&quot;:0,&quot;14&quot;:{&quot;1&quot;:2,&quot;2&quot;:255},&quot;15&quot;:&quot;Calibri&quot;,&quot;16&quot;:12}\" data-sheets-value=\"{&quot;1&quot;:2,&quot;2&quot;:&quot;- par l\\u2019\\u00e9quipe mobile de la BAG. Les contr\\u00f4les peuvent \\u00eatre effectu\\u00e9s sur les aires de stationnement et via 300 v\\u00e9hicules qui se d\\u00e9placent sur tout le territoire.&quot;}\">przez mobilne za\u0142ogi Federalnego Urz\u0119du Transportu Towarowego (BAG). Kontrole mog\u0105 by\u0107 dokonywane na parkingach oraz za pomoc\u0105 300 pojazd\u00f3w poruszaj\u0105cych si\u0119 po ca\u0142ych Niemczech<\/span><\/li>\n<\/ul>\n<p>&nbsp;<\/p>\n<p><span data-sheets-userformat=\"{&quot;2&quot;:15169,&quot;3&quot;:{&quot;1&quot;:0},&quot;9&quot;:0,&quot;11&quot;:4,&quot;12&quot;:0,&quot;14&quot;:{&quot;1&quot;:2,&quot;2&quot;:255},&quot;15&quot;:&quot;Calibri&quot;,&quot;16&quot;:12}\" data-sheets-value=\"{&quot;1&quot;:2,&quot;2&quot;:&quot;Si vous circulez \\u00e9galement en Autriche contactez nous (lien vers service.client@eurotoll.fr)&quot;}\"><a href=\"mailto:service.client@eurotoll.fr\">Skontaktuj si\u0119 z nami<\/a>, je\u015bli je\u017adzisz r\u00f3wnie\u017c po Austrii <\/span>[\/vc_column_text][vc_empty_space height=&#8221;50px&#8221;]<a href=\"mailto:bok@lumesia.com\" target=\"_self\" style=\"color: #ffffff;background-color: #afca0b;border-color: #afca0b\" class=\"qodef-btn qodef-btn-small qodef-btn-outline qodef-btn-custom-hover-bg qodef-btn-custom-border-hover qodef-btn-custom-hover-color qodef-btn-icon\" data-hover-bg-color=\"#afca0b\" data-hover-color=\"#ffffff\" data-hover-border-color=\"#afca0b\" >\n        <span class=\"qodef-btn-text\">Zapisz si\u0119 na abonament<\/span>\n    <span class=\"qodef-btn-text-icon\"><i class=\"qodef-icon-simple-line-icon icon-arrow-right-circle \" ><\/i><\/span>\n<\/a>[\/vc_column_inner][\/vc_row_inner][\/vc_column][\/vc_row][vc_row el_class=&#8221;spepadleft white&#8221; css=&#8221;.vc_custom_1695026901874{background-color: #035e7e !important;}&#8221; el_id=&#8221;plus-service-eurotoll&#8221;][vc_column width=&#8221;2\/3&#8243; el_class=&#8221;padtop50 padbot50&#8243;][vc_column_text]<\/p>\n<h4><strong>Dodatkowe us\u0142ugi Lumesia plus<\/strong><\/h4>\n<p>&nbsp;<\/p>\n<ul>\n<li>Optymalizacja koszt\u00f3w op\u0142at drogowych<\/li>\n<li>\u015aledzenie twojej dzia\u0142alno\u015bci poprzez indywidualnie dobrane zestawienia tabelaryczne<\/li>\n<li>Kontrola poruszania si\u0119 po drogach p\u0142atnych w rozbiciu na pojazdy lub na kierowc\u00f3w<\/li>\n<li>Skrojona na miar\u0119 potrzeb raporty w rozbiciu na cz\u0119\u015bci floty, klient\u00f3w, u\u017cytkownik\u00f3w, itp..<\/li>\n<li>Automatyczna integracja danych zwi\u0105zanych z op\u0142atami drogowymi do formatu narz\u0119dzi specjalistycznych (TMS, ERP lub Excel)<\/li>\n<\/ul>\n<p>[\/vc_column_text][vc_empty_space]<a href=\"\/wp-content\/uploads\/2016\/06\/Reseau_Allemagne.pdf\" target=\"_blank\" style=\"color: #ffffff\" class=\"qodef-btn qodef-btn-medium qodef-btn-default qodef-btn-custom-hover-color qodef-btn-icon\" data-hover-color=\"#ffffff\" >\n        <span class=\"qodef-btn-text\">Mapa dr\u00f3g w Niemczech<\/span>\n    <span class=\"qodef-btn-text-icon\"><i class=\"qodef-icon-font-awesome fa fa-download \" ><\/i><\/span>\n<\/a>[\/vc_column][vc_column width=&#8221;1\/3&#8243;][vc_single_image image=&#8221;14632&#8243; img_size=&#8221;full&#8221; alignment=&#8221;right&#8221;][\/vc_column][\/vc_row][vc_row content_width=&#8221;grid&#8221; content_aligment=&#8221;center&#8221; css=&#8221;.vc_custom_1760348835116{background-color: #afca0b !important;}&#8221; el_class=&#8221;padtop50 padbot50&#8243;][vc_column][vc_empty_space height=&#8221;15px&#8221;][vc_column_text css=&#8221;.vc_custom_1760347165486{padding-right: 10px !important;padding-left: 10px !important;}&#8221;]<\/p>\n<h3 style=\"text-align: center;\"><span style=\"color: #035e7e;\">W celu uzyskania dalszych informacji nasz dzia\u0142 obs\u0142ugi klienta pozostaje do Pa\u0144stwa dyspozycji.<\/span><\/h3>\n<p>[\/vc_column_text][vc_empty_space]<a href=\"mailto:bok@lumesia.com\" target=\"_self\" style=\"color: #035e7e;border-color: #035e7e;margin: 10\" class=\"qodef-btn qodef-btn-small qodef-btn-outline qodef-btn-icon\"  >\n        <span class=\"qodef-btn-text\">Skontaktuj si\u0119 z nami<\/span>\n    <span class=\"qodef-btn-text-icon\"><i class=\"qodef-icon-simple-line-icon icon-arrow-right \" ><\/i><\/span>\n<\/a>[\/vc_column][\/vc_row]<\/p>\n","protected":false},"excerpt":{"rendered":"<p>[vc_row content_width=&#8221;grid&#8221; el_class=&#8221;padtop50 padbot50&#8243;][vc_column][vc_column_text] System poboru op\u0142at w Niemczech &nbsp; Wszystkie pojazdy powy\u017cej 7,5 t poruszaj\u0105ce sie po autostradach niemieckich oraz&#8230;<\/p>\n","protected":false},"author":23,"featured_media":0,"parent":3859,"menu_order":0,"comment_status":"closed","ping_status":"closed","template":"full-width.php","meta":{"footnotes":""},"class_list":["post-5104","page","type-page","status-publish","hentry"],"yoast_head":"<!-- This site is optimized with the Yoast SEO Premium plugin v26.7 (Yoast SEO v26.7) - https:\/\/yoast.com\/wordpress\/plugins\/seo\/ -->\n<title>Niemcy - Eurotoll<\/title>\n<meta name=\"robots\" content=\"index, follow, max-snippet:-1, max-image-preview:large, max-video-preview:-1\" \/>\n<link rel=\"canonical\" href=\"https:\/\/www.Eurotoll.eu\/pl\/nasza-oferta\/niemcy\/\" \/>\n<meta property=\"og:locale\" content=\"pl_PL\" \/>\n<meta property=\"og:type\" content=\"article\" \/>\n<meta property=\"og:title\" content=\"Niemcy\" \/>\n<meta property=\"og:description\" content=\"[vc_row content_width=&#8221;grid&#8221; el_class=&#8221;padtop50 padbot50&#8243;][vc_column][vc_column_text] System poboru op\u0142at w Niemczech &nbsp; Wszystkie pojazdy powy\u017cej 7,5 t poruszaj\u0105ce sie po autostradach niemieckich oraz...\" \/>\n<meta property=\"og:url\" content=\"https:\/\/www.Eurotoll.eu\/pl\/nasza-oferta\/niemcy\/\" \/>\n<meta property=\"og:site_name\" content=\"Eurotoll\" \/>\n<meta property=\"article:modified_time\" content=\"2025-11-17T15:20:20+00:00\" \/>\n<meta name=\"twitter:card\" content=\"summary_large_image\" \/>\n<meta name=\"twitter:label1\" content=\"Szacowany czas czytania\" \/>\n\t<meta name=\"twitter:data1\" content=\"2 minuty\" \/>\n<script type=\"application\/ld+json\" class=\"yoast-schema-graph\">{\"@context\":\"https:\/\/schema.org\",\"@graph\":[{\"@type\":\"WebPage\",\"@id\":\"https:\/\/www.Eurotoll.eu\/pl\/nasza-oferta\/niemcy\/\",\"url\":\"https:\/\/www.Eurotoll.eu\/pl\/nasza-oferta\/niemcy\/\",\"name\":\"Niemcy - Eurotoll\",\"isPartOf\":{\"@id\":\"https:\/\/www.Eurotoll.eu\/pl\/#website\"},\"datePublished\":\"2016-08-19T14:29:25+00:00\",\"dateModified\":\"2025-11-17T15:20:20+00:00\",\"breadcrumb\":{\"@id\":\"https:\/\/www.Eurotoll.eu\/pl\/nasza-oferta\/niemcy\/#breadcrumb\"},\"inLanguage\":\"pl-PL\",\"potentialAction\":[{\"@type\":\"ReadAction\",\"target\":[\"https:\/\/www.Eurotoll.eu\/pl\/nasza-oferta\/niemcy\/\"]}]},{\"@type\":\"BreadcrumbList\",\"@id\":\"https:\/\/www.Eurotoll.eu\/pl\/nasza-oferta\/niemcy\/#breadcrumb\",\"itemListElement\":[{\"@type\":\"ListItem\",\"position\":1,\"name\":\"Accueil\",\"item\":\"https:\/\/www.Eurotoll.eu\/pl\/\"},{\"@type\":\"ListItem\",\"position\":2,\"name\":\"Nasza oferta\",\"item\":\"https:\/\/www.Eurotoll.eu\/pl\/nasza-oferta\/\"},{\"@type\":\"ListItem\",\"position\":3,\"name\":\"Niemcy\"}]},{\"@type\":\"WebSite\",\"@id\":\"https:\/\/www.Eurotoll.eu\/pl\/#website\",\"url\":\"https:\/\/www.Eurotoll.eu\/pl\/\",\"name\":\"Eurotoll\",\"description\":\"Acteur cl\u00e9 du t\u00e9l\u00e9p\u00e9age en Europe\",\"potentialAction\":[{\"@type\":\"SearchAction\",\"target\":{\"@type\":\"EntryPoint\",\"urlTemplate\":\"https:\/\/www.Eurotoll.eu\/pl\/?s={search_term_string}\"},\"query-input\":{\"@type\":\"PropertyValueSpecification\",\"valueRequired\":true,\"valueName\":\"search_term_string\"}}],\"inLanguage\":\"pl-PL\"}]}<\/script>\n<!-- \/ Yoast SEO Premium plugin. -->","yoast_head_json":{"title":"Niemcy - Eurotoll","robots":{"index":"index","follow":"follow","max-snippet":"max-snippet:-1","max-image-preview":"max-image-preview:large","max-video-preview":"max-video-preview:-1"},"canonical":"https:\/\/www.Eurotoll.eu\/pl\/nasza-oferta\/niemcy\/","og_locale":"pl_PL","og_type":"article","og_title":"Niemcy","og_description":"[vc_row content_width=&#8221;grid&#8221; el_class=&#8221;padtop50 padbot50&#8243;][vc_column][vc_column_text] System poboru op\u0142at w Niemczech &nbsp; Wszystkie pojazdy powy\u017cej 7,5 t poruszaj\u0105ce sie po autostradach niemieckich oraz...","og_url":"https:\/\/www.Eurotoll.eu\/pl\/nasza-oferta\/niemcy\/","og_site_name":"Eurotoll","article_modified_time":"2025-11-17T15:20:20+00:00","twitter_card":"summary_large_image","twitter_misc":{"Szacowany czas czytania":"2 minuty"},"schema":{"@context":"https:\/\/schema.org","@graph":[{"@type":"WebPage","@id":"https:\/\/www.Eurotoll.eu\/pl\/nasza-oferta\/niemcy\/","url":"https:\/\/www.Eurotoll.eu\/pl\/nasza-oferta\/niemcy\/","name":"Niemcy - Eurotoll","isPartOf":{"@id":"https:\/\/www.Eurotoll.eu\/pl\/#website"},"datePublished":"2016-08-19T14:29:25+00:00","dateModified":"2025-11-17T15:20:20+00:00","breadcrumb":{"@id":"https:\/\/www.Eurotoll.eu\/pl\/nasza-oferta\/niemcy\/#breadcrumb"},"inLanguage":"pl-PL","potentialAction":[{"@type":"ReadAction","target":["https:\/\/www.Eurotoll.eu\/pl\/nasza-oferta\/niemcy\/"]}]},{"@type":"BreadcrumbList","@id":"https:\/\/www.Eurotoll.eu\/pl\/nasza-oferta\/niemcy\/#breadcrumb","itemListElement":[{"@type":"ListItem","position":1,"name":"Accueil","item":"https:\/\/www.Eurotoll.eu\/pl\/"},{"@type":"ListItem","position":2,"name":"Nasza oferta","item":"https:\/\/www.Eurotoll.eu\/pl\/nasza-oferta\/"},{"@type":"ListItem","position":3,"name":"Niemcy"}]},{"@type":"WebSite","@id":"https:\/\/www.Eurotoll.eu\/pl\/#website","url":"https:\/\/www.Eurotoll.eu\/pl\/","name":"Eurotoll","description":"Acteur cl\u00e9 du t\u00e9l\u00e9p\u00e9age en Europe","potentialAction":[{"@type":"SearchAction","target":{"@type":"EntryPoint","urlTemplate":"https:\/\/www.Eurotoll.eu\/pl\/?s={search_term_string}"},"query-input":{"@type":"PropertyValueSpecification","valueRequired":true,"valueName":"search_term_string"}}],"inLanguage":"pl-PL"}]}},"_links":{"self":[{"href":"https:\/\/www.Eurotoll.eu\/pl\/wp-json\/wp\/v2\/pages\/5104","targetHints":{"allow":["GET"]}}],"collection":[{"href":"https:\/\/www.Eurotoll.eu\/pl\/wp-json\/wp\/v2\/pages"}],"about":[{"href":"https:\/\/www.Eurotoll.eu\/pl\/wp-json\/wp\/v2\/types\/page"}],"author":[{"embeddable":true,"href":"https:\/\/www.Eurotoll.eu\/pl\/wp-json\/wp\/v2\/users\/23"}],"replies":[{"embeddable":true,"href":"https:\/\/www.Eurotoll.eu\/pl\/wp-json\/wp\/v2\/comments?post=5104"}],"version-history":[{"count":23,"href":"https:\/\/www.Eurotoll.eu\/pl\/wp-json\/wp\/v2\/pages\/5104\/revisions"}],"predecessor-version":[{"id":19506,"href":"https:\/\/www.Eurotoll.eu\/pl\/wp-json\/wp\/v2\/pages\/5104\/revisions\/19506"}],"up":[{"embeddable":true,"href":"https:\/\/www.Eurotoll.eu\/pl\/wp-json\/wp\/v2\/pages\/3859"}],"wp:attachment":[{"href":"https:\/\/www.Eurotoll.eu\/pl\/wp-json\/wp\/v2\/media?parent=5104"}],"curies":[{"name":"wp","href":"https:\/\/api.w.org\/{rel}","templated":true}]}}